{"id":9724,"date":"2025-04-24T10:50:20","date_gmt":"2025-04-24T08:50:20","guid":{"rendered":"https:\/\/nuestrocarisma.org\/?page_id=9724"},"modified":"2025-04-29T11:24:51","modified_gmt":"2025-04-29T09:24:51","slug":"hermanas","status":"publish","type":"page","link":"https:\/\/nuestrocarisma.org\/index.php\/hermanas\/","title":{"rendered":"Hermanas"},"content":{"rendered":"\t\t<div data-elementor-type=\"wp-page\" data-elementor-id=\"9724\" class=\"elementor elementor-9724\" data-elementor-post-type=\"page\">\n\t\t\t\t\t\t<section class=\"elementor-section elementor-top-section elementor-element elementor-element-1de507f elementor-section-boxed elementor-section-height-default elementor-section-height-default\" data-id=\"1de507f\" data-element_type=\"section\" data-e-type=\"section\" data-settings=\"{&quot;background_background&quot;:&quot;classic&quot;}\">\n\t\t\t\t\t\t\t<div class=\"elementor-background-overlay\"><\/div>\n\t\t\t\t\t\t\t<div class=\"elementor-container elementor-column-gap-default\">\n\t\t\t\t\t<div class=\"elementor-column elementor-col-100 elementor-top-column elementor-element elementor-element-927184e\" data-id=\"927184e\" data-element_type=\"column\" data-e-type=\"column\">\n\t\t\t<div class=\"elementor-widget-wrap elementor-element-populated\">\n\t\t\t\t\t\t<div class=\"elementor-element elementor-element-d54124b elementor-widget elementor-widget-heading\" data-id=\"d54124b\" data-element_type=\"widget\" data-e-type=\"widget\" data-widget_type=\"heading.default\">\n\t\t\t\t<div class=\"elementor-widget-container\">\n\t\t\t\t\t<h1 class=\"elementor-heading-title elementor-size-default\">Hermanas<\/h1>\t\t\t\t<\/div>\n\t\t\t\t<\/div>\n\t\t\t\t\t<\/div>\n\t\t<\/div>\n\t\t\t\t\t<\/div>\n\t\t<\/section>\n\t\t\t\t<section class=\"elementor-section elementor-top-section elementor-element elementor-element-0955aba elementor-section-boxed elementor-section-height-default elementor-section-height-default\" data-id=\"0955aba\" data-element_type=\"section\" data-e-type=\"section\">\n\t\t\t\t\t\t<div class=\"elementor-container elementor-column-gap-default\">\n\t\t\t\t\t<div class=\"elementor-column elementor-col-100 elementor-top-column elementor-element elementor-element-3544c5e\" data-id=\"3544c5e\" data-element_type=\"column\" data-e-type=\"column\">\n\t\t\t<div class=\"elementor-widget-wrap elementor-element-populated\">\n\t\t\t\t\t\t<div class=\"elementor-element elementor-element-668e43d elementor-grid-3 elementor-grid-tablet-2 elementor-grid-mobile-1 elementor-posts--thumbnail-top elementor-card-shadow-yes elementor-posts__hover-gradient elementor-invisible elementor-widget elementor-widget-posts\" data-id=\"668e43d\" data-element_type=\"widget\" data-e-type=\"widget\" data-settings=\"{&quot;_animation&quot;:&quot;fadeInUp&quot;,&quot;pagination_type&quot;:&quot;numbers&quot;,&quot;cards_columns&quot;:&quot;3&quot;,&quot;cards_columns_tablet&quot;:&quot;2&quot;,&quot;cards_columns_mobile&quot;:&quot;1&quot;,&quot;cards_row_gap&quot;:{&quot;unit&quot;:&quot;px&quot;,&quot;size&quot;:35,&quot;sizes&quot;:[]},&quot;cards_row_gap_tablet&quot;:{&quot;unit&quot;:&quot;px&quot;,&quot;size&quot;:&quot;&quot;,&quot;sizes&quot;:[]},&quot;cards_row_gap_mobile&quot;:{&quot;unit&quot;:&quot;px&quot;,&quot;size&quot;:&quot;&quot;,&quot;sizes&quot;:[]}}\" data-widget_type=\"posts.cards\">\n\t\t\t\t<div class=\"elementor-widget-container\">\n\t\t\t\t\t\t\t<div class=\"elementor-posts-container elementor-posts elementor-posts--skin-cards elementor-grid\" role=\"list\">\n\t\t\t\t<article class=\"elementor-post elementor-grid-item post-8217 post type-post status-publish format-standard has-post-thumbnail hentry category-homilias tag-fortaleza tag-hermanas1 tag-paternidad tag-san-jose tag-virtud\" role=\"listitem\">\n\t\t\t<div class=\"elementor-post__card\">\n\t\t\t\t<a class=\"elementor-post__thumbnail__link\" href=\"https:\/\/nuestrocarisma.org\/index.php\/2024\/03\/15\/san-jose-valientisimo\/\" tabindex=\"-1\" ><div class=\"elementor-post__thumbnail\"><img fetchpriority=\"high\" decoding=\"async\" width=\"1000\" height=\"478\" src=\"https:\/\/nuestrocarisma.org\/wp-content\/uploads\/2024\/03\/MARCH-15-Homilia-SJ.jpg\" class=\"attachment-full size-full wp-image-8218\" alt=\"\" srcset=\"https:\/\/nuestrocarisma.org\/wp-content\/uploads\/2024\/03\/MARCH-15-Homilia-SJ.jpg 1000w, https:\/\/nuestrocarisma.org\/wp-content\/uploads\/2024\/03\/MARCH-15-Homilia-SJ-300x143.jpg 300w, https:\/\/nuestrocarisma.org\/wp-content\/uploads\/2024\/03\/MARCH-15-Homilia-SJ-768x367.jpg 768w\" sizes=\"(max-width: 1000px) 100vw, 1000px\" \/><\/div><\/a>\n\t\t\t\t<div class=\"elementor-post__badge\">Homil\u00edas<\/div>\n\t\t\t\t<div class=\"elementor-post__text\">\n\t\t\t\t<h3 class=\"elementor-post__title\">\n\t\t\t<a href=\"https:\/\/nuestrocarisma.org\/index.php\/2024\/03\/15\/san-jose-valientisimo\/\" >\n\t\t\t\tSan Jos\u00e9 Valient\u00edsimo\t\t\t<\/a>\n\t\t<\/h3>\n\t\t\n\t\t<a class=\"elementor-post__read-more\" href=\"https:\/\/nuestrocarisma.org\/index.php\/2024\/03\/15\/san-jose-valientisimo\/\" aria-label=\"M\u00e1s informaci\u00f3n sobre San Jos\u00e9 Valient\u00edsimo\" tabindex=\"-1\" >\n\t\t\tLeer m\u00e1s \u00bb\t\t<\/a>\n\n\t\t\t\t<\/div>\n\t\t\t\t<div class=\"elementor-post__meta-data\">\n\t\t\t\t\t<span class=\"elementor-post-date\">\n\t\t\tmarzo 15, 2024\t\t<\/span>\n\t\t\t\t<\/div>\n\t\t\t\t\t<\/div>\n\t\t<\/article>\n\t\t\t\t<article class=\"elementor-post elementor-grid-item post-8052 post type-post status-publish format-standard has-post-thumbnail hentry category-homilias tag-hermanas1 tag-radicalidad tag-san-juan-de-la-cruz tag-san-juan-pablo-ii tag-santo-habito tag-testimonio tag-vida-consagrada tag-virginidad tag-vocacion\" role=\"listitem\">\n\t\t\t<div class=\"elementor-post__card\">\n\t\t\t\t<a class=\"elementor-post__thumbnail__link\" href=\"https:\/\/nuestrocarisma.org\/index.php\/2024\/02\/02\/el-vestido-de-novia\/\" tabindex=\"-1\" ><div class=\"elementor-post__thumbnail\"><img decoding=\"async\" width=\"1998\" height=\"1329\" src=\"https:\/\/nuestrocarisma.org\/wp-content\/uploads\/2024\/02\/feb-2-24.jpg\" class=\"attachment-full size-full wp-image-8057\" alt=\"\" srcset=\"https:\/\/nuestrocarisma.org\/wp-content\/uploads\/2024\/02\/feb-2-24.jpg 1998w, https:\/\/nuestrocarisma.org\/wp-content\/uploads\/2024\/02\/feb-2-24-300x200.jpg 300w, https:\/\/nuestrocarisma.org\/wp-content\/uploads\/2024\/02\/feb-2-24-1024x681.jpg 1024w, https:\/\/nuestrocarisma.org\/wp-content\/uploads\/2024\/02\/feb-2-24-768x511.jpg 768w, https:\/\/nuestrocarisma.org\/wp-content\/uploads\/2024\/02\/feb-2-24-1536x1022.jpg 1536w\" sizes=\"(max-width: 1998px) 100vw, 1998px\" \/><\/div><\/a>\n\t\t\t\t<div class=\"elementor-post__badge\">Homil\u00edas<\/div>\n\t\t\t\t<div class=\"elementor-post__text\">\n\t\t\t\t<h3 class=\"elementor-post__title\">\n\t\t\t<a href=\"https:\/\/nuestrocarisma.org\/index.php\/2024\/02\/02\/el-vestido-de-novia\/\" >\n\t\t\t\tEl vestido de novia\t\t\t<\/a>\n\t\t<\/h3>\n\t\t\n\t\t<a class=\"elementor-post__read-more\" href=\"https:\/\/nuestrocarisma.org\/index.php\/2024\/02\/02\/el-vestido-de-novia\/\" aria-label=\"M\u00e1s informaci\u00f3n sobre El vestido de novia\" tabindex=\"-1\" >\n\t\t\tLeer m\u00e1s \u00bb\t\t<\/a>\n\n\t\t\t\t<\/div>\n\t\t\t\t<div class=\"elementor-post__meta-data\">\n\t\t\t\t\t<span class=\"elementor-post-date\">\n\t\t\tfebrero 2, 2024\t\t<\/span>\n\t\t\t\t<\/div>\n\t\t\t\t\t<\/div>\n\t\t<\/article>\n\t\t\t\t<article class=\"elementor-post elementor-grid-item post-7874 post type-post status-publish format-standard has-post-thumbnail hentry category-homilias tag-caridad tag-carisma tag-evangelizar tag-familia-religiosa tag-hermanas1 tag-santificacion tag-virgen-maria\" role=\"listitem\">\n\t\t\t<div class=\"elementor-post__card\">\n\t\t\t\t<a class=\"elementor-post__thumbnail__link\" href=\"https:\/\/nuestrocarisma.org\/index.php\/2023\/12\/08\/a-servir-al-projimo-como-maria\/\" tabindex=\"-1\" ><div class=\"elementor-post__thumbnail\"><img decoding=\"async\" width=\"1424\" height=\"686\" src=\"https:\/\/nuestrocarisma.org\/wp-content\/uploads\/2023\/12\/dec8-1.jpg\" class=\"attachment-full size-full wp-image-7881\" alt=\"\" srcset=\"https:\/\/nuestrocarisma.org\/wp-content\/uploads\/2023\/12\/dec8-1.jpg 1424w, https:\/\/nuestrocarisma.org\/wp-content\/uploads\/2023\/12\/dec8-1-300x145.jpg 300w, https:\/\/nuestrocarisma.org\/wp-content\/uploads\/2023\/12\/dec8-1-1024x493.jpg 1024w, https:\/\/nuestrocarisma.org\/wp-content\/uploads\/2023\/12\/dec8-1-768x370.jpg 768w\" sizes=\"(max-width: 1424px) 100vw, 1424px\" \/><\/div><\/a>\n\t\t\t\t<div class=\"elementor-post__badge\">Homil\u00edas<\/div>\n\t\t\t\t<div class=\"elementor-post__text\">\n\t\t\t\t<h3 class=\"elementor-post__title\">\n\t\t\t<a href=\"https:\/\/nuestrocarisma.org\/index.php\/2023\/12\/08\/a-servir-al-projimo-como-maria\/\" >\n\t\t\t\tA servir al pr\u00f3jimo como Mar\u00eda\t\t\t<\/a>\n\t\t<\/h3>\n\t\t\n\t\t<a class=\"elementor-post__read-more\" href=\"https:\/\/nuestrocarisma.org\/index.php\/2023\/12\/08\/a-servir-al-projimo-como-maria\/\" aria-label=\"M\u00e1s informaci\u00f3n sobre A servir al pr\u00f3jimo como Mar\u00eda\" tabindex=\"-1\" >\n\t\t\tLeer m\u00e1s \u00bb\t\t<\/a>\n\n\t\t\t\t<\/div>\n\t\t\t\t<div class=\"elementor-post__meta-data\">\n\t\t\t\t\t<span class=\"elementor-post-date\">\n\t\t\tdiciembre 8, 2023\t\t<\/span>\n\t\t\t\t<\/div>\n\t\t\t\t\t<\/div>\n\t\t<\/article>\n\t\t\t\t<article class=\"elementor-post elementor-grid-item post-6986 post type-post status-publish format-standard has-post-thumbnail hentry category-homilias tag-hermanas1\" role=\"listitem\">\n\t\t\t<div class=\"elementor-post__card\">\n\t\t\t\t<a class=\"elementor-post__thumbnail__link\" href=\"https:\/\/nuestrocarisma.org\/index.php\/2023\/05\/12\/santa-gianna-beretta-molla\/\" tabindex=\"-1\" ><div class=\"elementor-post__thumbnail\"><img loading=\"lazy\" decoding=\"async\" width=\"822\" height=\"525\" src=\"https:\/\/nuestrocarisma.org\/wp-content\/uploads\/2023\/05\/OPTION-2.jpg\" class=\"attachment-full size-full wp-image-6987\" alt=\"\" srcset=\"https:\/\/nuestrocarisma.org\/wp-content\/uploads\/2023\/05\/OPTION-2.jpg 822w, https:\/\/nuestrocarisma.org\/wp-content\/uploads\/2023\/05\/OPTION-2-300x192.jpg 300w, https:\/\/nuestrocarisma.org\/wp-content\/uploads\/2023\/05\/OPTION-2-768x491.jpg 768w\" sizes=\"(max-width: 822px) 100vw, 822px\" \/><\/div><\/a>\n\t\t\t\t<div class=\"elementor-post__badge\">Homil\u00edas<\/div>\n\t\t\t\t<div class=\"elementor-post__text\">\n\t\t\t\t<h3 class=\"elementor-post__title\">\n\t\t\t<a href=\"https:\/\/nuestrocarisma.org\/index.php\/2023\/05\/12\/santa-gianna-beretta-molla\/\" >\n\t\t\t\tSer madre es una elecci\u00f3n de vida\t\t\t<\/a>\n\t\t<\/h3>\n\t\t\n\t\t<a class=\"elementor-post__read-more\" href=\"https:\/\/nuestrocarisma.org\/index.php\/2023\/05\/12\/santa-gianna-beretta-molla\/\" aria-label=\"M\u00e1s informaci\u00f3n sobre Ser madre es una elecci\u00f3n de vida\" tabindex=\"-1\" >\n\t\t\tLeer m\u00e1s \u00bb\t\t<\/a>\n\n\t\t\t\t<\/div>\n\t\t\t\t<div class=\"elementor-post__meta-data\">\n\t\t\t\t\t<span class=\"elementor-post-date\">\n\t\t\tmayo 12, 2023\t\t<\/span>\n\t\t\t\t<\/div>\n\t\t\t\t\t<\/div>\n\t\t<\/article>\n\t\t\t\t<article class=\"elementor-post elementor-grid-item post-6702 post type-post status-publish format-standard has-post-thumbnail hentry category-homilias tag-alegria tag-amor tag-caridad tag-consagracion tag-familia-religiosa tag-generosidad tag-hermanas1 tag-humildad tag-marianos tag-maternidad tag-oracion tag-virgen-maria\" role=\"listitem\">\n\t\t\t<div class=\"elementor-post__card\">\n\t\t\t\t<a class=\"elementor-post__thumbnail__link\" href=\"https:\/\/nuestrocarisma.org\/index.php\/2023\/02\/03\/modelo-perfecta-de-consagrada\/\" tabindex=\"-1\" ><div class=\"elementor-post__thumbnail\"><img loading=\"lazy\" decoding=\"async\" width=\"1400\" height=\"756\" src=\"https:\/\/nuestrocarisma.org\/wp-content\/uploads\/2023\/02\/feb-3.jpg\" class=\"attachment-full size-full wp-image-6703\" alt=\"\" srcset=\"https:\/\/nuestrocarisma.org\/wp-content\/uploads\/2023\/02\/feb-3.jpg 1400w, https:\/\/nuestrocarisma.org\/wp-content\/uploads\/2023\/02\/feb-3-300x162.jpg 300w, https:\/\/nuestrocarisma.org\/wp-content\/uploads\/2023\/02\/feb-3-1024x553.jpg 1024w, https:\/\/nuestrocarisma.org\/wp-content\/uploads\/2023\/02\/feb-3-768x415.jpg 768w\" sizes=\"(max-width: 1400px) 100vw, 1400px\" \/><\/div><\/a>\n\t\t\t\t<div class=\"elementor-post__badge\">Homil\u00edas<\/div>\n\t\t\t\t<div class=\"elementor-post__text\">\n\t\t\t\t<h3 class=\"elementor-post__title\">\n\t\t\t<a href=\"https:\/\/nuestrocarisma.org\/index.php\/2023\/02\/03\/modelo-perfecta-de-consagrada\/\" >\n\t\t\t\tModelo perfecta de consagrada\t\t\t<\/a>\n\t\t<\/h3>\n\t\t\n\t\t<a class=\"elementor-post__read-more\" href=\"https:\/\/nuestrocarisma.org\/index.php\/2023\/02\/03\/modelo-perfecta-de-consagrada\/\" aria-label=\"M\u00e1s informaci\u00f3n sobre Modelo perfecta de consagrada\" tabindex=\"-1\" >\n\t\t\tLeer m\u00e1s \u00bb\t\t<\/a>\n\n\t\t\t\t<\/div>\n\t\t\t\t<div class=\"elementor-post__meta-data\">\n\t\t\t\t\t<span class=\"elementor-post-date\">\n\t\t\tfebrero 3, 2023\t\t<\/span>\n\t\t\t\t<\/div>\n\t\t\t\t\t<\/div>\n\t\t<\/article>\n\t\t\t\t<article class=\"elementor-post elementor-grid-item post-6568 post type-post status-publish format-standard has-post-thumbnail hentry category-homilias tag-cruz tag-docilidad tag-familia-religiosa tag-gracia tag-hermanas1 tag-libertad tag-persecucion tag-providencia tag-verdad tag-virgen-maria tag-voluntad-divina\" role=\"listitem\">\n\t\t\t<div class=\"elementor-post__card\">\n\t\t\t\t<a class=\"elementor-post__thumbnail__link\" href=\"https:\/\/nuestrocarisma.org\/index.php\/2022\/12\/23\/de-su-plenitud-todos-hemos-recibido-gracia-sobre-gracia\/\" tabindex=\"-1\" ><div class=\"elementor-post__thumbnail\"><img loading=\"lazy\" decoding=\"async\" width=\"1200\" height=\"491\" src=\"https:\/\/nuestrocarisma.org\/wp-content\/uploads\/2022\/12\/dec-23.jpg\" class=\"attachment-full size-full wp-image-6569\" alt=\"\" srcset=\"https:\/\/nuestrocarisma.org\/wp-content\/uploads\/2022\/12\/dec-23.jpg 1200w, https:\/\/nuestrocarisma.org\/wp-content\/uploads\/2022\/12\/dec-23-300x123.jpg 300w, https:\/\/nuestrocarisma.org\/wp-content\/uploads\/2022\/12\/dec-23-1024x419.jpg 1024w, https:\/\/nuestrocarisma.org\/wp-content\/uploads\/2022\/12\/dec-23-768x314.jpg 768w\" sizes=\"(max-width: 1200px) 100vw, 1200px\" \/><\/div><\/a>\n\t\t\t\t<div class=\"elementor-post__badge\">Homil\u00edas<\/div>\n\t\t\t\t<div class=\"elementor-post__text\">\n\t\t\t\t<h3 class=\"elementor-post__title\">\n\t\t\t<a href=\"https:\/\/nuestrocarisma.org\/index.php\/2022\/12\/23\/de-su-plenitud-todos-hemos-recibido-gracia-sobre-gracia\/\" >\n\t\t\t\tDe su plenitud todos hemos recibido gracia sobre gracia\t\t\t<\/a>\n\t\t<\/h3>\n\t\t\n\t\t<a class=\"elementor-post__read-more\" href=\"https:\/\/nuestrocarisma.org\/index.php\/2022\/12\/23\/de-su-plenitud-todos-hemos-recibido-gracia-sobre-gracia\/\" aria-label=\"M\u00e1s informaci\u00f3n sobre De su plenitud todos hemos recibido gracia sobre gracia\" tabindex=\"-1\" >\n\t\t\tLeer m\u00e1s \u00bb\t\t<\/a>\n\n\t\t\t\t<\/div>\n\t\t\t\t<div class=\"elementor-post__meta-data\">\n\t\t\t\t\t<span class=\"elementor-post-date\">\n\t\t\tdiciembre 23, 2022\t\t<\/span>\n\t\t\t\t<\/div>\n\t\t\t\t\t<\/div>\n\t\t<\/article>\n\t\t\t\t<article class=\"elementor-post elementor-grid-item post-6419 post type-post status-publish format-standard has-post-thumbnail hentry category-homilias tag-alegria tag-amor tag-bienaventuranzas tag-caridad tag-cruz tag-evangelio tag-fe tag-hermanas1 tag-humildad tag-libertad tag-misericordia tag-monjes tag-oracion tag-paz tag-persecucion tag-santidad tag-sufrimiento tag-testimonio tag-trascendencia tag-verbo-encarnado\" role=\"listitem\">\n\t\t\t<div class=\"elementor-post__card\">\n\t\t\t\t<a class=\"elementor-post__thumbnail__link\" href=\"https:\/\/nuestrocarisma.org\/index.php\/2022\/11\/04\/solemnidad-de-todos-los-santos\/\" tabindex=\"-1\" ><div class=\"elementor-post__thumbnail\"><img loading=\"lazy\" decoding=\"async\" width=\"1988\" height=\"918\" src=\"https:\/\/nuestrocarisma.org\/wp-content\/uploads\/2022\/11\/Nov-4-1.jpg\" class=\"attachment-full size-full wp-image-6426\" alt=\"\" srcset=\"https:\/\/nuestrocarisma.org\/wp-content\/uploads\/2022\/11\/Nov-4-1.jpg 1988w, https:\/\/nuestrocarisma.org\/wp-content\/uploads\/2022\/11\/Nov-4-1-300x139.jpg 300w, https:\/\/nuestrocarisma.org\/wp-content\/uploads\/2022\/11\/Nov-4-1-1024x473.jpg 1024w, https:\/\/nuestrocarisma.org\/wp-content\/uploads\/2022\/11\/Nov-4-1-768x355.jpg 768w, https:\/\/nuestrocarisma.org\/wp-content\/uploads\/2022\/11\/Nov-4-1-1536x709.jpg 1536w\" sizes=\"(max-width: 1988px) 100vw, 1988px\" \/><\/div><\/a>\n\t\t\t\t<div class=\"elementor-post__badge\">Homil\u00edas<\/div>\n\t\t\t\t<div class=\"elementor-post__text\">\n\t\t\t\t<h3 class=\"elementor-post__title\">\n\t\t\t<a href=\"https:\/\/nuestrocarisma.org\/index.php\/2022\/11\/04\/solemnidad-de-todos-los-santos\/\" >\n\t\t\t\tLas bienaventuranzas de la vida contemplativa\t\t\t<\/a>\n\t\t<\/h3>\n\t\t\n\t\t<a class=\"elementor-post__read-more\" href=\"https:\/\/nuestrocarisma.org\/index.php\/2022\/11\/04\/solemnidad-de-todos-los-santos\/\" aria-label=\"M\u00e1s informaci\u00f3n sobre Las bienaventuranzas de la vida contemplativa\" tabindex=\"-1\" >\n\t\t\tLeer m\u00e1s \u00bb\t\t<\/a>\n\n\t\t\t\t<\/div>\n\t\t\t\t<div class=\"elementor-post__meta-data\">\n\t\t\t\t\t<span class=\"elementor-post-date\">\n\t\t\tnoviembre 4, 2022\t\t<\/span>\n\t\t\t\t<\/div>\n\t\t\t\t\t<\/div>\n\t\t<\/article>\n\t\t\t\t<article class=\"elementor-post elementor-grid-item post-6240 post type-post status-publish format-standard has-post-thumbnail hentry category-homilias tag-amor tag-cruz tag-familia-religiosa tag-fe tag-fidelidad tag-guardianes-del-espiritu tag-hermanas1 tag-oracion tag-sacrificio tag-santidad tag-testimonio tag-virgen-maria\" role=\"listitem\">\n\t\t\t<div class=\"elementor-post__card\">\n\t\t\t\t<a class=\"elementor-post__thumbnail__link\" href=\"https:\/\/nuestrocarisma.org\/index.php\/2022\/09\/09\/50o-aniversario-de-la-cruz-de-matara\/\" tabindex=\"-1\" ><div class=\"elementor-post__thumbnail\"><img loading=\"lazy\" decoding=\"async\" width=\"960\" height=\"640\" src=\"https:\/\/nuestrocarisma.org\/wp-content\/uploads\/2022\/09\/SEPT-9-PIC.jpg\" class=\"attachment-full size-full wp-image-6241\" alt=\"\" srcset=\"https:\/\/nuestrocarisma.org\/wp-content\/uploads\/2022\/09\/SEPT-9-PIC.jpg 960w, https:\/\/nuestrocarisma.org\/wp-content\/uploads\/2022\/09\/SEPT-9-PIC-300x200.jpg 300w, https:\/\/nuestrocarisma.org\/wp-content\/uploads\/2022\/09\/SEPT-9-PIC-768x512.jpg 768w\" sizes=\"(max-width: 960px) 100vw, 960px\" \/><\/div><\/a>\n\t\t\t\t<div class=\"elementor-post__badge\">Homil\u00edas<\/div>\n\t\t\t\t<div class=\"elementor-post__text\">\n\t\t\t\t<h3 class=\"elementor-post__title\">\n\t\t\t<a href=\"https:\/\/nuestrocarisma.org\/index.php\/2022\/09\/09\/50o-aniversario-de-la-cruz-de-matara\/\" >\n\t\t\t\t50\u00ba Aniversario de la Cruz de Matar\u00e1\t\t\t<\/a>\n\t\t<\/h3>\n\t\t\n\t\t<a class=\"elementor-post__read-more\" href=\"https:\/\/nuestrocarisma.org\/index.php\/2022\/09\/09\/50o-aniversario-de-la-cruz-de-matara\/\" aria-label=\"M\u00e1s informaci\u00f3n sobre 50\u00ba Aniversario de la Cruz de Matar\u00e1\" tabindex=\"-1\" >\n\t\t\tLeer m\u00e1s \u00bb\t\t<\/a>\n\n\t\t\t\t<\/div>\n\t\t\t\t<div class=\"elementor-post__meta-data\">\n\t\t\t\t\t<span class=\"elementor-post-date\">\n\t\t\tseptiembre 9, 2022\t\t<\/span>\n\t\t\t\t<\/div>\n\t\t\t\t\t<\/div>\n\t\t<\/article>\n\t\t\t\t<article class=\"elementor-post elementor-grid-item post-4585 post type-post status-publish format-standard has-post-thumbnail hentry category-homilias tag-amor tag-anonadamiento tag-cruz tag-evangelizacion tag-hermanas1 tag-sacrificio tag-verbo-encarnado tag-vocacion\" role=\"listitem\">\n\t\t\t<div class=\"elementor-post__card\">\n\t\t\t\t<a class=\"elementor-post__thumbnail__link\" href=\"https:\/\/nuestrocarisma.org\/index.php\/2021\/09\/10\/homilia-en-la-solemnidad-de-la-exaltacion-de-la-cruz\/\" tabindex=\"-1\" ><div class=\"elementor-post__thumbnail\"><img loading=\"lazy\" decoding=\"async\" width=\"701\" height=\"708\" src=\"https:\/\/nuestrocarisma.org\/wp-content\/uploads\/2021\/09\/sept-10-1.jpg\" class=\"attachment-full size-full wp-image-4594\" alt=\"\" srcset=\"https:\/\/nuestrocarisma.org\/wp-content\/uploads\/2021\/09\/sept-10-1.jpg 701w, https:\/\/nuestrocarisma.org\/wp-content\/uploads\/2021\/09\/sept-10-1-297x300.jpg 297w, https:\/\/nuestrocarisma.org\/wp-content\/uploads\/2021\/09\/sept-10-1-150x150.jpg 150w\" sizes=\"(max-width: 701px) 100vw, 701px\" \/><\/div><\/a>\n\t\t\t\t<div class=\"elementor-post__badge\">Homil\u00edas<\/div>\n\t\t\t\t<div class=\"elementor-post__text\">\n\t\t\t\t<h3 class=\"elementor-post__title\">\n\t\t\t<a href=\"https:\/\/nuestrocarisma.org\/index.php\/2021\/09\/10\/homilia-en-la-solemnidad-de-la-exaltacion-de-la-cruz\/\" >\n\t\t\t\tLa cruz es el programa de vida de las Servidoras\t\t\t<\/a>\n\t\t<\/h3>\n\t\t\n\t\t<a class=\"elementor-post__read-more\" href=\"https:\/\/nuestrocarisma.org\/index.php\/2021\/09\/10\/homilia-en-la-solemnidad-de-la-exaltacion-de-la-cruz\/\" aria-label=\"M\u00e1s informaci\u00f3n sobre La cruz es el programa de vida de las Servidoras\" tabindex=\"-1\" >\n\t\t\tLeer m\u00e1s \u00bb\t\t<\/a>\n\n\t\t\t\t<\/div>\n\t\t\t\t<div class=\"elementor-post__meta-data\">\n\t\t\t\t\t<span class=\"elementor-post-date\">\n\t\t\tseptiembre 10, 2021\t\t<\/span>\n\t\t\t\t<\/div>\n\t\t\t\t\t<\/div>\n\t\t<\/article>\n\t\t\t\t<article class=\"elementor-post elementor-grid-item post-3798 post type-post status-publish format-standard has-post-thumbnail hentry category-homilias tag-devocion tag-esclavitud-mariana tag-fidelidad tag-gloria tag-hermanas1 tag-marianos tag-maternidad tag-patrona tag-reina tag-vida-consagrada tag-vida-monastica tag-virgen-maria\" role=\"listitem\">\n\t\t\t<div class=\"elementor-post__card\">\n\t\t\t\t<a class=\"elementor-post__thumbnail__link\" href=\"https:\/\/nuestrocarisma.org\/index.php\/2021\/07\/23\/coronacion-de-nuestra-senora\/\" tabindex=\"-1\" ><div class=\"elementor-post__thumbnail\"><img loading=\"lazy\" decoding=\"async\" width=\"1200\" height=\"918\" src=\"https:\/\/nuestrocarisma.org\/wp-content\/uploads\/2021\/07\/july-23.jpg\" class=\"attachment-full size-full wp-image-3799\" alt=\"\" srcset=\"https:\/\/nuestrocarisma.org\/wp-content\/uploads\/2021\/07\/july-23.jpg 1200w, https:\/\/nuestrocarisma.org\/wp-content\/uploads\/2021\/07\/july-23-300x230.jpg 300w, https:\/\/nuestrocarisma.org\/wp-content\/uploads\/2021\/07\/july-23-1024x783.jpg 1024w, https:\/\/nuestrocarisma.org\/wp-content\/uploads\/2021\/07\/july-23-768x588.jpg 768w\" sizes=\"(max-width: 1200px) 100vw, 1200px\" \/><\/div><\/a>\n\t\t\t\t<div class=\"elementor-post__badge\">Homil\u00edas<\/div>\n\t\t\t\t<div class=\"elementor-post__text\">\n\t\t\t\t<h3 class=\"elementor-post__title\">\n\t\t\t<a href=\"https:\/\/nuestrocarisma.org\/index.php\/2021\/07\/23\/coronacion-de-nuestra-senora\/\" >\n\t\t\t\tLa Reina que conquist\u00f3 el coraz\u00f3n de Dios\t\t\t<\/a>\n\t\t<\/h3>\n\t\t\n\t\t<a class=\"elementor-post__read-more\" href=\"https:\/\/nuestrocarisma.org\/index.php\/2021\/07\/23\/coronacion-de-nuestra-senora\/\" aria-label=\"M\u00e1s informaci\u00f3n sobre La Reina que conquist\u00f3 el coraz\u00f3n de Dios\" tabindex=\"-1\" >\n\t\t\tLeer m\u00e1s \u00bb\t\t<\/a>\n\n\t\t\t\t<\/div>\n\t\t\t\t<div class=\"elementor-post__meta-data\">\n\t\t\t\t\t<span class=\"elementor-post-date\">\n\t\t\tjulio 23, 2021\t\t<\/span>\n\t\t\t\t<\/div>\n\t\t\t\t\t<\/div>\n\t\t<\/article>\n\t\t\t\t<article class=\"elementor-post elementor-grid-item post-3696 post type-post status-publish format-standard has-post-thumbnail hentry category-homilias tag-cruz tag-elementos-no-negociables tag-espiritualidad tag-hermanas1 tag-mortificacion tag-oracion tag-testimonio tag-transfigurar tag-trinidad tag-vida-monastica tag-virtud tag-vocacion\" role=\"listitem\">\n\t\t\t<div class=\"elementor-post__card\">\n\t\t\t\t<a class=\"elementor-post__thumbnail__link\" href=\"https:\/\/nuestrocarisma.org\/index.php\/2021\/06\/25\/una-espiritualidad-seria-2\/\" tabindex=\"-1\" ><div class=\"elementor-post__thumbnail\"><img loading=\"lazy\" decoding=\"async\" width=\"1407\" height=\"795\" src=\"https:\/\/nuestrocarisma.org\/wp-content\/uploads\/2021\/06\/june-25.jpg\" class=\"attachment-full size-full wp-image-3697\" alt=\"\" srcset=\"https:\/\/nuestrocarisma.org\/wp-content\/uploads\/2021\/06\/june-25.jpg 1407w, https:\/\/nuestrocarisma.org\/wp-content\/uploads\/2021\/06\/june-25-300x170.jpg 300w, https:\/\/nuestrocarisma.org\/wp-content\/uploads\/2021\/06\/june-25-1024x579.jpg 1024w, https:\/\/nuestrocarisma.org\/wp-content\/uploads\/2021\/06\/june-25-768x434.jpg 768w\" sizes=\"(max-width: 1407px) 100vw, 1407px\" \/><\/div><\/a>\n\t\t\t\t<div class=\"elementor-post__badge\">Homil\u00edas<\/div>\n\t\t\t\t<div class=\"elementor-post__text\">\n\t\t\t\t<h3 class=\"elementor-post__title\">\n\t\t\t<a href=\"https:\/\/nuestrocarisma.org\/index.php\/2021\/06\/25\/una-espiritualidad-seria-2\/\" >\n\t\t\t\tAvisos de San Juan de la Cruz\t\t\t<\/a>\n\t\t<\/h3>\n\t\t\n\t\t<a class=\"elementor-post__read-more\" href=\"https:\/\/nuestrocarisma.org\/index.php\/2021\/06\/25\/una-espiritualidad-seria-2\/\" aria-label=\"M\u00e1s informaci\u00f3n sobre Avisos de San Juan de la Cruz\" tabindex=\"-1\" >\n\t\t\tLeer m\u00e1s \u00bb\t\t<\/a>\n\n\t\t\t\t<\/div>\n\t\t\t\t<div class=\"elementor-post__meta-data\">\n\t\t\t\t\t<span class=\"elementor-post-date\">\n\t\t\tjunio 25, 2021\t\t<\/span>\n\t\t\t\t<\/div>\n\t\t\t\t\t<\/div>\n\t\t<\/article>\n\t\t\t\t<article class=\"elementor-post elementor-grid-item post-2712 post type-post status-publish format-standard has-post-thumbnail hentry category-homilias tag-hermanas1\" role=\"listitem\">\n\t\t\t<div class=\"elementor-post__card\">\n\t\t\t\t<a class=\"elementor-post__thumbnail__link\" href=\"https:\/\/nuestrocarisma.org\/index.php\/2021\/03\/19\/solemnidad-de-san-jose-2019\/\" tabindex=\"-1\" ><div class=\"elementor-post__thumbnail\"><img loading=\"lazy\" decoding=\"async\" width=\"631\" height=\"536\" src=\"https:\/\/nuestrocarisma.org\/wp-content\/uploads\/2021\/03\/san-jose.jpg\" class=\"attachment-full size-full wp-image-2713\" alt=\"\" srcset=\"https:\/\/nuestrocarisma.org\/wp-content\/uploads\/2021\/03\/san-jose.jpg 631w, https:\/\/nuestrocarisma.org\/wp-content\/uploads\/2021\/03\/san-jose-300x255.jpg 300w\" sizes=\"(max-width: 631px) 100vw, 631px\" \/><\/div><\/a>\n\t\t\t\t<div class=\"elementor-post__badge\">Homil\u00edas<\/div>\n\t\t\t\t<div class=\"elementor-post__text\">\n\t\t\t\t<h3 class=\"elementor-post__title\">\n\t\t\t<a href=\"https:\/\/nuestrocarisma.org\/index.php\/2021\/03\/19\/solemnidad-de-san-jose-2019\/\" >\n\t\t\t\tEsposo de la Virgen, protector del Verbo Encarnado y verdadero servidor de Dios\t\t\t<\/a>\n\t\t<\/h3>\n\t\t\n\t\t<a class=\"elementor-post__read-more\" href=\"https:\/\/nuestrocarisma.org\/index.php\/2021\/03\/19\/solemnidad-de-san-jose-2019\/\" aria-label=\"M\u00e1s informaci\u00f3n sobre Esposo de la Virgen, protector del Verbo Encarnado y verdadero servidor de Dios\" tabindex=\"-1\" >\n\t\t\tLeer m\u00e1s \u00bb\t\t<\/a>\n\n\t\t\t\t<\/div>\n\t\t\t\t<div class=\"elementor-post__meta-data\">\n\t\t\t\t\t<span class=\"elementor-post-date\">\n\t\t\tmarzo 19, 2021\t\t<\/span>\n\t\t\t\t<\/div>\n\t\t\t\t\t<\/div>\n\t\t<\/article>\n\t\t\t\t<\/div>\n\t\t\n\t\t\t\t\t\t<\/div>\n\t\t\t\t<\/div>\n\t\t\t\t\t<\/div>\n\t\t<\/div>\n\t\t\t\t\t<\/div>\n\t\t<\/section>\n\t\t\t\t<\/div>\n\t\t","protected":false},"excerpt":{"rendered":"<p>Hermanas<\/p>\n","protected":false},"author":1,"featured_media":0,"parent":0,"menu_order":0,"comment_status":"closed","ping_status":"closed","template":"elementor_header_footer","meta":{"site-sidebar-layout":"no-sidebar","site-content-layout":"page-builder","ast-site-content-layout":"full-width-container","site-content-style":"default","site-sidebar-style":"default","ast-global-header-display":"","ast-banner-title-visibility":"","ast-main-header-display":"","ast-hfb-above-header-display":"","ast-hfb-below-header-display":"","ast-hfb-mobile-header-display":"","site-post-title":"disabled","ast-breadcrumbs-content":"","ast-featured-img":"disabled","footer-sml-layout":"","theme-transparent-header-meta":"","adv-header-id-meta":"","stick-header-meta":"","header-above-stick-meta":"","header-main-stick-meta":"","header-below-stick-meta":"","astra-migrate-meta-layouts":"set","ast-page-background-enabled":"default","ast-page-background-meta":{"desktop":{"background-color":"","background-image":"","background-repeat":"repeat","background-position":"center center","background-size":"auto","background-attachment":"scroll","background-type":"","background-media":"","overlay-type":"","overlay-color":"","overlay-gradient":""},"tablet":{"background-color":"","background-image":"","background-repeat":"repeat","background-position":"center center","background-size":"auto","background-attachment":"scroll","background-type":"","background-media":"","overlay-type":"","overlay-color":"","overlay-gradient":""},"mobile":{"background-color":"","background-image":"","background-repeat":"repeat","background-position":"center center","background-size":"auto","background-attachment":"scroll","background-type":"","background-media":"","overlay-type":"","overlay-color":"","overlay-gradient":""}},"ast-content-background-meta":{"desktop":{"background-color":"var(--ast-global-color-5)","background-image":"","background-repeat":"repeat","background-position":"center center","background-size":"auto","background-attachment":"scroll","background-type":"","background-media":"","overlay-type":"","overlay-color":"","overlay-gradient":""},"tablet":{"background-color":"var(--ast-global-color-5)","background-image":"","background-repeat":"repeat","background-position":"center center","background-size":"auto","background-attachment":"scroll","background-type":"","background-media":"","overlay-type":"","overlay-color":"","overlay-gradient":""},"mobile":{"background-color":"var(--ast-global-color-5)","background-image":"","background-repeat":"repeat","background-position":"center center","background-size":"auto","background-attachment":"scroll","background-type":"","background-media":"","overlay-type":"","overlay-color":"","overlay-gradient":""}},"footnotes":""},"class_list":["post-9724","page","type-page","status-publish","hentry"],"_links":{"self":[{"href":"https:\/\/nuestrocarisma.org\/index.php\/wp-json\/wp\/v2\/pages\/9724","targetHints":{"allow":["GET"]}}],"collection":[{"href":"https:\/\/nuestrocarisma.org\/index.php\/wp-json\/wp\/v2\/pages"}],"about":[{"href":"https:\/\/nuestrocarisma.org\/index.php\/wp-json\/wp\/v2\/types\/page"}],"author":[{"embeddable":true,"href":"https:\/\/nuestrocarisma.org\/index.php\/wp-json\/wp\/v2\/users\/1"}],"replies":[{"embeddable":true,"href":"https:\/\/nuestrocarisma.org\/index.php\/wp-json\/wp\/v2\/comments?post=9724"}],"version-history":[{"count":10,"href":"https:\/\/nuestrocarisma.org\/index.php\/wp-json\/wp\/v2\/pages\/9724\/revisions"}],"predecessor-version":[{"id":9807,"href":"https:\/\/nuestrocarisma.org\/index.php\/wp-json\/wp\/v2\/pages\/9724\/revisions\/9807"}],"wp:attachment":[{"href":"https:\/\/nuestrocarisma.org\/index.php\/wp-json\/wp\/v2\/media?parent=9724"}],"curies":[{"name":"wp","href":"https:\/\/api.w.org\/{rel}","templated":true}]}}