{"id":2995,"date":"2021-04-20T07:57:58","date_gmt":"2021-04-20T05:57:58","guid":{"rendered":"https:\/\/nuestrocarisma.org\/?page_id=2995"},"modified":"2021-12-10T11:31:21","modified_gmt":"2021-12-10T09:31:21","slug":"linea-de-tiempo-del-ive","status":"publish","type":"page","link":"https:\/\/nuestrocarisma.org\/index.php\/linea-de-tiempo-del-ive\/","title":{"rendered":"L\u00ednea de Tiempo del IVE"},"content":{"rendered":"\t\t<div data-elementor-type=\"wp-page\" data-elementor-id=\"2995\" class=\"elementor elementor-2995\" data-elementor-post-type=\"page\">\n\t\t\t\t\t\t<section class=\"elementor-section elementor-top-section elementor-element elementor-element-2d0ee3ff elementor-section-boxed elementor-section-height-default elementor-section-height-default\" data-id=\"2d0ee3ff\" data-element_type=\"section\" data-e-type=\"section\">\n\t\t\t\t\t\t<div class=\"elementor-container elementor-column-gap-default\">\n\t\t\t\t\t<div class=\"elementor-column elementor-col-100 elementor-top-column elementor-element elementor-element-1cb8abb6\" data-id=\"1cb8abb6\" data-element_type=\"column\" data-e-type=\"column\">\n\t\t\t<div class=\"elementor-widget-wrap elementor-element-populated\">\n\t\t\t\t\t\t<div class=\"elementor-element elementor-element-2dd38cf6 elementor-widget elementor-widget-text-editor\" data-id=\"2dd38cf6\" data-element_type=\"widget\" data-e-type=\"widget\" data-widget_type=\"text-editor.default\">\n\t\t\t\t<div class=\"elementor-widget-container\">\n\t\t\t\t\t\t\t\t\t\t\t\t<!-- Cool Timeline PRO V4.8.11 -->\r\n\t\t\t<div class=\"ctl-wrapper\" role=\"region\" aria-label=\"Timeline\">\r\n\t\t\t\t\t\t\t\t<div id=\"cool_timeline_1\" class=\"cool-timeline-wrapper ctl-both-sided ctl-vertical-wrapper ctl-default\" data-nav=\"show\" data-line-filling=\"false\" data-nav-pos=\"right\" data-nav-style=\"style-1\">\r\n\t\t\t\t\t<div class=\"ctl-start\"><\/div>\r\n\t\t\t\t\t<!-- Timeline Container -->\r\n\t\t\t\t\t<div class=\"ctl-timeline ctl-timeline-container\" data-animation=\"flip-left\" aria-live=\"polite\">\r\n\t\t\t\t\t\t<!-- Center Line -->\r\n\t\t\t\t\t\t<div class=\"ctl-inner-line\" role=\"presentation\"><\/div>\r\n\t\t\t\t\t\t<!-- Story Year Section --><div data-cls=\"sc-nv-light vertical\" class=\"timeline-year scrollable-section ctl-year ctl-year-container light-year\" data-section-title=\"1981\" id=\"year-1981\"><div class=\"ctl-year-label ctl-year-text\"><span>1981<\/span><\/div><\/div><!-- Timeline Content --><div id=\"ctl-story-2612\" class=\"ctl-story ctl-story-icon odd ctl-story-right\" data-story-index=\"1\" role=\"article\"><!-- Story Date --><div class=\"ctl-labels\"><div class=\"ctl-label-big story-date\">03\/05\/1981<\/div><\/div><!-- Story Icon --><div class=\"ctl-icon\"><img decoding=\"async\" width=\"150\" height=\"150\" src=\"https:\/\/nuestrocarisma.org\/wp-content\/uploads\/2020\/03\/cropped-crest-200-150x150.png\" class=\"ctp-icon-img\" alt=\"\" srcset=\"https:\/\/nuestrocarisma.org\/wp-content\/uploads\/2020\/03\/cropped-crest-200-150x150.png 150w, https:\/\/nuestrocarisma.org\/wp-content\/uploads\/2020\/03\/cropped-crest-200.png 200w\" sizes=\"(max-width: 150px) 100vw, 150px\" \/><\/div> <!-- Story Arrow --><div class=\"ctl-arrow\"><\/div>\r\n\t\t\t<!-- Story Content --><div class=\"ctl-content\"><!-- Story Title --><div class=\"ctl-title story-2612\" aria-label=\"La gracia fundacional\"><a target=\"_self\" title=\"La gracia fundacional\" href=\"https:\/\/nuestrocarisma.org\/index.php\/timeline\/2612\/\" class=\"story-link\">La gracia fundacional<\/a><\/div><!-- Story Media --><div class=\"ctl-media full\"><a data-glightbox=\"La gracia fundacional\" href=\"https:\/\/nuestrocarisma.org\/wp-content\/uploads\/2021\/03\/Tamano-imagen.gif\" class=\"ctl_glightbox\"><img fetchpriority=\"high\" decoding=\"async\" width=\"720\" height=\"480\" src=\"https:\/\/nuestrocarisma.org\/wp-content\/uploads\/2021\/03\/Tamano-imagen.gif\" class=\"story-img wp-post-image\" alt=\"La gracia fundacional\" \/><\/a><\/div><!-- Story Description --><div class=\"ctl-description\"><p style=\"text-align: left;\">El domingo 3 de mayo de 1981, fiesta del Cristo de la Quebrada, mientras estaba confesando en la vieja capilla de la Parroquia \u00abNuestra Se\u00f1ora del Rosario\u00bb de Villa Progreso (Buenos Aires, Argentina), el P. Carlos Miguel Buela recibe la gracia fundacional para fundar el Instituto del Verbo Encarnado<\/p><\/div><\/div><\/div><!-- Story Year Section --><div data-cls=\"sc-nv-light vertical\" class=\"timeline-year scrollable-section ctl-year ctl-year-container light-year\" data-section-title=\"1983\" id=\"year-1983\"><div class=\"ctl-year-label ctl-year-text\"><span>1983<\/span><\/div><\/div><!-- Timeline Content --><div id=\"ctl-story-2618\" class=\"ctl-story ctl-story-icon even ctl-story-left\" data-story-index=\"2\" role=\"article\"><!-- Story Date --><div class=\"ctl-labels\"><div class=\"ctl-label-big story-date\">07\/10\/1983<\/div><\/div><!-- Story Icon --><div class=\"ctl-icon\"><img decoding=\"async\" width=\"150\" height=\"150\" src=\"https:\/\/nuestrocarisma.org\/wp-content\/uploads\/2020\/03\/cropped-crest-200-150x150.png\" class=\"ctp-icon-img\" alt=\"\" srcset=\"https:\/\/nuestrocarisma.org\/wp-content\/uploads\/2020\/03\/cropped-crest-200-150x150.png 150w, https:\/\/nuestrocarisma.org\/wp-content\/uploads\/2020\/03\/cropped-crest-200.png 200w\" sizes=\"(max-width: 150px) 100vw, 150px\" \/><\/div> <!-- Story Arrow --><div class=\"ctl-arrow\"><\/div>\r\n\t\t\t<!-- Story Content --><div class=\"ctl-content\"><!-- Story Title --><div class=\"ctl-title story-2618\" aria-label=\"Autorizaci\u00f3n de la experiencia religiosa del IVE\"><a target=\"_self\" title=\"Autorizaci\u00f3n de la experiencia religiosa del IVE\" href=\"https:\/\/nuestrocarisma.org\/index.php\/timeline\/2618\/\" class=\"story-link\">Autorizaci\u00f3n de la experiencia religiosa del IVE<\/a><\/div><!-- Story Media --><div class=\"ctl-media full\"><a data-glightbox=\"Autorizaci\u00f3n de la experiencia religiosa del IVE\" href=\"https:\/\/nuestrocarisma.org\/wp-content\/uploads\/2021\/03\/2.jpg\" class=\"ctl_glightbox\"><img decoding=\"async\" width=\"720\" height=\"480\" src=\"https:\/\/nuestrocarisma.org\/wp-content\/uploads\/2021\/03\/2.jpg\" class=\"story-img wp-post-image\" alt=\"Autorizaci\u00f3n de la experiencia religiosa del IVE\" srcset=\"https:\/\/nuestrocarisma.org\/wp-content\/uploads\/2021\/03\/2.jpg 720w, https:\/\/nuestrocarisma.org\/wp-content\/uploads\/2021\/03\/2-300x200.jpg 300w\" sizes=\"(max-width: 720px) 100vw, 720px\" \/><\/a><\/div><!-- Story Description --><div class=\"ctl-description\"><p>Mons. Le\u00f3n Kruk, Obispo de San Rafael, Argentina, autoriza la experiencia religiosa del IVE<\/p>\n<\/div><\/div><\/div><!-- Story Year Section --><div data-cls=\"sc-nv-light vertical\" class=\"timeline-year scrollable-section ctl-year ctl-year-container light-year\" data-section-title=\"1984\" id=\"year-1984\"><div class=\"ctl-year-label ctl-year-text\"><span>1984<\/span><\/div><\/div><!-- Timeline Content --><div id=\"ctl-story-2622\" class=\"ctl-story ctl-story-icon odd ctl-story-right\" data-story-index=\"3\" role=\"article\"><!-- Story Date --><div class=\"ctl-labels\"><div class=\"ctl-label-big story-date\">25\/03\/1984<\/div><\/div><!-- Story Icon --><div class=\"ctl-icon\"><i class=\"fa fa-clock-o\" aria-hidden=\"true\"><\/i><\/div> <!-- Story Arrow --><div class=\"ctl-arrow\"><\/div>\r\n\t\t\t<!-- Story Content --><div class=\"ctl-content\"><!-- Story Title --><div class=\"ctl-title story-2622\" aria-label=\"Consagraci\u00f3n del mundo al Inmaculado Coraz\u00f3n\"><a target=\"_self\" title=\"Consagraci\u00f3n del mundo al Inmaculado Coraz\u00f3n\" href=\"https:\/\/nuestrocarisma.org\/index.php\/timeline\/2622\/\" class=\"story-link\">Consagraci\u00f3n del mundo al Inmaculado Coraz\u00f3n<\/a><\/div><!-- Story Media --><div class=\"ctl-media full\"><a data-glightbox=\"Consagraci\u00f3n del mundo al Inmaculado Coraz\u00f3n\" href=\"https:\/\/nuestrocarisma.org\/wp-content\/uploads\/2021\/03\/3.jpg\" class=\"ctl_glightbox\"><img loading=\"lazy\" decoding=\"async\" width=\"720\" height=\"480\" src=\"https:\/\/nuestrocarisma.org\/wp-content\/uploads\/2021\/03\/3.jpg\" class=\"story-img wp-post-image\" alt=\"Consagraci\u00f3n del mundo al Inmaculado Coraz\u00f3n\" srcset=\"https:\/\/nuestrocarisma.org\/wp-content\/uploads\/2021\/03\/3.jpg 720w, https:\/\/nuestrocarisma.org\/wp-content\/uploads\/2021\/03\/3-300x200.jpg 300w\" sizes=\"(max-width: 720px) 100vw, 720px\" \/><\/a><\/div><!-- Story Description --><div class=\"ctl-description\"><p>S.S. Juan Pablo II consagra el mundo al Inmaculado Coraz\u00f3n de Mar\u00eda<\/p>\n<\/div><\/div><\/div><!-- Timeline Content --><div id=\"ctl-story-2624\" class=\"ctl-story ctl-story-icon even ctl-story-left\" data-story-index=\"4\" role=\"article\"><!-- Story Date --><div class=\"ctl-labels\"><div class=\"ctl-label-big story-date\">25\/03\/1984<\/div><\/div><!-- Story Icon --><div class=\"ctl-icon\"><i class=\"fa fa-clock-o\" aria-hidden=\"true\"><\/i><\/div> <!-- Story Arrow --><div class=\"ctl-arrow\"><\/div>\r\n\t\t\t<!-- Story Content --><div class=\"ctl-content\"><!-- Story Title --><div class=\"ctl-title story-2624\" aria-label=\"Comienzo de la experiencia religiosa del IVE\"><a target=\"_self\" title=\"Comienzo de la experiencia religiosa del IVE\" href=\"https:\/\/nuestrocarisma.org\/index.php\/timeline\/2624\/\" class=\"story-link\">Comienzo de la experiencia religiosa del IVE<\/a><\/div><!-- Story Media --><div class=\"ctl-media full\"><a data-glightbox=\"Comienzo de la experiencia religiosa del IVE\" href=\"https:\/\/nuestrocarisma.org\/wp-content\/uploads\/2021\/03\/4.jpg\" class=\"ctl_glightbox\"><img loading=\"lazy\" decoding=\"async\" width=\"720\" height=\"480\" src=\"https:\/\/nuestrocarisma.org\/wp-content\/uploads\/2021\/03\/4.jpg\" class=\"story-img wp-post-image\" alt=\"Comienzo de la experiencia religiosa del IVE\" srcset=\"https:\/\/nuestrocarisma.org\/wp-content\/uploads\/2021\/03\/4.jpg 720w, https:\/\/nuestrocarisma.org\/wp-content\/uploads\/2021\/03\/4-300x200.jpg 300w\" sizes=\"(max-width: 720px) 100vw, 720px\" \/><\/a><\/div><!-- Story Description --><div class=\"ctl-description\"><p>Comienza la experiencia religiosa del IVE en San Rafael, Argentina<\/p>\n<\/div><\/div><\/div><!-- Timeline Content --><div id=\"ctl-story-2626\" class=\"ctl-story ctl-story-icon odd ctl-story-right\" data-story-index=\"5\" role=\"article\"><!-- Story Date --><div class=\"ctl-labels\"><div class=\"ctl-label-big story-date\">25\/03\/1984<\/div><\/div><!-- Story Icon --><div class=\"ctl-icon\"><i class=\"fa fa-clock-o\" aria-hidden=\"true\"><\/i><\/div> <!-- Story Arrow --><div class=\"ctl-arrow\"><\/div>\r\n\t\t\t<!-- Story Content --><div class=\"ctl-content\"><!-- Story Title --><div class=\"ctl-title story-2626\" aria-label=\"Seminario Diocesano de San Rafael\"><a target=\"_self\" title=\"Seminario Diocesano de San Rafael\" href=\"https:\/\/nuestrocarisma.org\/index.php\/timeline\/2626\/\" class=\"story-link\">Seminario Diocesano de San Rafael<\/a><\/div><!-- Story Media --><div class=\"ctl-media full\"><a data-glightbox=\"Seminario Diocesano de San Rafael\" href=\"https:\/\/nuestrocarisma.org\/wp-content\/uploads\/2021\/03\/5.jpg\" class=\"ctl_glightbox\"><img loading=\"lazy\" decoding=\"async\" width=\"720\" height=\"480\" src=\"https:\/\/nuestrocarisma.org\/wp-content\/uploads\/2021\/03\/5.jpg\" class=\"story-img wp-post-image\" alt=\"Seminario Diocesano de San Rafael\" srcset=\"https:\/\/nuestrocarisma.org\/wp-content\/uploads\/2021\/03\/5.jpg 720w, https:\/\/nuestrocarisma.org\/wp-content\/uploads\/2021\/03\/5-300x200.jpg 300w\" sizes=\"(max-width: 720px) 100vw, 720px\" \/><\/a><\/div><!-- Story Description --><div class=\"ctl-description\"><p>Mons. Le\u00f3n Kruk funda el Seminario Diocesano de San Rafael y lo conf\u00eda a la atenci\u00f3n del IVE<\/p>\n<\/div><\/div><\/div><!-- Timeline Content --><div id=\"ctl-story-2628\" class=\"ctl-story ctl-story-icon even ctl-story-left\" data-story-index=\"6\" role=\"article\"><!-- Story Date --><div class=\"ctl-labels\"><div class=\"ctl-label-big story-date\">21\/12\/1984<\/div><\/div><!-- Story Icon --><div class=\"ctl-icon\"><i class=\"fa fa-clock-o\" aria-hidden=\"true\"><\/i><\/div> <!-- Story Arrow --><div class=\"ctl-arrow\"><\/div>\r\n\t\t\t<!-- Story Content --><div class=\"ctl-content\"><!-- Story Title --><div class=\"ctl-title story-2628\" aria-label=\"Primera ordenaci\u00f3n sacerdotal\"><a target=\"_self\" title=\"Primera ordenaci\u00f3n sacerdotal\" href=\"https:\/\/nuestrocarisma.org\/index.php\/timeline\/2628\/\" class=\"story-link\">Primera ordenaci\u00f3n sacerdotal<\/a><\/div><!-- Story Media --><div class=\"ctl-media full\"><a data-glightbox=\"Primera ordenaci\u00f3n sacerdotal\" href=\"https:\/\/nuestrocarisma.org\/wp-content\/uploads\/2021\/03\/283.jpg\" class=\"ctl_glightbox\"><img loading=\"lazy\" decoding=\"async\" width=\"720\" height=\"480\" src=\"https:\/\/nuestrocarisma.org\/wp-content\/uploads\/2021\/03\/283.jpg\" class=\"story-img wp-post-image\" alt=\"Primera ordenaci\u00f3n sacerdotal\" srcset=\"https:\/\/nuestrocarisma.org\/wp-content\/uploads\/2021\/03\/283.jpg 720w, https:\/\/nuestrocarisma.org\/wp-content\/uploads\/2021\/03\/283-300x200.jpg 300w\" sizes=\"(max-width: 720px) 100vw, 720px\" \/><\/a><\/div><!-- Story Description --><div class=\"ctl-description\"><p>Primera ordenaci\u00f3n de sacerdotes del IVE en San Rafael, Argentina<\/p>\n<\/div><\/div><\/div><!-- Timeline Content --><div id=\"ctl-story-2630\" class=\"ctl-story ctl-story-icon odd ctl-story-right\" data-story-index=\"7\" role=\"article\"><!-- Story Date --><div class=\"ctl-labels\"><div class=\"ctl-label-big story-date\">21\/12\/1984<\/div><\/div><!-- Story Icon --><div class=\"ctl-icon\"><i class=\"fa fa-clock-o\" aria-hidden=\"true\"><\/i><\/div> <!-- Story Arrow --><div class=\"ctl-arrow\"><\/div>\r\n\t\t\t<!-- Story Content --><div class=\"ctl-content\"><!-- Story Title --><div class=\"ctl-title story-2630\" aria-label=\"Primeros estudiantes en Roma\"><a target=\"_self\" title=\"Primeros estudiantes en Roma\" href=\"https:\/\/nuestrocarisma.org\/index.php\/timeline\/2630\/\" class=\"story-link\">Primeros estudiantes en Roma<\/a><\/div><!-- Story Media --><div class=\"ctl-media full\"><a data-glightbox=\"Primeros estudiantes en Roma\" href=\"https:\/\/nuestrocarisma.org\/wp-content\/uploads\/2021\/03\/7.jpg\" class=\"ctl_glightbox\"><img loading=\"lazy\" decoding=\"async\" width=\"720\" height=\"480\" src=\"https:\/\/nuestrocarisma.org\/wp-content\/uploads\/2021\/03\/7.jpg\" class=\"story-img wp-post-image\" alt=\"Primeros estudiantes en Roma\" srcset=\"https:\/\/nuestrocarisma.org\/wp-content\/uploads\/2021\/03\/7.jpg 720w, https:\/\/nuestrocarisma.org\/wp-content\/uploads\/2021\/03\/7-300x200.jpg 300w\" sizes=\"(max-width: 720px) 100vw, 720px\" \/><\/a><\/div><!-- Story Description --><div class=\"ctl-description\"><p>Mons. Le\u00f3n Kruk da permiso para que algunos de los nuestros vayan a estudiar a las Universidades de Roma<\/p>\n<\/div><\/div><\/div><!-- Story Year Section --><div data-cls=\"sc-nv-light vertical\" class=\"timeline-year scrollable-section ctl-year ctl-year-container light-year\" data-section-title=\"1985\" id=\"year-1985\"><div class=\"ctl-year-label ctl-year-text\"><span>1985<\/span><\/div><\/div><!-- Timeline Content --><div id=\"ctl-story-2655\" class=\"ctl-story ctl-story-icon even ctl-story-left\" data-story-index=\"8\" role=\"article\"><!-- Story Date --><div class=\"ctl-labels\"><div class=\"ctl-label-big story-date\">22\/02\/1985<\/div><\/div><!-- Story Icon --><div class=\"ctl-icon\"><i class=\"fa fa-clock-o\" aria-hidden=\"true\"><\/i><\/div> <!-- Story Arrow --><div class=\"ctl-arrow\"><\/div>\r\n\t\t\t<!-- Story Content --><div class=\"ctl-content\"><!-- Story Title --><div class=\"ctl-title story-2655\" aria-label=\"Fundaci\u00f3n de la Casa Madre\"><a target=\"_self\" title=\"Fundaci\u00f3n de la Casa Madre\" href=\"https:\/\/nuestrocarisma.org\/index.php\/timeline\/fundacion-de-la-casa-madre\/\" class=\"story-link\">Fundaci\u00f3n de la Casa Madre<\/a><\/div><!-- Story Media --><div class=\"ctl-media full\"><a data-glightbox=\"Fundaci\u00f3n de la Casa Madre\" href=\"https:\/\/nuestrocarisma.org\/wp-content\/uploads\/2021\/03\/8.jpg\" class=\"ctl_glightbox\"><img loading=\"lazy\" decoding=\"async\" width=\"720\" height=\"480\" src=\"https:\/\/nuestrocarisma.org\/wp-content\/uploads\/2021\/03\/8.jpg\" class=\"story-img wp-post-image\" alt=\"Fundaci\u00f3n de la Casa Madre\" srcset=\"https:\/\/nuestrocarisma.org\/wp-content\/uploads\/2021\/03\/8.jpg 720w, https:\/\/nuestrocarisma.org\/wp-content\/uploads\/2021\/03\/8-300x200.jpg 300w\" sizes=\"(max-width: 720px) 100vw, 720px\" \/><\/a><\/div><!-- Story Description --><div class=\"ctl-description\"><p>Se funda la Villa de Luj\u00e1n, Casa Madre del IVE, en la calle El Cha\u00f1aral, en San Rafael, Argentina<\/p>\n<\/div><\/div><\/div><!-- Timeline Content --><div id=\"ctl-story-2665\" class=\"ctl-story ctl-story-icon odd ctl-story-right\" data-story-index=\"9\" role=\"article\"><!-- Story Date --><div class=\"ctl-labels\"><div class=\"ctl-label-big story-date\">18\/04\/1985<\/div><\/div><!-- Story Icon --><div class=\"ctl-icon\"><i class=\"fa fa-clock-o\" aria-hidden=\"true\"><\/i><\/div> <!-- Story Arrow --><div class=\"ctl-arrow\"><\/div>\r\n\t\t\t<!-- Story Content --><div class=\"ctl-content\"><!-- Story Title --><div class=\"ctl-title story-2665\" aria-label=\"Primer religioso hermano\"><a target=\"_self\" title=\"Primer religioso hermano\" href=\"https:\/\/nuestrocarisma.org\/index.php\/timeline\/primer-religioso-hermano\/\" class=\"story-link\">Primer religioso hermano<\/a><\/div><!-- Story Media --><div class=\"ctl-media full\"><a data-glightbox=\"Primer religioso hermano\" href=\"https:\/\/nuestrocarisma.org\/wp-content\/uploads\/2021\/03\/9.jpg\" class=\"ctl_glightbox\"><img loading=\"lazy\" decoding=\"async\" width=\"720\" height=\"480\" src=\"https:\/\/nuestrocarisma.org\/wp-content\/uploads\/2021\/03\/9.jpg\" class=\"story-img wp-post-image\" alt=\"Primer religioso hermano\" srcset=\"https:\/\/nuestrocarisma.org\/wp-content\/uploads\/2021\/03\/9.jpg 720w, https:\/\/nuestrocarisma.org\/wp-content\/uploads\/2021\/03\/9-300x200.jpg 300w\" sizes=\"(max-width: 720px) 100vw, 720px\" \/><\/a><\/div><!-- Story Description --><div class=\"ctl-description\"><p>Ingresa el primer religioso hermano, Jorge Pedernera, \u201cel Payo\u201d<\/p>\n<\/div><\/div><\/div><!-- Timeline Content --><div id=\"ctl-story-2667\" class=\"ctl-story ctl-story-icon even ctl-story-left\" data-story-index=\"10\" role=\"article\"><!-- Story Date --><div class=\"ctl-labels\"><div class=\"ctl-label-big story-date\">17\/05\/1985<\/div><\/div><!-- Story Icon --><div class=\"ctl-icon\"><i class=\"fa fa-clock-o\" aria-hidden=\"true\"><\/i><\/div> <!-- Story Arrow --><div class=\"ctl-arrow\"><\/div>\r\n\t\t\t<!-- Story Content --><div class=\"ctl-content\"><!-- Story Title --><div class=\"ctl-title story-2667\" aria-label=\"Fundaci\u00f3n en Suncho Corral &#8211; Argentina\"><a target=\"_self\" title=\"Fundaci\u00f3n en Suncho Corral &#8211; Argentina\" href=\"https:\/\/nuestrocarisma.org\/index.php\/timeline\/primera-fundacion-fuera-de-san-rafael\/\" class=\"story-link\">Fundaci\u00f3n en Suncho Corral &#8211; Argentina<\/a><\/div><!-- Story Media --><div class=\"ctl-media full\"><a data-glightbox=\"Fundaci\u00f3n en Suncho Corral &#8211; Argentina\" href=\"https:\/\/nuestrocarisma.org\/wp-content\/uploads\/2021\/03\/285.jpg\" class=\"ctl_glightbox\"><img loading=\"lazy\" decoding=\"async\" width=\"720\" height=\"480\" src=\"https:\/\/nuestrocarisma.org\/wp-content\/uploads\/2021\/03\/285.jpg\" class=\"story-img wp-post-image\" alt=\"Fundaci\u00f3n en Suncho Corral &#8211; Argentina\" srcset=\"https:\/\/nuestrocarisma.org\/wp-content\/uploads\/2021\/03\/285.jpg 720w, https:\/\/nuestrocarisma.org\/wp-content\/uploads\/2021\/03\/285-300x200.jpg 300w\" sizes=\"(max-width: 720px) 100vw, 720px\" \/><\/a><\/div><!-- Story Description --><div class=\"ctl-description\"><p>Primera fundaci\u00f3n fuera de San Rafael, en Suncho Corral, di\u00f3cesis de A\u00f1atuya, Argentina, para atender la parroquia \u201cSan Miguel Arc\u00e1ngel\u201d<\/p>\n<\/div><\/div><\/div><!-- Timeline Content --><div id=\"ctl-story-2684\" class=\"ctl-story ctl-story-icon odd ctl-story-right\" data-story-index=\"11\" role=\"article\"><!-- Story Date --><div class=\"ctl-labels\"><div class=\"ctl-label-big story-date\">25\/08\/1985<\/div><\/div><!-- Story Icon --><div class=\"ctl-icon\"><i class=\"fa fa-clock-o\" aria-hidden=\"true\"><\/i><\/div> <!-- Story Arrow --><div class=\"ctl-arrow\"><\/div>\r\n\t\t\t<!-- Story Content --><div class=\"ctl-content\"><!-- Story Title --><div class=\"ctl-title story-2684\" aria-label=\"Iglesia \u00abNuestra Se\u00f1ora de los Dolores\u00bb\"><a target=\"_self\" title=\"Iglesia \u00abNuestra Se\u00f1ora de los Dolores\u00bb\" href=\"https:\/\/nuestrocarisma.org\/index.php\/timeline\/iglesia-nuestra-senora-de-los-dolores\/\" class=\"story-link\">Iglesia \u00abNuestra Se\u00f1ora de los Dolores\u00bb<\/a><\/div><!-- Story Media --><div class=\"ctl-media full\"><a data-glightbox=\"Iglesia \u00abNuestra Se\u00f1ora de los Dolores\u00bb\" href=\"https:\/\/nuestrocarisma.org\/wp-content\/uploads\/2021\/03\/11.jpg\" class=\"ctl_glightbox\"><img loading=\"lazy\" decoding=\"async\" width=\"720\" height=\"480\" src=\"https:\/\/nuestrocarisma.org\/wp-content\/uploads\/2021\/03\/11.jpg\" class=\"story-img wp-post-image\" alt=\"Iglesia \u00abNuestra Se\u00f1ora de los Dolores\u00bb\" srcset=\"https:\/\/nuestrocarisma.org\/wp-content\/uploads\/2021\/03\/11.jpg 720w, https:\/\/nuestrocarisma.org\/wp-content\/uploads\/2021\/03\/11-300x200.jpg 300w\" sizes=\"(max-width: 720px) 100vw, 720px\" \/><\/a><\/div><!-- Story Description --><div class=\"ctl-description\"><p>Se coloca la piedra fundamental y se inicia la construcci\u00f3n de la Iglesia \u201cNuestra Se\u00f1ora de los Dolores\u201d, en la Casa Madre<\/p>\n<\/div><\/div><\/div><!-- Timeline Content --><div id=\"ctl-story-2686\" class=\"ctl-story ctl-story-icon even ctl-story-left\" data-story-index=\"12\" role=\"article\"><!-- Story Date --><div class=\"ctl-labels\"><div class=\"ctl-label-big story-date\">15\/09\/1985<\/div><\/div><!-- Story Icon --><div class=\"ctl-icon\"><i class=\"fa fa-clock-o\" aria-hidden=\"true\"><\/i><\/div> <!-- Story Arrow --><div class=\"ctl-arrow\"><\/div>\r\n\t\t\t<!-- Story Content --><div class=\"ctl-content\"><!-- Story Title --><div class=\"ctl-title story-2686\" aria-label=\"Voto de esclavitud mariana en Salta\"><a target=\"_self\" title=\"Voto de esclavitud mariana en Salta\" href=\"https:\/\/nuestrocarisma.org\/index.php\/timeline\/esclavitud-mariana-en-salta\/\" class=\"story-link\">Voto de esclavitud mariana en Salta<\/a><\/div><!-- Story Media --><div class=\"ctl-media full\"><a data-glightbox=\"Voto de esclavitud mariana en Salta\" href=\"https:\/\/nuestrocarisma.org\/wp-content\/uploads\/2021\/03\/12.jpg\" class=\"ctl_glightbox\"><img loading=\"lazy\" decoding=\"async\" width=\"720\" height=\"480\" src=\"https:\/\/nuestrocarisma.org\/wp-content\/uploads\/2021\/03\/12.jpg\" class=\"story-img wp-post-image\" alt=\"Voto de esclavitud mariana en Salta\" srcset=\"https:\/\/nuestrocarisma.org\/wp-content\/uploads\/2021\/03\/12.jpg 720w, https:\/\/nuestrocarisma.org\/wp-content\/uploads\/2021\/03\/12-300x200.jpg 300w\" sizes=\"(max-width: 720px) 100vw, 720px\" \/><\/a><\/div><!-- Story Description --><div class=\"ctl-description\"><p>Se realiza por primera vez el voto de esclavitud mariana seg\u00fan el m\u00e9todo de San Luis Mar\u00eda ante la Virgen del Milagro en Salta, Argentina<\/p>\n<\/div><\/div><\/div><!-- Story Year Section --><div data-cls=\"sc-nv-light vertical\" class=\"timeline-year scrollable-section ctl-year ctl-year-container light-year\" data-section-title=\"1986\" id=\"year-1986\"><div class=\"ctl-year-label ctl-year-text\"><span>1986<\/span><\/div><\/div><!-- Timeline Content --><div id=\"ctl-story-2688\" class=\"ctl-story ctl-story-icon odd ctl-story-right\" data-story-index=\"13\" role=\"article\"><!-- Story Date --><div class=\"ctl-labels\"><div class=\"ctl-label-big story-date\">03\/02\/1986<\/div><\/div><!-- Story Icon --><div class=\"ctl-icon\"><i class=\"fa fa-clock-o\" aria-hidden=\"true\"><\/i><\/div> <!-- Story Arrow --><div class=\"ctl-arrow\"><\/div>\r\n\t\t\t<!-- Story Content --><div class=\"ctl-content\"><!-- Story Title --><div class=\"ctl-title story-2688\" aria-label=\"Seminario Menor en San Rafael &#8211; Argentina\"><a target=\"_self\" title=\"Seminario Menor en San Rafael &#8211; Argentina\" href=\"https:\/\/nuestrocarisma.org\/index.php\/timeline\/fundacion-del-seminario-menor-san-juan-apostol\/\" class=\"story-link\">Seminario Menor en San Rafael &#8211; Argentina<\/a><\/div><!-- Story Media --><div class=\"ctl-media full\"><a data-glightbox=\"Seminario Menor en San Rafael &#8211; Argentina\" href=\"https:\/\/nuestrocarisma.org\/wp-content\/uploads\/2021\/03\/1986-1.jpg\" class=\"ctl_glightbox\"><img loading=\"lazy\" decoding=\"async\" width=\"720\" height=\"480\" src=\"https:\/\/nuestrocarisma.org\/wp-content\/uploads\/2021\/03\/1986-1.jpg\" class=\"story-img wp-post-image\" alt=\"Seminario Menor en San Rafael &#8211; Argentina\" srcset=\"https:\/\/nuestrocarisma.org\/wp-content\/uploads\/2021\/03\/1986-1.jpg 720w, https:\/\/nuestrocarisma.org\/wp-content\/uploads\/2021\/03\/1986-1-300x200.jpg 300w\" sizes=\"(max-width: 720px) 100vw, 720px\" \/><\/a><\/div><!-- Story Description --><div class=\"ctl-description\"><p>Se funda en la Casa Madre el primer Seminario Menor del IVE bajo el patrocinio de \u201cSan Juan Ap\u00f3stol\u201d<\/p>\n<\/div><\/div><\/div><!-- Timeline Content --><div id=\"ctl-story-3056\" class=\"ctl-story ctl-story-icon even ctl-story-left\" data-story-index=\"14\" role=\"article\"><!-- Story Date --><div class=\"ctl-labels\"><div class=\"ctl-label-big story-date\">08\/02\/1986<\/div><\/div><!-- Story Icon --><div class=\"ctl-icon\"><i class=\"fa fa-clock-o\" aria-hidden=\"true\"><\/i><\/div> <!-- Story Arrow --><div class=\"ctl-arrow\"><\/div>\r\n\t\t\t<!-- Story Content --><div class=\"ctl-content\"><!-- Story Title --><div class=\"ctl-title story-3056\" aria-label=\"Fallecimiento del seminarista Marcelo Morsella\"><a target=\"_self\" title=\"Fallecimiento del seminarista Marcelo Morsella\" href=\"https:\/\/nuestrocarisma.org\/index.php\/timeline\/fallece-el-primer-miembro\/\" class=\"story-link\">Fallecimiento del seminarista Marcelo Morsella<\/a><\/div><!-- Story Media --><div class=\"ctl-media full\"><a data-glightbox=\"Fallecimiento del seminarista Marcelo Morsella\" href=\"https:\/\/nuestrocarisma.org\/wp-content\/uploads\/2021\/04\/13.jpg\" class=\"ctl_glightbox\"><img loading=\"lazy\" decoding=\"async\" width=\"720\" height=\"480\" src=\"https:\/\/nuestrocarisma.org\/wp-content\/uploads\/2021\/04\/13.jpg\" class=\"story-img wp-post-image\" alt=\"Fallecimiento del seminarista Marcelo Morsella\" srcset=\"https:\/\/nuestrocarisma.org\/wp-content\/uploads\/2021\/04\/13.jpg 720w, https:\/\/nuestrocarisma.org\/wp-content\/uploads\/2021\/04\/13-300x200.jpg 300w\" sizes=\"(max-width: 720px) 100vw, 720px\" \/><\/a><\/div><!-- Story Description --><div class=\"ctl-description\"><p>Fallece el primer miembro del IVE, el seminarista Marcelo Javier Morsella, modelo de virtudes religiosas<\/p>\n<\/div><\/div><\/div><!-- Timeline Content --><div id=\"ctl-story-3058\" class=\"ctl-story ctl-story-icon odd ctl-story-right\" data-story-index=\"15\" role=\"article\"><!-- Story Date --><div class=\"ctl-labels\"><div class=\"ctl-label-big story-date\">31\/05\/1986<\/div><\/div><!-- Story Icon --><div class=\"ctl-icon\"><i class=\"fa fa-clock-o\" aria-hidden=\"true\"><\/i><\/div> <!-- Story Arrow --><div class=\"ctl-arrow\"><\/div>\r\n\t\t\t<!-- Story Content --><div class=\"ctl-content\"><!-- Story Title --><div class=\"ctl-title story-3058\" aria-label=\"Los primeros votos en San Rafael\"><a target=\"_self\" title=\"Los primeros votos en San Rafael\" href=\"https:\/\/nuestrocarisma.org\/index.php\/timeline\/los-primeros-votos-en-san-rafael\/\" class=\"story-link\">Los primeros votos en San Rafael<\/a><\/div><!-- Story Media --><div class=\"ctl-media full\"><a data-glightbox=\"Los primeros votos en San Rafael\" href=\"https:\/\/nuestrocarisma.org\/wp-content\/uploads\/2021\/04\/14.jpg\" class=\"ctl_glightbox\"><img loading=\"lazy\" decoding=\"async\" width=\"720\" height=\"480\" src=\"https:\/\/nuestrocarisma.org\/wp-content\/uploads\/2021\/04\/14.jpg\" class=\"story-img wp-post-image\" alt=\"Los primeros votos en San Rafael\" srcset=\"https:\/\/nuestrocarisma.org\/wp-content\/uploads\/2021\/04\/14.jpg 720w, https:\/\/nuestrocarisma.org\/wp-content\/uploads\/2021\/04\/14-300x200.jpg 300w\" sizes=\"(max-width: 720px) 100vw, 720px\" \/><\/a><\/div><!-- Story Description --><div class=\"ctl-description\"><p>Se realizan por primera vez las promesas de castidad, pobreza y obediencia en San Rafael, Argentina<\/p>\n<\/div><\/div><\/div><!-- Timeline Content --><div id=\"ctl-story-3060\" class=\"ctl-story ctl-story-icon even ctl-story-left\" data-story-index=\"16\" role=\"article\"><!-- Story Date --><div class=\"ctl-labels\"><div class=\"ctl-label-big story-date\">04\/10\/1986<\/div><\/div><!-- Story Icon --><div class=\"ctl-icon\"><i class=\"fa fa-clock-o\" aria-hidden=\"true\"><\/i><\/div> <!-- Story Arrow --><div class=\"ctl-arrow\"><\/div>\r\n\t\t\t<!-- Story Content --><div class=\"ctl-content\"><!-- Story Title --><div class=\"ctl-title story-3060\" aria-label=\"Parroquia \u00abSan Maximiliano Kolbe\u00bb, San Rafael\"><a target=\"_self\" title=\"Parroquia \u00abSan Maximiliano Kolbe\u00bb, San Rafael\" href=\"https:\/\/nuestrocarisma.org\/index.php\/timeline\/primera-parroquia-del-instituto\/\" class=\"story-link\">Parroquia \u00abSan Maximiliano Kolbe\u00bb, San Rafael<\/a><\/div><!-- Story Media --><div class=\"ctl-media full\"><a data-glightbox=\"Parroquia \u00abSan Maximiliano Kolbe\u00bb, San Rafael\" href=\"https:\/\/nuestrocarisma.org\/wp-content\/uploads\/2021\/04\/15.jpg\" class=\"ctl_glightbox\"><img loading=\"lazy\" decoding=\"async\" width=\"720\" height=\"480\" src=\"https:\/\/nuestrocarisma.org\/wp-content\/uploads\/2021\/04\/15.jpg\" class=\"story-img wp-post-image\" alt=\"Parroquia \u00abSan Maximiliano Kolbe\u00bb, San Rafael\" srcset=\"https:\/\/nuestrocarisma.org\/wp-content\/uploads\/2021\/04\/15.jpg 720w, https:\/\/nuestrocarisma.org\/wp-content\/uploads\/2021\/04\/15-300x200.jpg 300w\" sizes=\"(max-width: 720px) 100vw, 720px\" \/><\/a><\/div><!-- Story Description --><div class=\"ctl-description\"><p>Se celebra la primera Misa en la Parroquia \u201cSan Maximiliano Mar\u00eda Kolbe\u201d, en San Rafael, Argentina<\/p>\n<\/div><\/div><\/div><!-- Story Year Section --><div data-cls=\"sc-nv-light vertical\" class=\"timeline-year scrollable-section ctl-year ctl-year-container light-year\" data-section-title=\"1987\" id=\"year-1987\"><div class=\"ctl-year-label ctl-year-text\"><span>1987<\/span><\/div><\/div><!-- Timeline Content --><div id=\"ctl-story-3062\" class=\"ctl-story ctl-story-icon odd ctl-story-right\" data-story-index=\"17\" role=\"article\"><!-- Story Date --><div class=\"ctl-labels\"><div class=\"ctl-label-big story-date\">02\/02\/1987<\/div><\/div><!-- Story Icon --><div class=\"ctl-icon\"><i class=\"fa fa-clock-o\" aria-hidden=\"true\"><\/i><\/div> <!-- Story Arrow --><div class=\"ctl-arrow\"><\/div>\r\n\t\t\t<!-- Story Content --><div class=\"ctl-content\"><!-- Story Title --><div class=\"ctl-title story-3062\" aria-label=\"Fundaci\u00f3n en Limatambo y Mollepata &#8211; Per\u00fa\"><a target=\"_self\" title=\"Fundaci\u00f3n en Limatambo y Mollepata &#8211; Per\u00fa\" href=\"https:\/\/nuestrocarisma.org\/index.php\/timeline\/primera-fundacion-fuera-de-argentina\/\" class=\"story-link\">Fundaci\u00f3n en Limatambo y Mollepata &#8211; Per\u00fa<\/a><\/div><!-- Story Media --><div class=\"ctl-media full\"><a data-glightbox=\"Fundaci\u00f3n en Limatambo y Mollepata &#8211; Per\u00fa\" href=\"https:\/\/nuestrocarisma.org\/wp-content\/uploads\/2021\/04\/16.jpg\" class=\"ctl_glightbox\"><img loading=\"lazy\" decoding=\"async\" width=\"720\" height=\"480\" src=\"https:\/\/nuestrocarisma.org\/wp-content\/uploads\/2021\/04\/16.jpg\" class=\"story-img wp-post-image\" alt=\"Fundaci\u00f3n en Limatambo y Mollepata &#8211; Per\u00fa\" srcset=\"https:\/\/nuestrocarisma.org\/wp-content\/uploads\/2021\/04\/16.jpg 720w, https:\/\/nuestrocarisma.org\/wp-content\/uploads\/2021\/04\/16-300x200.jpg 300w\" sizes=\"(max-width: 720px) 100vw, 720px\" \/><\/a><\/div><!-- Story Description --><div class=\"ctl-description\"><p>Se concreta la primera fundaci\u00f3n fuera de Argentina, en la arquidi\u00f3cesis de Cusco, Per\u00fa, para la atenci\u00f3n de las Parroquias de Limatambo y Mollepata<\/p>\n<\/div><\/div><\/div><!-- Timeline Content --><div id=\"ctl-story-3064\" class=\"ctl-story ctl-story-icon even ctl-story-left\" data-story-index=\"18\" role=\"article\"><!-- Story Date --><div class=\"ctl-labels\"><div class=\"ctl-label-big story-date\">07\/02\/1987<\/div><\/div><!-- Story Icon --><div class=\"ctl-icon\"><i class=\"fa fa-clock-o\" aria-hidden=\"true\"><\/i><\/div> <!-- Story Arrow --><div class=\"ctl-arrow\"><\/div>\r\n\t\t\t<!-- Story Content --><div class=\"ctl-content\"><!-- Story Title --><div class=\"ctl-title story-3064\" aria-label=\"Traslado del Seminario Menor de Argentina\"><a target=\"_self\" title=\"Traslado del Seminario Menor de Argentina\" href=\"https:\/\/nuestrocarisma.org\/index.php\/timeline\/traslado-del-seminario-menor-san-juan-apostol\/\" class=\"story-link\">Traslado del Seminario Menor de Argentina<\/a><\/div><!-- Story Media --><div class=\"ctl-media full\"><a data-glightbox=\"Traslado del Seminario Menor de Argentina\" href=\"https:\/\/nuestrocarisma.org\/wp-content\/uploads\/2021\/04\/17.jpg\" class=\"ctl_glightbox\"><img loading=\"lazy\" decoding=\"async\" width=\"720\" height=\"480\" src=\"https:\/\/nuestrocarisma.org\/wp-content\/uploads\/2021\/04\/17.jpg\" class=\"story-img wp-post-image\" alt=\"Traslado del Seminario Menor de Argentina\" srcset=\"https:\/\/nuestrocarisma.org\/wp-content\/uploads\/2021\/04\/17.jpg 720w, https:\/\/nuestrocarisma.org\/wp-content\/uploads\/2021\/04\/17-300x200.jpg 300w\" sizes=\"(max-width: 720px) 100vw, 720px\" \/><\/a><\/div><!-- Story Description --><div class=\"ctl-description\"><p>Se traslada a su casa propia el Seminario Menor \u201cSan Juan Ap\u00f3stol\u201d de San Rafael, Argentina<\/p>\n<\/div><\/div><\/div><!-- Story Year Section --><div data-cls=\"sc-nv-light vertical\" class=\"timeline-year scrollable-section ctl-year ctl-year-container light-year\" data-section-title=\"1988\" id=\"year-1988\"><div class=\"ctl-year-label ctl-year-text\"><span>1988<\/span><\/div><\/div><!-- Timeline Content --><div id=\"ctl-story-3066\" class=\"ctl-story ctl-story-icon odd ctl-story-right\" data-story-index=\"19\" role=\"article\"><!-- Story Date --><div class=\"ctl-labels\"><div class=\"ctl-label-big story-date\">01\/02\/1988<\/div><\/div><!-- Story Icon --><div class=\"ctl-icon\"><i class=\"fa fa-clock-o\" aria-hidden=\"true\"><\/i><\/div> <!-- Story Arrow --><div class=\"ctl-arrow\"><\/div>\r\n\t\t\t<!-- Story Content --><div class=\"ctl-content\"><!-- Story Title --><div class=\"ctl-title story-3066\" aria-label=\"Fundaci\u00f3n en Los Jur\u00edes &#8211; Argentina\"><a target=\"_self\" title=\"Fundaci\u00f3n en Los Jur\u00edes &#8211; Argentina\" href=\"https:\/\/nuestrocarisma.org\/index.php\/timeline\/fundacion-en-anatuya\/\" class=\"story-link\">Fundaci\u00f3n en Los Jur\u00edes &#8211; Argentina<\/a><\/div><!-- Story Media --><div class=\"ctl-media full\"><a data-glightbox=\"Fundaci\u00f3n en Los Jur\u00edes &#8211; Argentina\" href=\"https:\/\/nuestrocarisma.org\/wp-content\/uploads\/2021\/04\/18.jpg\" class=\"ctl_glightbox\"><img loading=\"lazy\" decoding=\"async\" width=\"720\" height=\"480\" src=\"https:\/\/nuestrocarisma.org\/wp-content\/uploads\/2021\/04\/18.jpg\" class=\"story-img wp-post-image\" alt=\"Fundaci\u00f3n en Los Jur\u00edes &#8211; Argentina\" srcset=\"https:\/\/nuestrocarisma.org\/wp-content\/uploads\/2021\/04\/18.jpg 720w, https:\/\/nuestrocarisma.org\/wp-content\/uploads\/2021\/04\/18-300x200.jpg 300w\" sizes=\"(max-width: 720px) 100vw, 720px\" \/><\/a><\/div><!-- Story Description --><div class=\"ctl-description\"><p>Fundaci\u00f3n en Los Jur\u00edes, di\u00f3cesis de A\u00f1atuya, Santiago del Estero, Argentina, para la atenci\u00f3n de la Parroquia \u201cNuestra Se\u00f1ora de la Asunci\u00f3n\u201d<\/p>\n<\/div><\/div><\/div><!-- Timeline Content --><div id=\"ctl-story-3068\" class=\"ctl-story ctl-story-icon even ctl-story-left\" data-story-index=\"20\" role=\"article\"><!-- Story Date --><div class=\"ctl-labels\"><div class=\"ctl-label-big story-date\">22\/02\/1988<\/div><\/div><!-- Story Icon --><div class=\"ctl-icon\"><i class=\"fa fa-clock-o\" aria-hidden=\"true\"><\/i><\/div> <!-- Story Arrow --><div class=\"ctl-arrow\"><\/div>\r\n\t\t\t<!-- Story Content --><div class=\"ctl-content\"><!-- Story Title --><div class=\"ctl-title story-3068\" aria-label=\"Noviciado en San Rafael &#8211; Argentina\"><a target=\"_self\" title=\"Noviciado en San Rafael &#8211; Argentina\" href=\"https:\/\/nuestrocarisma.org\/index.php\/timeline\/fundacion-del-noviciado-marcelo-morsella\/\" class=\"story-link\">Noviciado en San Rafael &#8211; Argentina<\/a><\/div><!-- Story Media --><div class=\"ctl-media full\"><a data-glightbox=\"Noviciado en San Rafael &#8211; Argentina\" href=\"https:\/\/nuestrocarisma.org\/wp-content\/uploads\/2021\/04\/1988-2.jpg\" class=\"ctl_glightbox\"><img loading=\"lazy\" decoding=\"async\" width=\"720\" height=\"480\" src=\"https:\/\/nuestrocarisma.org\/wp-content\/uploads\/2021\/04\/1988-2.jpg\" class=\"story-img wp-post-image\" alt=\"Noviciado en San Rafael &#8211; Argentina\" srcset=\"https:\/\/nuestrocarisma.org\/wp-content\/uploads\/2021\/04\/1988-2.jpg 720w, https:\/\/nuestrocarisma.org\/wp-content\/uploads\/2021\/04\/1988-2-300x200.jpg 300w\" sizes=\"(max-width: 720px) 100vw, 720px\" \/><\/a><\/div><!-- Story Description --><div class=\"ctl-description\"><p>Se funda el Noviciado \u201cMarcelo Javier Morsella\u201d, primer Noviciado del IVE, en San Rafael, Argentina<\/p>\n<\/div><\/div><\/div><!-- Timeline Content --><div id=\"ctl-story-3070\" class=\"ctl-story ctl-story-icon odd ctl-story-right\" data-story-index=\"21\" role=\"article\"><!-- Story Date --><div class=\"ctl-labels\"><div class=\"ctl-label-big story-date\">19\/03\/1988<\/div><\/div><!-- Story Icon --><div class=\"ctl-icon\"><i class=\"fa fa-clock-o\" aria-hidden=\"true\"><\/i><\/div> <!-- Story Arrow --><div class=\"ctl-arrow\"><\/div>\r\n\t\t\t<!-- Story Content --><div class=\"ctl-content\"><!-- Story Title --><div class=\"ctl-title story-3070\" aria-label=\"Fundaci\u00f3n de la rama femenina\"><a target=\"_self\" title=\"Fundaci\u00f3n de la rama femenina\" href=\"https:\/\/nuestrocarisma.org\/index.php\/timeline\/fundacion-de-la-rama-femenina\/\" class=\"story-link\">Fundaci\u00f3n de la rama femenina<\/a><\/div><!-- Story Media --><div class=\"ctl-media full\"><a data-glightbox=\"Fundaci\u00f3n de la rama femenina\" href=\"https:\/\/nuestrocarisma.org\/wp-content\/uploads\/2021\/04\/20.jpg\" class=\"ctl_glightbox\"><img loading=\"lazy\" decoding=\"async\" width=\"720\" height=\"480\" src=\"https:\/\/nuestrocarisma.org\/wp-content\/uploads\/2021\/04\/20.jpg\" class=\"story-img wp-post-image\" alt=\"Fundaci\u00f3n de la rama femenina\" srcset=\"https:\/\/nuestrocarisma.org\/wp-content\/uploads\/2021\/04\/20.jpg 720w, https:\/\/nuestrocarisma.org\/wp-content\/uploads\/2021\/04\/20-300x200.jpg 300w\" sizes=\"(max-width: 720px) 100vw, 720px\" \/><\/a><\/div><!-- Story Description --><div class=\"ctl-description\"><p>Se funda el Instituto \u201cServidoras del Se\u00f1or y de la Virgen de Matar\u00e1\u201d, rama femenina de la Familia Religiosa<\/p>\n<\/div><\/div><\/div><!-- Timeline Content --><div id=\"ctl-story-3072\" class=\"ctl-story ctl-story-icon even ctl-story-left\" data-story-index=\"22\" role=\"article\"><!-- Story Date --><div class=\"ctl-labels\"><div class=\"ctl-label-big story-date\">20\/03\/1988<\/div><\/div><!-- Story Icon --><div class=\"ctl-icon\"><i class=\"fa fa-clock-o\" aria-hidden=\"true\"><\/i><\/div> <!-- Story Arrow --><div class=\"ctl-arrow\"><\/div>\r\n\t\t\t<!-- Story Content --><div class=\"ctl-content\"><!-- Story Title --><div class=\"ctl-title story-3072\" aria-label=\"Seminario Arquidiocesano de Arequipa &#8211; Per\u00fa\"><a target=\"_self\" title=\"Seminario Arquidiocesano de Arequipa &#8211; Per\u00fa\" href=\"https:\/\/nuestrocarisma.org\/index.php\/timeline\/seminario-diocesano-en-peru\/\" class=\"story-link\">Seminario Arquidiocesano de Arequipa &#8211; Per\u00fa<\/a><\/div><!-- Story Media --><div class=\"ctl-media full\"><a data-glightbox=\"Seminario Arquidiocesano de Arequipa &#8211; Per\u00fa\" href=\"https:\/\/nuestrocarisma.org\/wp-content\/uploads\/2021\/04\/1988-4.jpg\" class=\"ctl_glightbox\"><img loading=\"lazy\" decoding=\"async\" width=\"720\" height=\"480\" src=\"https:\/\/nuestrocarisma.org\/wp-content\/uploads\/2021\/04\/1988-4.jpg\" class=\"story-img wp-post-image\" alt=\"Seminario Arquidiocesano de Arequipa &#8211; Per\u00fa\" srcset=\"https:\/\/nuestrocarisma.org\/wp-content\/uploads\/2021\/04\/1988-4.jpg 720w, https:\/\/nuestrocarisma.org\/wp-content\/uploads\/2021\/04\/1988-4-300x200.jpg 300w\" sizes=\"(max-width: 720px) 100vw, 720px\" \/><\/a><\/div><!-- Story Description --><div class=\"ctl-description\"><p>Se comienza a colaborar con la formaci\u00f3n en el Seminario Arquidiocesano \u201cSan Jer\u00f3nimo\u201d de Arequipa, Per\u00fa<\/p>\n<\/div><\/div><\/div><!-- Timeline Content --><div id=\"ctl-story-3078\" class=\"ctl-story ctl-story-icon odd ctl-story-right\" data-story-index=\"23\" role=\"article\"><!-- Story Date --><div class=\"ctl-labels\"><div class=\"ctl-label-big story-date\">22\/05\/1988<\/div><\/div><!-- Story Icon --><div class=\"ctl-icon\"><i class=\"fa fa-clock-o\" aria-hidden=\"true\"><\/i><\/div> <!-- Story Arrow --><div class=\"ctl-arrow\"><\/div>\r\n\t\t\t<!-- Story Content --><div class=\"ctl-content\"><!-- Story Title --><div class=\"ctl-title story-3078\" aria-label=\"Fundaci\u00f3n del primer colegio en San Rafael\"><a target=\"_self\" title=\"Fundaci\u00f3n del primer colegio en San Rafael\" href=\"https:\/\/nuestrocarisma.org\/index.php\/timeline\/fundacion-del-bachillerato-humanista\/\" class=\"story-link\">Fundaci\u00f3n del primer colegio en San Rafael<\/a><\/div><!-- Story Media --><div class=\"ctl-media full\"><a data-glightbox=\"Fundaci\u00f3n del primer colegio en San Rafael\" href=\"https:\/\/nuestrocarisma.org\/wp-content\/uploads\/2021\/04\/23.jpg\" class=\"ctl_glightbox\"><img loading=\"lazy\" decoding=\"async\" width=\"720\" height=\"480\" src=\"https:\/\/nuestrocarisma.org\/wp-content\/uploads\/2021\/04\/23.jpg\" class=\"story-img wp-post-image\" alt=\"Fundaci\u00f3n del primer colegio en San Rafael\" srcset=\"https:\/\/nuestrocarisma.org\/wp-content\/uploads\/2021\/04\/23.jpg 720w, https:\/\/nuestrocarisma.org\/wp-content\/uploads\/2021\/04\/23-300x200.jpg 300w\" sizes=\"(max-width: 720px) 100vw, 720px\" \/><\/a><\/div><!-- Story Description --><div class=\"ctl-description\"><p>Se funda el Bachillerato Humanista \u201cAlfredo Bufano\u201d en San Rafael, Argentina; primer colegio del IVE<\/p>\n<\/div><\/div><\/div><!-- Timeline Content --><div id=\"ctl-story-3256\" class=\"ctl-story ctl-story-icon even ctl-story-left\" data-story-index=\"24\" role=\"article\"><!-- Story Date --><div class=\"ctl-labels\"><div class=\"ctl-label-big story-date\">01\/06\/1988<\/div><\/div><!-- Story Icon --><div class=\"ctl-icon\"><i class=\"fa fa-clock-o\" aria-hidden=\"true\"><\/i><\/div> <!-- Story Arrow --><div class=\"ctl-arrow\"><\/div>\r\n\t\t\t<!-- Story Content --><div class=\"ctl-content\"><!-- Story Title --><div class=\"ctl-title story-3256\" aria-label=\"Seminario Arquidiocesano de Cusco &#8211; Per\u00fa\"><a target=\"_self\" title=\"Seminario Arquidiocesano de Cusco &#8211; Per\u00fa\" href=\"https:\/\/nuestrocarisma.org\/index.php\/timeline\/colaboracion-con-el-seminario-de-peru\/\" class=\"story-link\">Seminario Arquidiocesano de Cusco &#8211; Per\u00fa<\/a><\/div><!-- Story Media --><div class=\"ctl-media full\"><a data-glightbox=\"Seminario Arquidiocesano de Cusco &#8211; Per\u00fa\" href=\"https:\/\/nuestrocarisma.org\/wp-content\/uploads\/2021\/05\/36.jpg\" class=\"ctl_glightbox\"><img loading=\"lazy\" decoding=\"async\" width=\"720\" height=\"480\" src=\"https:\/\/nuestrocarisma.org\/wp-content\/uploads\/2021\/05\/36.jpg\" class=\"story-img wp-post-image\" alt=\"Seminario Arquidiocesano de Cusco &#8211; Per\u00fa\" srcset=\"https:\/\/nuestrocarisma.org\/wp-content\/uploads\/2021\/05\/36.jpg 720w, https:\/\/nuestrocarisma.org\/wp-content\/uploads\/2021\/05\/36-300x200.jpg 300w\" sizes=\"(max-width: 720px) 100vw, 720px\" \/><\/a><\/div><!-- Story Description --><div class=\"ctl-description\"><p>Se comienza a colaborar en la formaci\u00f3n en el Seminario Arquidiocesano \u201cSan Antonio Abad\u201d en Cusco, Per\u00fa<\/p>\n<\/div><\/div><\/div><!-- Timeline Content --><div id=\"ctl-story-3073\" class=\"ctl-story ctl-story-icon odd ctl-story-right\" data-story-index=\"25\" role=\"article\"><!-- Story Date --><div class=\"ctl-labels\"><div class=\"ctl-label-big story-date\">01\/07\/1988<\/div><\/div><!-- Story Icon --><div class=\"ctl-icon\"><i class=\"fa fa-clock-o\" aria-hidden=\"true\"><\/i><\/div> <!-- Story Arrow --><div class=\"ctl-arrow\"><\/div>\r\n\t\t\t<!-- Story Content --><div class=\"ctl-content\"><!-- Story Title --><div class=\"ctl-title story-3073\" aria-label=\"Primeras Jornadas Tomistas\"><a target=\"_self\" title=\"Primeras Jornadas Tomistas\" href=\"https:\/\/nuestrocarisma.org\/index.php\/timeline\/primeras-jornadas-tomistas\/\" class=\"story-link\">Primeras Jornadas Tomistas<\/a><\/div><!-- Story Media --><div class=\"ctl-media full\"><a data-glightbox=\"Primeras Jornadas Tomistas\" href=\"https:\/\/nuestrocarisma.org\/wp-content\/uploads\/2021\/04\/21.jpg\" class=\"ctl_glightbox\"><img loading=\"lazy\" decoding=\"async\" width=\"720\" height=\"480\" src=\"https:\/\/nuestrocarisma.org\/wp-content\/uploads\/2021\/04\/21.jpg\" class=\"story-img wp-post-image\" alt=\"Primeras Jornadas Tomistas\" srcset=\"https:\/\/nuestrocarisma.org\/wp-content\/uploads\/2021\/04\/21.jpg 720w, https:\/\/nuestrocarisma.org\/wp-content\/uploads\/2021\/04\/21-300x200.jpg 300w\" sizes=\"(max-width: 720px) 100vw, 720px\" \/><\/a><\/div><!-- Story Description --><div class=\"ctl-description\"><p>Primeras Jornadas Tomistas en la Casa Madre en San Rafael<\/p>\n<\/div><\/div><\/div><!-- Timeline Content --><div id=\"ctl-story-3075\" class=\"ctl-story ctl-story-icon even ctl-story-left\" data-story-index=\"26\" role=\"article\"><!-- Story Date --><div class=\"ctl-labels\"><div class=\"ctl-label-big story-date\">23\/09\/1988<\/div><\/div><!-- Story Icon --><div class=\"ctl-icon\"><i class=\"fa fa-clock-o\" aria-hidden=\"true\"><\/i><\/div> <!-- Story Arrow --><div class=\"ctl-arrow\"><\/div>\r\n\t\t\t<!-- Story Content --><div class=\"ctl-content\"><!-- Story Title --><div class=\"ctl-title story-3075\" aria-label=\"I Cap\u00edtulo General\"><a target=\"_self\" title=\"I Cap\u00edtulo General\" href=\"https:\/\/nuestrocarisma.org\/index.php\/timeline\/i-capitulo-general\/\" class=\"story-link\">I Cap\u00edtulo General<\/a><\/div><!-- Story Media --><div class=\"ctl-media full\"><a data-glightbox=\"I Cap\u00edtulo General\" href=\"https:\/\/nuestrocarisma.org\/wp-content\/uploads\/2021\/04\/22.jpg\" class=\"ctl_glightbox\"><img loading=\"lazy\" decoding=\"async\" width=\"720\" height=\"480\" src=\"https:\/\/nuestrocarisma.org\/wp-content\/uploads\/2021\/04\/22.jpg\" class=\"story-img wp-post-image\" alt=\"I Cap\u00edtulo General\" srcset=\"https:\/\/nuestrocarisma.org\/wp-content\/uploads\/2021\/04\/22.jpg 720w, https:\/\/nuestrocarisma.org\/wp-content\/uploads\/2021\/04\/22-300x200.jpg 300w\" sizes=\"(max-width: 720px) 100vw, 720px\" \/><\/a><\/div><!-- Story Description --><div class=\"ctl-description\"><p>I Cap\u00edtulo General (ordinario) en la Casa Madre \/ El P. Buela es elegido Superior General<\/p>\n<\/div><\/div><\/div><!-- Timeline Content --><div id=\"ctl-story-3077\" class=\"ctl-story ctl-story-icon odd ctl-story-right\" data-story-index=\"27\" role=\"article\"><!-- Story Date --><div class=\"ctl-labels\"><div class=\"ctl-label-big story-date\">25\/12\/1988<\/div><\/div><!-- Story Icon --><div class=\"ctl-icon\"><i class=\"fa fa-clock-o\" aria-hidden=\"true\"><\/i><\/div> <!-- Story Arrow --><div class=\"ctl-arrow\"><\/div>\r\n\t\t\t<!-- Story Content --><div class=\"ctl-content\"><!-- Story Title --><div class=\"ctl-title story-3077\" aria-label=\"Fundaci\u00f3n del primer Monasterio\"><a target=\"_self\" title=\"Fundaci\u00f3n del primer Monasterio\" href=\"https:\/\/nuestrocarisma.org\/index.php\/timeline\/fundacion-del-primer-monasterio\/\" class=\"story-link\">Fundaci\u00f3n del primer Monasterio<\/a><\/div><!-- Story Media --><div class=\"ctl-media full\"><a data-glightbox=\"Fundaci\u00f3n del primer Monasterio\" href=\"https:\/\/nuestrocarisma.org\/wp-content\/uploads\/2021\/04\/19.jpg\" class=\"ctl_glightbox\"><img loading=\"lazy\" decoding=\"async\" width=\"720\" height=\"480\" src=\"https:\/\/nuestrocarisma.org\/wp-content\/uploads\/2021\/04\/19.jpg\" class=\"story-img wp-post-image\" alt=\"Fundaci\u00f3n del primer Monasterio\" srcset=\"https:\/\/nuestrocarisma.org\/wp-content\/uploads\/2021\/04\/19.jpg 720w, https:\/\/nuestrocarisma.org\/wp-content\/uploads\/2021\/04\/19-300x200.jpg 300w\" sizes=\"(max-width: 720px) 100vw, 720px\" \/><\/a><\/div><!-- Story Description --><div class=\"ctl-description\"><p>Se funda el Monasterio \u201cdel Verbo Encarnado\u201d, en Los Coroneles, San Rafael; primer Monasterio contemplativo del IVE<\/p>\n<\/div><\/div><\/div><!-- Story Year Section --><div data-cls=\"sc-nv-light vertical\" class=\"timeline-year scrollable-section ctl-year ctl-year-container light-year\" data-section-title=\"1989\" id=\"year-1989\"><div class=\"ctl-year-label ctl-year-text\"><span>1989<\/span><\/div><\/div><!-- Timeline Content --><div id=\"ctl-story-3081\" class=\"ctl-story ctl-story-icon even ctl-story-left\" data-story-index=\"28\" role=\"article\"><!-- Story Date --><div class=\"ctl-labels\"><div class=\"ctl-label-big story-date\">01\/07\/1989<\/div><\/div><!-- Story Icon --><div class=\"ctl-icon\"><i class=\"fa fa-clock-o\" aria-hidden=\"true\"><\/i><\/div> <!-- Story Arrow --><div class=\"ctl-arrow\"><\/div>\r\n\t\t\t<!-- Story Content --><div class=\"ctl-content\"><!-- Story Title --><div class=\"ctl-title story-3081\" aria-label=\"Fundaci\u00f3n en Brooklyn &#8211; USA\"><a target=\"_self\" title=\"Fundaci\u00f3n en Brooklyn &#8211; USA\" href=\"https:\/\/nuestrocarisma.org\/index.php\/timeline\/fundacion-en-estados-unidos\/\" class=\"story-link\">Fundaci\u00f3n en Brooklyn &#8211; USA<\/a><\/div><!-- Story Media --><div class=\"ctl-media full\"><a data-glightbox=\"Fundaci\u00f3n en Brooklyn &#8211; USA\" href=\"https:\/\/nuestrocarisma.org\/wp-content\/uploads\/2021\/04\/24.jpg\" class=\"ctl_glightbox\"><img loading=\"lazy\" decoding=\"async\" width=\"720\" height=\"480\" src=\"https:\/\/nuestrocarisma.org\/wp-content\/uploads\/2021\/04\/24.jpg\" class=\"story-img wp-post-image\" alt=\"Fundaci\u00f3n en Brooklyn &#8211; USA\" srcset=\"https:\/\/nuestrocarisma.org\/wp-content\/uploads\/2021\/04\/24.jpg 720w, https:\/\/nuestrocarisma.org\/wp-content\/uploads\/2021\/04\/24-300x200.jpg 300w\" sizes=\"(max-width: 720px) 100vw, 720px\" \/><\/a><\/div><!-- Story Description --><div class=\"ctl-description\"><p>Primera fundaci\u00f3n en Estados Unidos, en la di\u00f3cesis de Brooklyn, New York<\/p>\n<\/div><\/div><\/div><!-- Timeline Content --><div id=\"ctl-story-3231\" class=\"ctl-story ctl-story-icon odd ctl-story-right\" data-story-index=\"29\" role=\"article\"><!-- Story Date --><div class=\"ctl-labels\"><div class=\"ctl-label-big story-date\">22\/09\/1989<\/div><\/div><!-- Story Icon --><div class=\"ctl-icon\"><i class=\"fa fa-clock-o\" aria-hidden=\"true\"><\/i><\/div> <!-- Story Arrow --><div class=\"ctl-arrow\"><\/div>\r\n\t\t\t<!-- Story Content --><div class=\"ctl-content\"><!-- Story Title --><div class=\"ctl-title story-3231\" aria-label=\"II Cap\u00edtulo General\"><a target=\"_self\" title=\"II Cap\u00edtulo General\" href=\"https:\/\/nuestrocarisma.org\/index.php\/timeline\/ii-capitulo-general\/\" class=\"story-link\">II Cap\u00edtulo General<\/a><\/div><!-- Story Media --><div class=\"ctl-media full\"><a data-glightbox=\"II Cap\u00edtulo General\" href=\"https:\/\/nuestrocarisma.org\/wp-content\/uploads\/2021\/05\/25.jpg\" class=\"ctl_glightbox\"><img loading=\"lazy\" decoding=\"async\" width=\"720\" height=\"480\" src=\"https:\/\/nuestrocarisma.org\/wp-content\/uploads\/2021\/05\/25.jpg\" class=\"story-img wp-post-image\" alt=\"II Cap\u00edtulo General\" srcset=\"https:\/\/nuestrocarisma.org\/wp-content\/uploads\/2021\/05\/25.jpg 720w, https:\/\/nuestrocarisma.org\/wp-content\/uploads\/2021\/05\/25-300x200.jpg 300w\" sizes=\"(max-width: 720px) 100vw, 720px\" \/><\/a><\/div><!-- Story Description --><div class=\"ctl-description\"><p>II Cap\u00edtulo General (extraordinario) en la Casa Madre en San Rafael<\/p>\n<\/div><\/div><\/div><!-- Timeline Content --><div id=\"ctl-story-3233\" class=\"ctl-story ctl-story-icon even ctl-story-left\" data-story-index=\"30\" role=\"article\"><!-- Story Date --><div class=\"ctl-labels\"><div class=\"ctl-label-big story-date\">22\/09\/1989<\/div><\/div><!-- Story Icon --><div class=\"ctl-icon\"><i class=\"fa fa-clock-o\" aria-hidden=\"true\"><\/i><\/div> <!-- Story Arrow --><div class=\"ctl-arrow\"><\/div>\r\n\t\t\t<!-- Story Content --><div class=\"ctl-content\"><!-- Story Title --><div class=\"ctl-title story-3233\" aria-label=\"Comienzo de la Tercera Orden Secular\"><a target=\"_self\" title=\"Comienzo de la Tercera Orden Secular\" href=\"https:\/\/nuestrocarisma.org\/index.php\/timeline\/tercera-orden-secular\/\" class=\"story-link\">Comienzo de la Tercera Orden Secular<\/a><\/div><!-- Story Media --><div class=\"ctl-media full\"><a data-glightbox=\"Comienzo de la Tercera Orden Secular\" href=\"https:\/\/nuestrocarisma.org\/wp-content\/uploads\/2021\/05\/1989-4.jpg\" class=\"ctl_glightbox\"><img loading=\"lazy\" decoding=\"async\" width=\"720\" height=\"480\" src=\"https:\/\/nuestrocarisma.org\/wp-content\/uploads\/2021\/05\/1989-4.jpg\" class=\"story-img wp-post-image\" alt=\"Comienzo de la Tercera Orden Secular\" srcset=\"https:\/\/nuestrocarisma.org\/wp-content\/uploads\/2021\/05\/1989-4.jpg 720w, https:\/\/nuestrocarisma.org\/wp-content\/uploads\/2021\/05\/1989-4-300x200.jpg 300w\" sizes=\"(max-width: 720px) 100vw, 720px\" \/><\/a><\/div><!-- Story Description --><div class=\"ctl-description\"><p>Se toma la decisi\u00f3n de comenzar oficialmente la Tercera Orden Secular de la Familia Religiosa<\/p>\n<\/div><\/div><\/div><!-- Story Year Section --><div data-cls=\"sc-nv-light vertical\" class=\"timeline-year scrollable-section ctl-year ctl-year-container light-year\" data-section-title=\"1990\" id=\"year-1990\"><div class=\"ctl-year-label ctl-year-text\"><span>1990<\/span><\/div><\/div><!-- Timeline Content --><div id=\"ctl-story-3235\" class=\"ctl-story ctl-story-icon odd ctl-story-right\" data-story-index=\"31\" role=\"article\"><!-- Story Date --><div class=\"ctl-labels\"><div class=\"ctl-label-big story-date\">16\/04\/1990<\/div><\/div><!-- Story Icon --><div class=\"ctl-icon\"><i class=\"fa fa-clock-o\" aria-hidden=\"true\"><\/i><\/div> <!-- Story Arrow --><div class=\"ctl-arrow\"><\/div>\r\n\t\t\t<!-- Story Content --><div class=\"ctl-content\"><!-- Story Title --><div class=\"ctl-title story-3235\" aria-label=\"Casa de Formaci\u00f3n Mayor en San Rafael\"><a target=\"_self\" title=\"Casa de Formaci\u00f3n Mayor en San Rafael\" href=\"https:\/\/nuestrocarisma.org\/index.php\/timeline\/primera-casa-de-formacion\/\" class=\"story-link\">Casa de Formaci\u00f3n Mayor en San Rafael<\/a><\/div><!-- Story Media --><div class=\"ctl-media full\"><a data-glightbox=\"Casa de Formaci\u00f3n Mayor en San Rafael\" href=\"https:\/\/nuestrocarisma.org\/wp-content\/uploads\/2021\/05\/1990-1.jpg\" class=\"ctl_glightbox\"><img loading=\"lazy\" decoding=\"async\" width=\"720\" height=\"480\" src=\"https:\/\/nuestrocarisma.org\/wp-content\/uploads\/2021\/05\/1990-1.jpg\" class=\"story-img wp-post-image\" alt=\"Casa de Formaci\u00f3n Mayor en San Rafael\" srcset=\"https:\/\/nuestrocarisma.org\/wp-content\/uploads\/2021\/05\/1990-1.jpg 720w, https:\/\/nuestrocarisma.org\/wp-content\/uploads\/2021\/05\/1990-1-300x200.jpg 300w\" sizes=\"(max-width: 720px) 100vw, 720px\" \/><\/a><\/div><!-- Story Description --><div class=\"ctl-description\"><p>Mons. Le\u00f3n Kruk autoriza la fundaci\u00f3n de la primera Casa de Formaci\u00f3n Mayor, \u201cMar\u00eda Madre del Verbo Encarnado\u201d, en la Casa Madre<\/p>\n<\/div><\/div><\/div><!-- Timeline Content --><div id=\"ctl-story-3237\" class=\"ctl-story ctl-story-icon even ctl-story-left\" data-story-index=\"32\" role=\"article\"><!-- Story Date --><div class=\"ctl-labels\"><div class=\"ctl-label-big story-date\">01\/08\/1990<\/div><\/div><!-- Story Icon --><div class=\"ctl-icon\"><i class=\"fa fa-clock-o\" aria-hidden=\"true\"><\/i><\/div> <!-- Story Arrow --><div class=\"ctl-arrow\"><\/div>\r\n\t\t\t<!-- Story Content --><div class=\"ctl-content\"><!-- Story Title --><div class=\"ctl-title story-3237\" aria-label=\"Primer curso de Universa Philosophia\"><a target=\"_self\" title=\"Primer curso de Universa Philosophia\" href=\"https:\/\/nuestrocarisma.org\/index.php\/timeline\/primer-curso-de-universa-philosophia\/\" class=\"story-link\">Primer curso de Universa Philosophia<\/a><\/div><!-- Story Media --><div class=\"ctl-media full\"><a data-glightbox=\"Primer curso de Universa Philosophia\" href=\"https:\/\/nuestrocarisma.org\/wp-content\/uploads\/2021\/05\/28.jpg\" class=\"ctl_glightbox\"><img loading=\"lazy\" decoding=\"async\" width=\"720\" height=\"480\" src=\"https:\/\/nuestrocarisma.org\/wp-content\/uploads\/2021\/05\/28.jpg\" class=\"story-img wp-post-image\" alt=\"Primer curso de Universa Philosophia\" srcset=\"https:\/\/nuestrocarisma.org\/wp-content\/uploads\/2021\/05\/28.jpg 720w, https:\/\/nuestrocarisma.org\/wp-content\/uploads\/2021\/05\/28-300x200.jpg 300w\" sizes=\"(max-width: 720px) 100vw, 720px\" \/><\/a><\/div><!-- Story Description --><div class=\"ctl-description\"><p>Se realiza por primera vez el Curso de Universa Philosophia en la Casa Madre<\/p>\n<\/div><\/div><\/div><!-- Timeline Content --><div id=\"ctl-story-3239\" class=\"ctl-story ctl-story-icon odd ctl-story-right\" data-story-index=\"33\" role=\"article\"><!-- Story Date --><div class=\"ctl-labels\"><div class=\"ctl-label-big story-date\">02\/12\/1990<\/div><\/div><!-- Story Icon --><div class=\"ctl-icon\"><i class=\"fa fa-clock-o\" aria-hidden=\"true\"><\/i><\/div> <!-- Story Arrow --><div class=\"ctl-arrow\"><\/div>\r\n\t\t\t<!-- Story Content --><div class=\"ctl-content\"><!-- Story Title --><div class=\"ctl-title story-3239\" aria-label=\"Consagraci\u00f3n del templo en la Casa Madre\"><a target=\"_self\" title=\"Consagraci\u00f3n del templo en la Casa Madre\" href=\"https:\/\/nuestrocarisma.org\/index.php\/timeline\/consagracion-del-templo-parroquial-en-la-casa-madre\/\" class=\"story-link\">Consagraci\u00f3n del templo en la Casa Madre<\/a><\/div><!-- Story Media --><div class=\"ctl-media full\"><a data-glightbox=\"Consagraci\u00f3n del templo en la Casa Madre\" href=\"https:\/\/nuestrocarisma.org\/wp-content\/uploads\/2021\/05\/29.jpg\" class=\"ctl_glightbox\"><img loading=\"lazy\" decoding=\"async\" width=\"720\" height=\"480\" src=\"https:\/\/nuestrocarisma.org\/wp-content\/uploads\/2021\/05\/29.jpg\" class=\"story-img wp-post-image\" alt=\"Consagraci\u00f3n del templo en la Casa Madre\" srcset=\"https:\/\/nuestrocarisma.org\/wp-content\/uploads\/2021\/05\/29.jpg 720w, https:\/\/nuestrocarisma.org\/wp-content\/uploads\/2021\/05\/29-300x200.jpg 300w\" sizes=\"(max-width: 720px) 100vw, 720px\" \/><\/a><\/div><!-- Story Description --><div class=\"ctl-description\"><p>Mons. Le\u00f3n Kruk consagra el templo parroquial de \u201cNuestra Se\u00f1ora de los Dolores\u201d, en la Casa Madre<\/p>\n<\/div><\/div><\/div><!-- Timeline Content --><div id=\"ctl-story-3241\" class=\"ctl-story ctl-story-icon even ctl-story-left\" data-story-index=\"34\" role=\"article\"><!-- Story Date --><div class=\"ctl-labels\"><div class=\"ctl-label-big story-date\">04\/12\/1990<\/div><\/div><!-- Story Icon --><div class=\"ctl-icon\"><i class=\"fa fa-clock-o\" aria-hidden=\"true\"><\/i><\/div> <!-- Story Arrow --><div class=\"ctl-arrow\"><\/div>\r\n\t\t\t<!-- Story Content --><div class=\"ctl-content\"><!-- Story Title --><div class=\"ctl-title story-3241\" aria-label=\"Fallecimiento del Padre Carlos Lojoya\"><a target=\"_self\" title=\"Fallecimiento del Padre Carlos Lojoya\" href=\"https:\/\/nuestrocarisma.org\/index.php\/timeline\/fallece-el-p-carlos-lojoya\/\" class=\"story-link\">Fallecimiento del Padre Carlos Lojoya<\/a><\/div><!-- Story Media --><div class=\"ctl-media full\"><a data-glightbox=\"Fallecimiento del Padre Carlos Lojoya\" href=\"https:\/\/nuestrocarisma.org\/wp-content\/uploads\/2021\/05\/1990-4.jpg\" class=\"ctl_glightbox\"><img loading=\"lazy\" decoding=\"async\" width=\"720\" height=\"480\" src=\"https:\/\/nuestrocarisma.org\/wp-content\/uploads\/2021\/05\/1990-4.jpg\" class=\"story-img wp-post-image\" alt=\"Fallecimiento del Padre Carlos Lojoya\" srcset=\"https:\/\/nuestrocarisma.org\/wp-content\/uploads\/2021\/05\/1990-4.jpg 720w, https:\/\/nuestrocarisma.org\/wp-content\/uploads\/2021\/05\/1990-4-300x200.jpg 300w\" sizes=\"(max-width: 720px) 100vw, 720px\" \/><\/a><\/div><!-- Story Description --><div class=\"ctl-description\"><p>Fallece el P. Carlos Lojoya, sacerdote muy fecundo en vocaciones, quien se consideraba miembro del IVE<\/p>\n<\/div><\/div><\/div><!-- Timeline Content --><div id=\"ctl-story-3243\" class=\"ctl-story ctl-story-icon odd ctl-story-right\" data-story-index=\"35\" role=\"article\"><!-- Story Date --><div class=\"ctl-labels\"><div class=\"ctl-label-big story-date\">08\/12\/1990<\/div><\/div><!-- Story Icon --><div class=\"ctl-icon\"><i class=\"fa fa-clock-o\" aria-hidden=\"true\"><\/i><\/div> <!-- Story Arrow --><div class=\"ctl-arrow\"><\/div>\r\n\t\t\t<!-- Story Content --><div class=\"ctl-content\"><!-- Story Title --><div class=\"ctl-title story-3243\" aria-label=\"Ordenaci\u00f3n del curso fundador\"><a target=\"_self\" title=\"Ordenaci\u00f3n del curso fundador\" href=\"https:\/\/nuestrocarisma.org\/index.php\/timeline\/ordenacion-del-curso-fundador\/\" class=\"story-link\">Ordenaci\u00f3n del curso fundador<\/a><\/div><!-- Story Media --><div class=\"ctl-media full\"><a data-glightbox=\"Ordenaci\u00f3n del curso fundador\" href=\"https:\/\/nuestrocarisma.org\/wp-content\/uploads\/2021\/05\/31.jpg\" class=\"ctl_glightbox\"><img loading=\"lazy\" decoding=\"async\" width=\"720\" height=\"480\" src=\"https:\/\/nuestrocarisma.org\/wp-content\/uploads\/2021\/05\/31.jpg\" class=\"story-img wp-post-image\" alt=\"Ordenaci\u00f3n del curso fundador\" srcset=\"https:\/\/nuestrocarisma.org\/wp-content\/uploads\/2021\/05\/31.jpg 720w, https:\/\/nuestrocarisma.org\/wp-content\/uploads\/2021\/05\/31-300x200.jpg 300w\" sizes=\"(max-width: 720px) 100vw, 720px\" \/><\/a><\/div><!-- Story Description --><div class=\"ctl-description\"><p>Ordenaci\u00f3n de 19 seminaristas del curso fundador en San Rafael, Argentina<\/p>\n<\/div><\/div><\/div><!-- Story Year Section --><div data-cls=\"sc-nv-light vertical\" class=\"timeline-year scrollable-section ctl-year ctl-year-container light-year\" data-section-title=\"1991\" id=\"year-1991\"><div class=\"ctl-year-label ctl-year-text\"><span>1991<\/span><\/div><\/div><!-- Timeline Content --><div id=\"ctl-story-3245\" class=\"ctl-story ctl-story-icon even ctl-story-left\" data-story-index=\"36\" role=\"article\"><!-- Story Date --><div class=\"ctl-labels\"><div class=\"ctl-label-big story-date\">31\/05\/1991<\/div><\/div><!-- Story Icon --><div class=\"ctl-icon\"><i class=\"fa fa-clock-o\" aria-hidden=\"true\"><\/i><\/div> <!-- Story Arrow --><div class=\"ctl-arrow\"><\/div>\r\n\t\t\t<!-- Story Content --><div class=\"ctl-content\"><!-- Story Title --><div class=\"ctl-title story-3245\" aria-label=\"Primer profeso perpetuo\"><a target=\"_self\" title=\"Primer profeso perpetuo\" href=\"https:\/\/nuestrocarisma.org\/index.php\/timeline\/primer-profeso-perpetuo\/\" class=\"story-link\">Primer profeso perpetuo<\/a><\/div><!-- Story Media --><div class=\"ctl-media full\"><a data-glightbox=\"Primer profeso perpetuo\" href=\"https:\/\/nuestrocarisma.org\/wp-content\/uploads\/2021\/05\/1991-1-1.jpg\" class=\"ctl_glightbox\"><img loading=\"lazy\" decoding=\"async\" width=\"720\" height=\"480\" src=\"https:\/\/nuestrocarisma.org\/wp-content\/uploads\/2021\/05\/1991-1-1.jpg\" class=\"story-img wp-post-image\" alt=\"Primer profeso perpetuo\" srcset=\"https:\/\/nuestrocarisma.org\/wp-content\/uploads\/2021\/05\/1991-1-1.jpg 720w, https:\/\/nuestrocarisma.org\/wp-content\/uploads\/2021\/05\/1991-1-1-300x200.jpg 300w\" sizes=\"(max-width: 720px) 100vw, 720px\" \/><\/a><\/div><!-- Story Description --><div class=\"ctl-description\"><p>Primer profeso perpetuo \/ El P. Buela realiza la profesi\u00f3n perpetua en la Catedral de \u201cSan Esteban\u201d en Viena, ante la imagen de Nuestra Se\u00f1ora de P\u00f3cs<\/p>\n<\/div><\/div><\/div><!-- Timeline Content --><div id=\"ctl-story-3247\" class=\"ctl-story ctl-story-icon odd ctl-story-right\" data-story-index=\"37\" role=\"article\"><!-- Story Date --><div class=\"ctl-labels\"><div class=\"ctl-label-big story-date\">07\/09\/1991<\/div><\/div><!-- Story Icon --><div class=\"ctl-icon\"><i class=\"fa fa-clock-o\" aria-hidden=\"true\"><\/i><\/div> <!-- Story Arrow --><div class=\"ctl-arrow\"><\/div>\r\n\t\t\t<!-- Story Content --><div class=\"ctl-content\"><!-- Story Title --><div class=\"ctl-title story-3247\" aria-label=\"Fallecimiento de Mons. Le\u00f3n Kruk\"><a target=\"_self\" title=\"Fallecimiento de Mons. Le\u00f3n Kruk\" href=\"https:\/\/nuestrocarisma.org\/index.php\/timeline\/fallece-mons-leon-kruk\/\" class=\"story-link\">Fallecimiento de Mons. Le\u00f3n Kruk<\/a><\/div><!-- Story Media --><div class=\"ctl-media full\"><a data-glightbox=\"Fallecimiento de Mons. Le\u00f3n Kruk\" href=\"https:\/\/nuestrocarisma.org\/wp-content\/uploads\/2021\/05\/1991-2-1.jpg\" class=\"ctl_glightbox\"><img loading=\"lazy\" decoding=\"async\" width=\"720\" height=\"480\" src=\"https:\/\/nuestrocarisma.org\/wp-content\/uploads\/2021\/05\/1991-2-1.jpg\" class=\"story-img wp-post-image\" alt=\"Fallecimiento de Mons. Le\u00f3n Kruk\" srcset=\"https:\/\/nuestrocarisma.org\/wp-content\/uploads\/2021\/05\/1991-2-1.jpg 720w, https:\/\/nuestrocarisma.org\/wp-content\/uploads\/2021\/05\/1991-2-1-300x200.jpg 300w\" sizes=\"(max-width: 720px) 100vw, 720px\" \/><\/a><\/div><!-- Story Description --><div class=\"ctl-description\"><p>Fallece Mons. Le\u00f3n Kruk, obispo de San Rafael, Argentina<\/p>\n<\/div><\/div><\/div><!-- Timeline Content --><div id=\"ctl-story-3249\" class=\"ctl-story ctl-story-icon even ctl-story-left\" data-story-index=\"38\" role=\"article\"><!-- Story Date --><div class=\"ctl-labels\"><div class=\"ctl-label-big story-date\">08\/12\/1991<\/div><\/div><!-- Story Icon --><div class=\"ctl-icon\"><i class=\"fa fa-clock-o\" aria-hidden=\"true\"><\/i><\/div> <!-- Story Arrow --><div class=\"ctl-arrow\"><\/div>\r\n\t\t\t<!-- Story Content --><div class=\"ctl-content\"><!-- Story Title --><div class=\"ctl-title story-3249\" aria-label=\"Primeros votos perpetuos en San Rafael\"><a target=\"_self\" title=\"Primeros votos perpetuos en San Rafael\" href=\"https:\/\/nuestrocarisma.org\/index.php\/timeline\/primera-profesion-de-votos-perpetuos-en-san-rafael\/\" class=\"story-link\">Primeros votos perpetuos en San Rafael<\/a><\/div><!-- Story Media --><div class=\"ctl-media full\"><a data-glightbox=\"Primeros votos perpetuos en San Rafael\" href=\"https:\/\/nuestrocarisma.org\/wp-content\/uploads\/2021\/05\/1991-3.jpg\" class=\"ctl_glightbox\"><img loading=\"lazy\" decoding=\"async\" width=\"720\" height=\"480\" src=\"https:\/\/nuestrocarisma.org\/wp-content\/uploads\/2021\/05\/1991-3.jpg\" class=\"story-img wp-post-image\" alt=\"Primeros votos perpetuos en San Rafael\" srcset=\"https:\/\/nuestrocarisma.org\/wp-content\/uploads\/2021\/05\/1991-3.jpg 720w, https:\/\/nuestrocarisma.org\/wp-content\/uploads\/2021\/05\/1991-3-300x200.jpg 300w\" sizes=\"(max-width: 720px) 100vw, 720px\" \/><\/a><\/div><!-- Story Description --><div class=\"ctl-description\"><p>Primera profesi\u00f3n de votos perpetuos de un grupo de sacerdotes en San Rafael, Argentina<\/p>\n<\/div><\/div><\/div><!-- Timeline Content --><div id=\"ctl-story-3251\" class=\"ctl-story ctl-story-icon odd ctl-story-right\" data-story-index=\"39\" role=\"article\"><!-- Story Date --><div class=\"ctl-labels\"><div class=\"ctl-label-big story-date\">12\/12\/1991<\/div><\/div><!-- Story Icon --><div class=\"ctl-icon\"><i class=\"fa fa-clock-o\" aria-hidden=\"true\"><\/i><\/div> <!-- Story Arrow --><div class=\"ctl-arrow\"><\/div>\r\n\t\t\t<!-- Story Content --><div class=\"ctl-content\"><!-- Story Title --><div class=\"ctl-title story-3251\" aria-label=\"Parroquia en Ponzano Romano &#8211; Italia\"><a target=\"_self\" title=\"Parroquia en Ponzano Romano &#8211; Italia\" href=\"https:\/\/nuestrocarisma.org\/index.php\/timeline\/primera-parroquia-en-italia\/\" class=\"story-link\">Parroquia en Ponzano Romano &#8211; Italia<\/a><\/div><!-- Story Media --><div class=\"ctl-media full\"><a data-glightbox=\"Parroquia en Ponzano Romano &#8211; Italia\" href=\"https:\/\/nuestrocarisma.org\/wp-content\/uploads\/2021\/05\/1991-4b.jpg\" class=\"ctl_glightbox\"><img loading=\"lazy\" decoding=\"async\" width=\"720\" height=\"480\" src=\"https:\/\/nuestrocarisma.org\/wp-content\/uploads\/2021\/05\/1991-4b.jpg\" class=\"story-img wp-post-image\" alt=\"Parroquia en Ponzano Romano &#8211; Italia\" srcset=\"https:\/\/nuestrocarisma.org\/wp-content\/uploads\/2021\/05\/1991-4b.jpg 720w, https:\/\/nuestrocarisma.org\/wp-content\/uploads\/2021\/05\/1991-4b-300x200.jpg 300w\" sizes=\"(max-width: 720px) 100vw, 720px\" \/><\/a><\/div><!-- Story Description --><div class=\"ctl-description\"><p>Se asume la primera Parroquia en Italia, \u201cSan Nicol\u00e1s de Bari\u201d, en Ponzano Romano, di\u00f3cesis de Civita Castellana<\/p>\n<\/div><\/div><\/div><!-- Story Year Section --><div data-cls=\"sc-nv-light vertical\" class=\"timeline-year scrollable-section ctl-year ctl-year-container light-year\" data-section-title=\"1992\" id=\"year-1992\"><div class=\"ctl-year-label ctl-year-text\"><span>1992<\/span><\/div><\/div><!-- Timeline Content --><div id=\"ctl-story-3258\" class=\"ctl-story ctl-story-icon even ctl-story-left\" data-story-index=\"40\" role=\"article\"><!-- Story Date --><div class=\"ctl-labels\"><div class=\"ctl-label-big story-date\">07\/01\/1992<\/div><\/div><!-- Story Icon --><div class=\"ctl-icon\"><i class=\"fa fa-clock-o\" aria-hidden=\"true\"><\/i><\/div> <!-- Story Arrow --><div class=\"ctl-arrow\"><\/div>\r\n\t\t\t<!-- Story Content --><div class=\"ctl-content\"><!-- Story Title --><div class=\"ctl-title story-3258\" aria-label=\"Parroquia en Brooklyn &#8211; USA\"><a target=\"_self\" title=\"Parroquia en Brooklyn &#8211; USA\" href=\"https:\/\/nuestrocarisma.org\/index.php\/timeline\/primera-parroquia-en-usa\/\" class=\"story-link\">Parroquia en Brooklyn &#8211; USA<\/a><\/div><!-- Story Media --><div class=\"ctl-media full\"><a data-glightbox=\"Parroquia en Brooklyn &#8211; USA\" href=\"https:\/\/nuestrocarisma.org\/wp-content\/uploads\/2021\/05\/37.jpg\" class=\"ctl_glightbox\"><img loading=\"lazy\" decoding=\"async\" width=\"720\" height=\"480\" src=\"https:\/\/nuestrocarisma.org\/wp-content\/uploads\/2021\/05\/37.jpg\" class=\"story-img wp-post-image\" alt=\"Parroquia en Brooklyn &#8211; USA\" srcset=\"https:\/\/nuestrocarisma.org\/wp-content\/uploads\/2021\/05\/37.jpg 720w, https:\/\/nuestrocarisma.org\/wp-content\/uploads\/2021\/05\/37-300x200.jpg 300w\" sizes=\"(max-width: 720px) 100vw, 720px\" \/><\/a><\/div><!-- Story Description --><div class=\"ctl-description\"><p>Se asume la Parroquia \u201cSan Gabriel\u201d en la di\u00f3cesis de Brooklyn, New York, USA<\/p>\n<\/div><\/div><\/div><!-- Timeline Content --><div id=\"ctl-story-3260\" class=\"ctl-story ctl-story-icon odd ctl-story-right\" data-story-index=\"41\" role=\"article\"><!-- Story Date --><div class=\"ctl-labels\"><div class=\"ctl-label-big story-date\">28\/02\/1992<\/div><\/div><!-- Story Icon --><div class=\"ctl-icon\"><i class=\"fa fa-clock-o\" aria-hidden=\"true\"><\/i><\/div> <!-- Story Arrow --><div class=\"ctl-arrow\"><\/div>\r\n\t\t\t<!-- Story Content --><div class=\"ctl-content\"><!-- Story Title --><div class=\"ctl-title story-3260\" aria-label=\"Primer Doctor del IVE\"><a target=\"_self\" title=\"Primer Doctor del IVE\" href=\"https:\/\/nuestrocarisma.org\/index.php\/timeline\/primer-doctor-del-ive\/\" class=\"story-link\">Primer Doctor del IVE<\/a><\/div><!-- Story Media --><div class=\"ctl-media full\"><a data-glightbox=\"Primer Doctor del IVE\" href=\"https:\/\/nuestrocarisma.org\/wp-content\/uploads\/2021\/05\/38.jpg\" class=\"ctl_glightbox\"><img loading=\"lazy\" decoding=\"async\" width=\"720\" height=\"480\" src=\"https:\/\/nuestrocarisma.org\/wp-content\/uploads\/2021\/05\/38.jpg\" class=\"story-img wp-post-image\" alt=\"Primer Doctor del IVE\" srcset=\"https:\/\/nuestrocarisma.org\/wp-content\/uploads\/2021\/05\/38.jpg 720w, https:\/\/nuestrocarisma.org\/wp-content\/uploads\/2021\/05\/38-300x200.jpg 300w\" sizes=\"(max-width: 720px) 100vw, 720px\" \/><\/a><\/div><!-- Story Description --><div class=\"ctl-description\"><p>El P. Miguel \u00c1ngel Fuentes obtiene en Roma el t\u00edtulo de Doctor en Teolog\u00eda; primer Doctor del IVE<\/p>\n<\/div><\/div><\/div><!-- Timeline Content --><div id=\"ctl-story-3262\" class=\"ctl-story ctl-story-icon even ctl-story-left\" data-story-index=\"42\" role=\"article\"><!-- Story Date --><div class=\"ctl-labels\"><div class=\"ctl-label-big story-date\">25\/03\/1992<\/div><\/div><!-- Story Icon --><div class=\"ctl-icon\"><i class=\"fa fa-clock-o\" aria-hidden=\"true\"><\/i><\/div> <!-- Story Arrow --><div class=\"ctl-arrow\"><\/div>\r\n\t\t\t<!-- Story Content --><div class=\"ctl-content\"><!-- Story Title --><div class=\"ctl-title story-3262\" aria-label=\"Noviciado en Ponzano Romano &#8211; Italia\"><a target=\"_self\" title=\"Noviciado en Ponzano Romano &#8211; Italia\" href=\"https:\/\/nuestrocarisma.org\/index.php\/timeline\/noviciado-en-italia\/\" class=\"story-link\">Noviciado en Ponzano Romano &#8211; Italia<\/a><\/div><!-- Story Media --><div class=\"ctl-media full\"><a data-glightbox=\"Noviciado en Ponzano Romano &#8211; Italia\" href=\"https:\/\/nuestrocarisma.org\/wp-content\/uploads\/2021\/05\/39.jpg\" class=\"ctl_glightbox\"><img loading=\"lazy\" decoding=\"async\" width=\"720\" height=\"480\" src=\"https:\/\/nuestrocarisma.org\/wp-content\/uploads\/2021\/05\/39.jpg\" class=\"story-img wp-post-image\" alt=\"Noviciado en Ponzano Romano &#8211; Italia\" srcset=\"https:\/\/nuestrocarisma.org\/wp-content\/uploads\/2021\/05\/39.jpg 720w, https:\/\/nuestrocarisma.org\/wp-content\/uploads\/2021\/05\/39-300x200.jpg 300w\" sizes=\"(max-width: 720px) 100vw, 720px\" \/><\/a><\/div><!-- Story Description --><div class=\"ctl-description\"><p>Se funda el Noviciado \u201cPier Giorgio Frassatti\u201d en Ponzano Romano, Italia<\/p>\n<\/div><\/div><\/div><!-- Timeline Content --><div id=\"ctl-story-3264\" class=\"ctl-story ctl-story-icon odd ctl-story-right\" data-story-index=\"43\" role=\"article\"><!-- Story Date --><div class=\"ctl-labels\"><div class=\"ctl-label-big story-date\">15\/09\/1992<\/div><\/div><!-- Story Icon --><div class=\"ctl-icon\"><i class=\"fa fa-clock-o\" aria-hidden=\"true\"><\/i><\/div> <!-- Story Arrow --><div class=\"ctl-arrow\"><\/div>\r\n\t\t\t<!-- Story Content --><div class=\"ctl-content\"><!-- Story Title --><div class=\"ctl-title story-3264\" aria-label=\"Constituciones gemelas del IVE y de las SSVM\"><a target=\"_self\" title=\"Constituciones gemelas del IVE y de las SSVM\" href=\"https:\/\/nuestrocarisma.org\/index.php\/timeline\/constituciones-gemelas-del-ive-y-de-las-ssvm\/\" class=\"story-link\">Constituciones gemelas del IVE y de las SSVM<\/a><\/div><!-- Story Media --><div class=\"ctl-media full\"><a data-glightbox=\"Constituciones gemelas del IVE y de las SSVM\" href=\"https:\/\/nuestrocarisma.org\/wp-content\/uploads\/2021\/05\/40.jpg\" class=\"ctl_glightbox\"><img loading=\"lazy\" decoding=\"async\" width=\"720\" height=\"480\" src=\"https:\/\/nuestrocarisma.org\/wp-content\/uploads\/2021\/05\/40.jpg\" class=\"story-img wp-post-image\" alt=\"Constituciones gemelas del IVE y de las SSVM\" srcset=\"https:\/\/nuestrocarisma.org\/wp-content\/uploads\/2021\/05\/40.jpg 720w, https:\/\/nuestrocarisma.org\/wp-content\/uploads\/2021\/05\/40-300x200.jpg 300w\" sizes=\"(max-width: 720px) 100vw, 720px\" \/><\/a><\/div><!-- Story Description --><div class=\"ctl-description\"><p>El P. Buela termina de escribir las Constituciones gemelas del IVE y de las SSVM y las entrega al obispo de San Rafael, Argentina<\/p>\n<\/div><\/div><\/div><!-- Timeline Content --><div id=\"ctl-story-3266\" class=\"ctl-story ctl-story-icon even ctl-story-left\" data-story-index=\"44\" role=\"article\"><!-- Story Date --><div class=\"ctl-labels\"><div class=\"ctl-label-big story-date\">15\/09\/1992<\/div><\/div><!-- Story Icon --><div class=\"ctl-icon\"><i class=\"fa fa-clock-o\" aria-hidden=\"true\"><\/i><\/div> <!-- Story Arrow --><div class=\"ctl-arrow\"><\/div>\r\n\t\t\t<!-- Story Content --><div class=\"ctl-content\"><!-- Story Title --><div class=\"ctl-title story-3266\" aria-label=\"Revista \u00abDi\u00e1logo\u00bb &#8211; Inicio de la imprenta propia\"><a target=\"_self\" title=\"Revista \u00abDi\u00e1logo\u00bb &#8211; Inicio de la imprenta propia\" href=\"https:\/\/nuestrocarisma.org\/index.php\/timeline\/revista-dialogo\/\" class=\"story-link\">Revista \u00abDi\u00e1logo\u00bb &#8211; Inicio de la imprenta propia<\/a><\/div><!-- Story Media --><div class=\"ctl-media full\"><a data-glightbox=\"Revista \u00abDi\u00e1logo\u00bb &#8211; Inicio de la imprenta propia\" href=\"https:\/\/nuestrocarisma.org\/wp-content\/uploads\/2021\/05\/1992-5.jpg\" class=\"ctl_glightbox\"><img loading=\"lazy\" decoding=\"async\" width=\"720\" height=\"480\" src=\"https:\/\/nuestrocarisma.org\/wp-content\/uploads\/2021\/05\/1992-5.jpg\" class=\"story-img wp-post-image\" alt=\"Revista \u00abDi\u00e1logo\u00bb &#8211; Inicio de la imprenta propia\" srcset=\"https:\/\/nuestrocarisma.org\/wp-content\/uploads\/2021\/05\/1992-5.jpg 720w, https:\/\/nuestrocarisma.org\/wp-content\/uploads\/2021\/05\/1992-5-300x200.jpg 300w\" sizes=\"(max-width: 720px) 100vw, 720px\" \/><\/a><\/div><!-- Story Description --><div class=\"ctl-description\"><p>Primer n\u00famero de nuestra Revista \u201cDi\u00e1logo\u201d, continuando la obra del P. Meinvielle \/ Empieza nuestra propia imprenta<\/p>\n<\/div><\/div><\/div><!-- Timeline Content --><div id=\"ctl-story-3267\" class=\"ctl-story ctl-story-icon odd ctl-story-right\" data-story-index=\"45\" role=\"article\"><!-- Story Date --><div class=\"ctl-labels\"><div class=\"ctl-label-big story-date\">25\/09\/1992<\/div><\/div><!-- Story Icon --><div class=\"ctl-icon\"><i class=\"fa fa-clock-o\" aria-hidden=\"true\"><\/i><\/div> <!-- Story Arrow --><div class=\"ctl-arrow\"><\/div>\r\n\t\t\t<!-- Story Content --><div class=\"ctl-content\"><!-- Story Title --><div class=\"ctl-title story-3267\" aria-label=\"Monasterio en Arequipa &#8211; Per\u00fa\"><a target=\"_self\" title=\"Monasterio en Arequipa &#8211; Per\u00fa\" href=\"https:\/\/nuestrocarisma.org\/index.php\/timeline\/fundacion-del-monasterio-en-peru\/\" class=\"story-link\">Monasterio en Arequipa &#8211; Per\u00fa<\/a><\/div><!-- Story Media --><div class=\"ctl-media full\"><a data-glightbox=\"Monasterio en Arequipa &#8211; Per\u00fa\" href=\"https:\/\/nuestrocarisma.org\/wp-content\/uploads\/2021\/05\/1992-6.jpg\" class=\"ctl_glightbox\"><img loading=\"lazy\" decoding=\"async\" width=\"720\" height=\"480\" src=\"https:\/\/nuestrocarisma.org\/wp-content\/uploads\/2021\/05\/1992-6.jpg\" class=\"story-img wp-post-image\" alt=\"Monasterio en Arequipa &#8211; Per\u00fa\" srcset=\"https:\/\/nuestrocarisma.org\/wp-content\/uploads\/2021\/05\/1992-6.jpg 720w, https:\/\/nuestrocarisma.org\/wp-content\/uploads\/2021\/05\/1992-6-300x200.jpg 300w\" sizes=\"(max-width: 720px) 100vw, 720px\" \/><\/a><\/div><!-- Story Description --><div class=\"ctl-description\"><p>Se funda el Monasterio \u201cdel Ni\u00f1o Dios\u201d en el Santuario de la Virgen de Chapi, arquidi\u00f3cesis de Arequipa, Per\u00fa<\/p>\n<\/div><\/div><\/div><!-- Timeline Content --><div id=\"ctl-story-3268\" class=\"ctl-story ctl-story-icon even ctl-story-left\" data-story-index=\"46\" role=\"article\"><!-- Story Date --><div class=\"ctl-labels\"><div class=\"ctl-label-big story-date\">01\/12\/1992<\/div><\/div><!-- Story Icon --><div class=\"ctl-icon\"><i class=\"fa fa-clock-o\" aria-hidden=\"true\"><\/i><\/div> <!-- Story Arrow --><div class=\"ctl-arrow\"><\/div>\r\n\t\t\t<!-- Story Content --><div class=\"ctl-content\"><!-- Story Title --><div class=\"ctl-title story-3268\" aria-label=\"Primer curso de Universa Theologia\"><a target=\"_self\" title=\"Primer curso de Universa Theologia\" href=\"https:\/\/nuestrocarisma.org\/index.php\/timeline\/primer-curso-de-universa-theologia\/\" class=\"story-link\">Primer curso de Universa Theologia<\/a><\/div><!-- Story Media --><div class=\"ctl-media full\"><a data-glightbox=\"Primer curso de Universa Theologia\" href=\"https:\/\/nuestrocarisma.org\/wp-content\/uploads\/2021\/05\/1992-7.jpg\" class=\"ctl_glightbox\"><img loading=\"lazy\" decoding=\"async\" width=\"720\" height=\"480\" src=\"https:\/\/nuestrocarisma.org\/wp-content\/uploads\/2021\/05\/1992-7.jpg\" class=\"story-img wp-post-image\" alt=\"Primer curso de Universa Theologia\" srcset=\"https:\/\/nuestrocarisma.org\/wp-content\/uploads\/2021\/05\/1992-7.jpg 720w, https:\/\/nuestrocarisma.org\/wp-content\/uploads\/2021\/05\/1992-7-300x200.jpg 300w\" sizes=\"(max-width: 720px) 100vw, 720px\" \/><\/a><\/div><!-- Story Description --><div class=\"ctl-description\"><p>Se realiza por primera vez el Curso de Universa Theologia en la Casa Madre<\/p>\n<\/div><\/div><\/div><!-- Story Year Section --><div data-cls=\"sc-nv-light vertical\" class=\"timeline-year scrollable-section ctl-year ctl-year-container light-year\" data-section-title=\"1993\" id=\"year-1993\"><div class=\"ctl-year-label ctl-year-text\"><span>1993<\/span><\/div><\/div><!-- Timeline Content --><div id=\"ctl-story-3269\" class=\"ctl-story ctl-story-icon odd ctl-story-right\" data-story-index=\"47\" role=\"article\"><!-- Story Date --><div class=\"ctl-labels\"><div class=\"ctl-label-big story-date\">25\/03\/1993<\/div><\/div><!-- Story Icon --><div class=\"ctl-icon\"><i class=\"fa fa-clock-o\" aria-hidden=\"true\"><\/i><\/div> <!-- Story Arrow --><div class=\"ctl-arrow\"><\/div>\r\n\t\t\t<!-- Story Content --><div class=\"ctl-content\"><!-- Story Title --><div class=\"ctl-title story-3269\" aria-label=\"Noviciado en Arequipa &#8211; Per\u00fa\"><a target=\"_self\" title=\"Noviciado en Arequipa &#8211; Per\u00fa\" href=\"https:\/\/nuestrocarisma.org\/index.php\/timeline\/noviciado-en-peru\/\" class=\"story-link\">Noviciado en Arequipa &#8211; Per\u00fa<\/a><\/div><!-- Story Media --><div class=\"ctl-media full\"><a data-glightbox=\"Noviciado en Arequipa &#8211; Per\u00fa\" href=\"https:\/\/nuestrocarisma.org\/wp-content\/uploads\/2021\/05\/1993-1.jpg\" class=\"ctl_glightbox\"><img loading=\"lazy\" decoding=\"async\" width=\"720\" height=\"480\" src=\"https:\/\/nuestrocarisma.org\/wp-content\/uploads\/2021\/05\/1993-1.jpg\" class=\"story-img wp-post-image\" alt=\"Noviciado en Arequipa &#8211; Per\u00fa\" srcset=\"https:\/\/nuestrocarisma.org\/wp-content\/uploads\/2021\/05\/1993-1.jpg 720w, https:\/\/nuestrocarisma.org\/wp-content\/uploads\/2021\/05\/1993-1-300x200.jpg 300w\" sizes=\"(max-width: 720px) 100vw, 720px\" \/><\/a><\/div><!-- Story Description --><div class=\"ctl-description\"><p>Se funda el Noviciado \u201cSanto Toribio de Mogrovejo\u201d en el Santuario de Chapi, en Arequipa, Per\u00fa<\/p>\n<\/div><\/div><\/div><!-- Timeline Content --><div id=\"ctl-story-3270\" class=\"ctl-story ctl-story-icon even ctl-story-left\" data-story-index=\"48\" role=\"article\"><!-- Story Date --><div class=\"ctl-labels\"><div class=\"ctl-label-big story-date\">10\/06\/1993<\/div><\/div><!-- Story Icon --><div class=\"ctl-icon\"><i class=\"fa fa-clock-o\" aria-hidden=\"true\"><\/i><\/div> <!-- Story Arrow --><div class=\"ctl-arrow\"><\/div>\r\n\t\t\t<!-- Story Content --><div class=\"ctl-content\"><!-- Story Title --><div class=\"ctl-title story-3270\" aria-label=\"Fundaci\u00f3n en Rusia\"><a target=\"_self\" title=\"Fundaci\u00f3n en Rusia\" href=\"https:\/\/nuestrocarisma.org\/index.php\/timeline\/primero-misioneros-en-rusia\/\" class=\"story-link\">Fundaci\u00f3n en Rusia<\/a><\/div><!-- Story Media --><div class=\"ctl-media full\"><a data-glightbox=\"Fundaci\u00f3n en Rusia\" href=\"https:\/\/nuestrocarisma.org\/wp-content\/uploads\/2021\/05\/41.jpg\" class=\"ctl_glightbox\"><img loading=\"lazy\" decoding=\"async\" width=\"720\" height=\"480\" src=\"https:\/\/nuestrocarisma.org\/wp-content\/uploads\/2021\/05\/41.jpg\" class=\"story-img wp-post-image\" alt=\"Fundaci\u00f3n en Rusia\" srcset=\"https:\/\/nuestrocarisma.org\/wp-content\/uploads\/2021\/05\/41.jpg 720w, https:\/\/nuestrocarisma.org\/wp-content\/uploads\/2021\/05\/41-300x200.jpg 300w\" sizes=\"(max-width: 720px) 100vw, 720px\" \/><\/a><\/div><!-- Story Description --><div class=\"ctl-description\"><p>Llegan nuestros primeros misioneros a Rusia; en diciembre fundar\u00e1n en la ciudad de Bugurusl\u00e1n<\/p>\n<\/div><\/div><\/div><!-- Timeline Content --><div id=\"ctl-story-3272\" class=\"ctl-story ctl-story-icon odd ctl-story-right\" data-story-index=\"49\" role=\"article\"><!-- Story Date --><div class=\"ctl-labels\"><div class=\"ctl-label-big story-date\">25\/08\/1993<\/div><\/div><!-- Story Icon --><div class=\"ctl-icon\"><i class=\"fa fa-clock-o\" aria-hidden=\"true\"><\/i><\/div> <!-- Story Arrow --><div class=\"ctl-arrow\"><\/div>\r\n\t\t\t<!-- Story Content --><div class=\"ctl-content\"><!-- Story Title --><div class=\"ctl-title story-3272\" aria-label=\"Fundaci\u00f3n en Tierra Santa\"><a target=\"_self\" title=\"Fundaci\u00f3n en Tierra Santa\" href=\"https:\/\/nuestrocarisma.org\/index.php\/timeline\/fundacion-en-tierra-santa\/\" class=\"story-link\">Fundaci\u00f3n en Tierra Santa<\/a><\/div><!-- Story Media --><div class=\"ctl-media full\"><a data-glightbox=\"Fundaci\u00f3n en Tierra Santa\" href=\"https:\/\/nuestrocarisma.org\/wp-content\/uploads\/2021\/05\/42.jpg\" class=\"ctl_glightbox\"><img loading=\"lazy\" decoding=\"async\" width=\"720\" height=\"480\" src=\"https:\/\/nuestrocarisma.org\/wp-content\/uploads\/2021\/05\/42.jpg\" class=\"story-img wp-post-image\" alt=\"Fundaci\u00f3n en Tierra Santa\" srcset=\"https:\/\/nuestrocarisma.org\/wp-content\/uploads\/2021\/05\/42.jpg 720w, https:\/\/nuestrocarisma.org\/wp-content\/uploads\/2021\/05\/42-300x200.jpg 300w\" sizes=\"(max-width: 720px) 100vw, 720px\" \/><\/a><\/div><!-- Story Description --><div class=\"ctl-description\"><p>Primera fundaci\u00f3n en Tierra Santa para ayudar en la formaci\u00f3n en el Seminario del Patriarcado Latino en Beit Jala<\/p>\n<\/div><\/div><\/div><!-- Timeline Content --><div id=\"ctl-story-3274\" class=\"ctl-story ctl-story-icon even ctl-story-left\" data-story-index=\"50\" role=\"article\"><!-- Story Date --><div class=\"ctl-labels\"><div class=\"ctl-label-big story-date\">24\/11\/1993<\/div><\/div><!-- Story Icon --><div class=\"ctl-icon\"><i class=\"fa fa-clock-o\" aria-hidden=\"true\"><\/i><\/div> <!-- Story Arrow --><div class=\"ctl-arrow\"><\/div>\r\n\t\t\t<!-- Story Content --><div class=\"ctl-content\"><!-- Story Title --><div class=\"ctl-title story-3274\" aria-label=\"Eparqu\u00eda Ucraniana de Argentina\"><a target=\"_self\" title=\"Eparqu\u00eda Ucraniana de Argentina\" href=\"https:\/\/nuestrocarisma.org\/index.php\/timeline\/colaboracion-en-la-eparquia-ucraniana-de-argentina\/\" class=\"story-link\">Eparqu\u00eda Ucraniana de Argentina<\/a><\/div><!-- Story Media --><div class=\"ctl-media full\"><a data-glightbox=\"Eparqu\u00eda Ucraniana de Argentina\" href=\"https:\/\/nuestrocarisma.org\/wp-content\/uploads\/2021\/05\/1993-4.jpg\" class=\"ctl_glightbox\"><img loading=\"lazy\" decoding=\"async\" width=\"720\" height=\"480\" src=\"https:\/\/nuestrocarisma.org\/wp-content\/uploads\/2021\/05\/1993-4.jpg\" class=\"story-img wp-post-image\" alt=\"Eparqu\u00eda Ucraniana de Argentina\" srcset=\"https:\/\/nuestrocarisma.org\/wp-content\/uploads\/2021\/05\/1993-4.jpg 720w, https:\/\/nuestrocarisma.org\/wp-content\/uploads\/2021\/05\/1993-4-300x200.jpg 300w\" sizes=\"(max-width: 720px) 100vw, 720px\" \/><\/a><\/div><!-- Story Description --><div class=\"ctl-description\"><p>Se comienza a aprender el rito bizantino y a colaborar en la Eparqu\u00eda Ucraniana de Buenos Aires, Argentina<\/p>\n<\/div><\/div><\/div><!-- Timeline Content --><div id=\"ctl-story-3275\" class=\"ctl-story ctl-story-icon odd ctl-story-right\" data-story-index=\"51\" role=\"article\"><!-- Story Date --><div class=\"ctl-labels\"><div class=\"ctl-label-big story-date\">13\/12\/1993<\/div><\/div><!-- Story Icon --><div class=\"ctl-icon\"><i class=\"fa fa-clock-o\" aria-hidden=\"true\"><\/i><\/div> <!-- Story Arrow --><div class=\"ctl-arrow\"><\/div>\r\n\t\t\t<!-- Story Content --><div class=\"ctl-content\"><!-- Story Title --><div class=\"ctl-title story-3275\" aria-label=\"Fundaci\u00f3n en Extremo Oriente (Taiw\u00e1n)\"><a target=\"_self\" title=\"Fundaci\u00f3n en Extremo Oriente (Taiw\u00e1n)\" href=\"https:\/\/nuestrocarisma.org\/index.php\/timeline\/primeros-misioneros-en-extremo-oriente\/\" class=\"story-link\">Fundaci\u00f3n en Extremo Oriente (Taiw\u00e1n)<\/a><\/div><!-- Story Media --><div class=\"ctl-media full\"><a data-glightbox=\"Fundaci\u00f3n en Extremo Oriente (Taiw\u00e1n)\" href=\"https:\/\/nuestrocarisma.org\/wp-content\/uploads\/2021\/05\/43.jpg\" class=\"ctl_glightbox\"><img loading=\"lazy\" decoding=\"async\" width=\"720\" height=\"480\" src=\"https:\/\/nuestrocarisma.org\/wp-content\/uploads\/2021\/05\/43.jpg\" class=\"story-img wp-post-image\" alt=\"Fundaci\u00f3n en Extremo Oriente (Taiw\u00e1n)\" srcset=\"https:\/\/nuestrocarisma.org\/wp-content\/uploads\/2021\/05\/43.jpg 720w, https:\/\/nuestrocarisma.org\/wp-content\/uploads\/2021\/05\/43-300x200.jpg 300w\" sizes=\"(max-width: 720px) 100vw, 720px\" \/><\/a><\/div><!-- Story Description --><div class=\"ctl-description\"><p>Llegan nuestros primeros misioneros a Extremo Oriente, a la di\u00f3cesis de Taichung, Taiw\u00e1n<\/p>\n<\/div><\/div><\/div><!-- Story Year Section --><div data-cls=\"sc-nv-light vertical\" class=\"timeline-year scrollable-section ctl-year ctl-year-container light-year\" data-section-title=\"1994\" id=\"year-1994\"><div class=\"ctl-year-label ctl-year-text\"><span>1994<\/span><\/div><\/div><!-- Timeline Content --><div id=\"ctl-story-3281\" class=\"ctl-story ctl-story-icon even ctl-story-left\" data-story-index=\"52\" role=\"article\"><!-- Story Date --><div class=\"ctl-labels\"><div class=\"ctl-label-big story-date\">12\/03\/1994<\/div><\/div><!-- Story Icon --><div class=\"ctl-icon\"><i class=\"fa fa-clock-o\" aria-hidden=\"true\"><\/i><\/div> <!-- Story Arrow --><div class=\"ctl-arrow\"><\/div>\r\n\t\t\t<!-- Story Content --><div class=\"ctl-content\"><!-- Story Title --><div class=\"ctl-title story-3281\" aria-label=\"Primer Hogar en San Rafael &#8211; Argentina\"><a target=\"_self\" title=\"Primer Hogar en San Rafael &#8211; Argentina\" href=\"https:\/\/nuestrocarisma.org\/index.php\/timeline\/hogar-san-martin-de-tours\/\" class=\"story-link\">Primer Hogar en San Rafael &#8211; Argentina<\/a><\/div><!-- Story Media --><div class=\"ctl-media full\"><a data-glightbox=\"Primer Hogar en San Rafael &#8211; Argentina\" href=\"https:\/\/nuestrocarisma.org\/wp-content\/uploads\/2021\/05\/45.jpg\" class=\"ctl_glightbox\"><img loading=\"lazy\" decoding=\"async\" width=\"720\" height=\"480\" src=\"https:\/\/nuestrocarisma.org\/wp-content\/uploads\/2021\/05\/45.jpg\" class=\"story-img wp-post-image\" alt=\"Primer Hogar en San Rafael &#8211; Argentina\" srcset=\"https:\/\/nuestrocarisma.org\/wp-content\/uploads\/2021\/05\/45.jpg 720w, https:\/\/nuestrocarisma.org\/wp-content\/uploads\/2021\/05\/45-300x200.jpg 300w\" sizes=\"(max-width: 720px) 100vw, 720px\" \/><\/a><\/div><!-- Story Description --><div class=\"ctl-description\"><p>Se funda la primera casa para discapacitados, el Hogar \u201cSan Mart\u00edn de Tours\u201d, en San Rafael, Argentina<\/p>\n<\/div><\/div><\/div><!-- Timeline Content --><div id=\"ctl-story-3283\" class=\"ctl-story ctl-story-icon odd ctl-story-right\" data-story-index=\"53\" role=\"article\"><!-- Story Date --><div class=\"ctl-labels\"><div class=\"ctl-label-big story-date\">25\/03\/1994<\/div><\/div><!-- Story Icon --><div class=\"ctl-icon\"><i class=\"fa fa-clock-o\" aria-hidden=\"true\"><\/i><\/div> <!-- Story Arrow --><div class=\"ctl-arrow\"><\/div>\r\n\t\t\t<!-- Story Content --><div class=\"ctl-content\"><!-- Story Title --><div class=\"ctl-title story-3283\" aria-label=\"Casa de Formaci\u00f3n Mayor en Arequipa &#8211; Per\u00fa\"><a target=\"_self\" title=\"Casa de Formaci\u00f3n Mayor en Arequipa &#8211; Per\u00fa\" href=\"https:\/\/nuestrocarisma.org\/index.php\/timeline\/fundacion-del-seminario-beato-miguel-agustin-pro\/\" class=\"story-link\">Casa de Formaci\u00f3n Mayor en Arequipa &#8211; Per\u00fa<\/a><\/div><!-- Story Media --><div class=\"ctl-media full\"><a data-glightbox=\"Casa de Formaci\u00f3n Mayor en Arequipa &#8211; Per\u00fa\" href=\"https:\/\/nuestrocarisma.org\/wp-content\/uploads\/2021\/05\/1994-2.jpg\" class=\"ctl_glightbox\"><img loading=\"lazy\" decoding=\"async\" width=\"720\" height=\"480\" src=\"https:\/\/nuestrocarisma.org\/wp-content\/uploads\/2021\/05\/1994-2.jpg\" class=\"story-img wp-post-image\" alt=\"Casa de Formaci\u00f3n Mayor en Arequipa &#8211; Per\u00fa\" srcset=\"https:\/\/nuestrocarisma.org\/wp-content\/uploads\/2021\/05\/1994-2.jpg 720w, https:\/\/nuestrocarisma.org\/wp-content\/uploads\/2021\/05\/1994-2-300x200.jpg 300w\" sizes=\"(max-width: 720px) 100vw, 720px\" \/><\/a><\/div><!-- Story Description --><div class=\"ctl-description\"><p>Se funda la Casa de Formaci\u00f3n Mayor \u201cBeato Miguel Agust\u00edn Pro\u201d en Arequipa, Per\u00fa<\/p>\n<\/div><\/div><\/div><!-- Timeline Content --><div id=\"ctl-story-3286\" class=\"ctl-story ctl-story-icon even ctl-story-left\" data-story-index=\"54\" role=\"article\"><!-- Story Date --><div class=\"ctl-labels\"><div class=\"ctl-label-big story-date\">26\/03\/1994<\/div><\/div><!-- Story Icon --><div class=\"ctl-icon\"><i class=\"fa fa-clock-o\" aria-hidden=\"true\"><\/i><\/div> <!-- Story Arrow --><div class=\"ctl-arrow\"><\/div>\r\n\t\t\t<!-- Story Content --><div class=\"ctl-content\"><!-- Story Title --><div class=\"ctl-title story-3286\" aria-label=\"Fundaci\u00f3n en Fall River &#8211; Estados Unidos\"><a target=\"_self\" title=\"Fundaci\u00f3n en Fall River &#8211; Estados Unidos\" href=\"https:\/\/nuestrocarisma.org\/index.php\/timeline\/fundacion-en-fall-river-estados-unidos\/\" class=\"story-link\">Fundaci\u00f3n en Fall River &#8211; Estados Unidos<\/a><\/div><!-- Story Media --><div class=\"ctl-media full\"><a data-glightbox=\"Fundaci\u00f3n en Fall River &#8211; Estados Unidos\" href=\"https:\/\/nuestrocarisma.org\/wp-content\/uploads\/2021\/05\/1994-3.jpg\" class=\"ctl_glightbox\"><img loading=\"lazy\" decoding=\"async\" width=\"720\" height=\"480\" src=\"https:\/\/nuestrocarisma.org\/wp-content\/uploads\/2021\/05\/1994-3.jpg\" class=\"story-img wp-post-image\" alt=\"Fundaci\u00f3n en Fall River &#8211; Estados Unidos\" srcset=\"https:\/\/nuestrocarisma.org\/wp-content\/uploads\/2021\/05\/1994-3.jpg 720w, https:\/\/nuestrocarisma.org\/wp-content\/uploads\/2021\/05\/1994-3-300x200.jpg 300w\" sizes=\"(max-width: 720px) 100vw, 720px\" \/><\/a><\/div><!-- Story Description --><div class=\"ctl-description\"><p>Primera fundaci\u00f3n en la di\u00f3cesis de Fall River, Estados Unidos<\/p>\n<\/div><\/div><\/div><!-- Timeline Content --><div id=\"ctl-story-3287\" class=\"ctl-story ctl-story-icon odd ctl-story-right\" data-story-index=\"55\" role=\"article\"><!-- Story Date --><div class=\"ctl-labels\"><div class=\"ctl-label-big story-date\">19\/06\/1994<\/div><\/div><!-- Story Icon --><div class=\"ctl-icon\"><i class=\"fa fa-clock-o\" aria-hidden=\"true\"><\/i><\/div> <!-- Story Arrow --><div class=\"ctl-arrow\"><\/div>\r\n\t\t\t<!-- Story Content --><div class=\"ctl-content\"><!-- Story Title --><div class=\"ctl-title story-3287\" aria-label=\"Bolet\u00edn Vox Verbi en San Rafael\"><a target=\"_self\" title=\"Bolet\u00edn Vox Verbi en San Rafael\" href=\"https:\/\/nuestrocarisma.org\/index.php\/timeline\/boletin-vox-verbi-en-san-rafael\/\" class=\"story-link\">Bolet\u00edn Vox Verbi en San Rafael<\/a><\/div><!-- Story Media --><div class=\"ctl-media full\"><a data-glightbox=\"Bolet\u00edn Vox Verbi en San Rafael\" href=\"https:\/\/nuestrocarisma.org\/wp-content\/uploads\/2021\/05\/1994-4.jpg\" class=\"ctl_glightbox\"><img loading=\"lazy\" decoding=\"async\" width=\"720\" height=\"480\" src=\"https:\/\/nuestrocarisma.org\/wp-content\/uploads\/2021\/05\/1994-4.jpg\" class=\"story-img wp-post-image\" alt=\"Bolet\u00edn Vox Verbi en San Rafael\" srcset=\"https:\/\/nuestrocarisma.org\/wp-content\/uploads\/2021\/05\/1994-4.jpg 720w, https:\/\/nuestrocarisma.org\/wp-content\/uploads\/2021\/05\/1994-4-300x200.jpg 300w\" sizes=\"(max-width: 720px) 100vw, 720px\" \/><\/a><\/div><!-- Story Description --><div class=\"ctl-description\"><p>Se publica por primera vez el Bolet\u00edn Vox Verbi en San Rafael, Argentina<\/p>\n<\/div><\/div><\/div><!-- Timeline Content --><div id=\"ctl-story-3288\" class=\"ctl-story ctl-story-icon even ctl-story-left\" data-story-index=\"56\" role=\"article\"><!-- Story Date --><div class=\"ctl-labels\"><div class=\"ctl-label-big story-date\">06\/07\/1994<\/div><\/div><!-- Story Icon --><div class=\"ctl-icon\"><i class=\"fa fa-clock-o\" aria-hidden=\"true\"><\/i><\/div> <!-- Story Arrow --><div class=\"ctl-arrow\"><\/div>\r\n\t\t\t<!-- Story Content --><div class=\"ctl-content\"><!-- Story Title --><div class=\"ctl-title story-3288\" aria-label=\"Fundaci\u00f3n en Le\u00f3polis &#8211; Ucrania\"><a target=\"_self\" title=\"Fundaci\u00f3n en Le\u00f3polis &#8211; Ucrania\" href=\"https:\/\/nuestrocarisma.org\/index.php\/timeline\/fundacion-en-ucrania\/\" class=\"story-link\">Fundaci\u00f3n en Le\u00f3polis &#8211; Ucrania<\/a><\/div><!-- Story Media --><div class=\"ctl-media full\"><a data-glightbox=\"Fundaci\u00f3n en Le\u00f3polis &#8211; Ucrania\" href=\"https:\/\/nuestrocarisma.org\/wp-content\/uploads\/2021\/05\/1994-5.jpg\" class=\"ctl_glightbox\"><img loading=\"lazy\" decoding=\"async\" width=\"720\" height=\"480\" src=\"https:\/\/nuestrocarisma.org\/wp-content\/uploads\/2021\/05\/1994-5.jpg\" class=\"story-img wp-post-image\" alt=\"Fundaci\u00f3n en Le\u00f3polis &#8211; Ucrania\" srcset=\"https:\/\/nuestrocarisma.org\/wp-content\/uploads\/2021\/05\/1994-5.jpg 720w, https:\/\/nuestrocarisma.org\/wp-content\/uploads\/2021\/05\/1994-5-300x200.jpg 300w\" sizes=\"(max-width: 720px) 100vw, 720px\" \/><\/a><\/div><!-- Story Description --><div class=\"ctl-description\"><p>Llegan los primeros sacerdotes del Instituto a Ucrania para fundar en Le\u00f3polis<\/p>\n<\/div><\/div><\/div><!-- Timeline Content --><div id=\"ctl-story-3291\" class=\"ctl-story ctl-story-icon odd ctl-story-right\" data-story-index=\"57\" role=\"article\"><!-- Story Date --><div class=\"ctl-labels\"><div class=\"ctl-label-big story-date\">01\/09\/1994<\/div><\/div><!-- Story Icon --><div class=\"ctl-icon\"><i class=\"fa fa-clock-o\" aria-hidden=\"true\"><\/i><\/div> <!-- Story Arrow --><div class=\"ctl-arrow\"><\/div>\r\n\t\t\t<!-- Story Content --><div class=\"ctl-content\"><!-- Story Title --><div class=\"ctl-title story-3291\" aria-label=\"Primer curso Ad audiendas confessiones\"><a target=\"_self\" title=\"Primer curso Ad audiendas confessiones\" href=\"https:\/\/nuestrocarisma.org\/index.php\/timeline\/primer-curso-ad-audiendas-confessiones\/\" class=\"story-link\">Primer curso Ad audiendas confessiones<\/a><\/div><!-- Story Media --><div class=\"ctl-media full\"><a data-glightbox=\"Primer curso Ad audiendas confessiones\" href=\"https:\/\/nuestrocarisma.org\/wp-content\/uploads\/2021\/05\/47.jpg\" class=\"ctl_glightbox\"><img loading=\"lazy\" decoding=\"async\" width=\"720\" height=\"480\" src=\"https:\/\/nuestrocarisma.org\/wp-content\/uploads\/2021\/05\/47.jpg\" class=\"story-img wp-post-image\" alt=\"Primer curso Ad audiendas confessiones\" srcset=\"https:\/\/nuestrocarisma.org\/wp-content\/uploads\/2021\/05\/47.jpg 720w, https:\/\/nuestrocarisma.org\/wp-content\/uploads\/2021\/05\/47-300x200.jpg 300w\" sizes=\"(max-width: 720px) 100vw, 720px\" \/><\/a><\/div><!-- Story Description --><div class=\"ctl-description\"><p>El P. Miguel A. Fuentes dicta por primera vez el curso <em>Ad audiendas confessiones<\/em>, en Rama Ca\u00edda, San Rafael, Argentina<\/p>\n<\/div><\/div><\/div><!-- Timeline Content --><div id=\"ctl-story-3289\" class=\"ctl-story ctl-story-icon even ctl-story-left\" data-story-index=\"58\" role=\"article\"><!-- Story Date --><div class=\"ctl-labels\"><div class=\"ctl-label-big story-date\">15\/09\/1994<\/div><\/div><!-- Story Icon --><div class=\"ctl-icon\"><i class=\"fa fa-clock-o\" aria-hidden=\"true\"><\/i><\/div> <!-- Story Arrow --><div class=\"ctl-arrow\"><\/div>\r\n\t\t\t<!-- Story Content --><div class=\"ctl-content\"><!-- Story Title --><div class=\"ctl-title story-3289\" aria-label=\"III Cap\u00edtulo General\"><a target=\"_self\" title=\"III Cap\u00edtulo General\" href=\"https:\/\/nuestrocarisma.org\/index.php\/timeline\/iii-capitulo-general\/\" class=\"story-link\">III Cap\u00edtulo General<\/a><\/div><!-- Story Media --><div class=\"ctl-media full\"><a data-glightbox=\"III Cap\u00edtulo General\" href=\"https:\/\/nuestrocarisma.org\/wp-content\/uploads\/2021\/05\/46.jpg\" class=\"ctl_glightbox\"><img loading=\"lazy\" decoding=\"async\" width=\"720\" height=\"480\" src=\"https:\/\/nuestrocarisma.org\/wp-content\/uploads\/2021\/05\/46.jpg\" class=\"story-img wp-post-image\" alt=\"III Cap\u00edtulo General\" srcset=\"https:\/\/nuestrocarisma.org\/wp-content\/uploads\/2021\/05\/46.jpg 720w, https:\/\/nuestrocarisma.org\/wp-content\/uploads\/2021\/05\/46-300x200.jpg 300w\" sizes=\"(max-width: 720px) 100vw, 720px\" \/><\/a><\/div><!-- Story Description --><div class=\"ctl-description\"><p>Inicia el III Cap\u00edtulo General (ordinario) en El Nihuil, Argentina, que dura hasta el 9 de octubre \/ Se aprueban la mayor\u00eda de los Directorios del IVE \/ El P. Solari es elegido Superior General<\/p>\n<\/div><\/div><\/div><!-- Timeline Content --><div id=\"ctl-story-3295\" class=\"ctl-story ctl-story-icon odd ctl-story-right\" data-story-index=\"59\" role=\"article\"><!-- Story Date --><div class=\"ctl-labels\"><div class=\"ctl-label-big story-date\">22\/09\/1994<\/div><\/div><!-- Story Icon --><div class=\"ctl-icon\"><i class=\"fa fa-clock-o\" aria-hidden=\"true\"><\/i><\/div> <!-- Story Arrow --><div class=\"ctl-arrow\"><\/div>\r\n\t\t\t<!-- Story Content --><div class=\"ctl-content\"><!-- Story Title --><div class=\"ctl-title story-3295\" aria-label=\"Fundaci\u00f3n en Sezze &#8211; Italia\"><a target=\"_self\" title=\"Fundaci\u00f3n en Sezze &#8211; Italia\" href=\"https:\/\/nuestrocarisma.org\/index.php\/timeline\/parroquia-san-pietro-en-sezze-italia\/\" class=\"story-link\">Fundaci\u00f3n en Sezze &#8211; Italia<\/a><\/div><!-- Story Media --><div class=\"ctl-media full\"><a data-glightbox=\"Fundaci\u00f3n en Sezze &#8211; Italia\" href=\"https:\/\/nuestrocarisma.org\/wp-content\/uploads\/2021\/05\/1994-9.jpg\" class=\"ctl_glightbox\"><img loading=\"lazy\" decoding=\"async\" width=\"720\" height=\"480\" src=\"https:\/\/nuestrocarisma.org\/wp-content\/uploads\/2021\/05\/1994-9.jpg\" class=\"story-img wp-post-image\" alt=\"Fundaci\u00f3n en Sezze &#8211; Italia\" srcset=\"https:\/\/nuestrocarisma.org\/wp-content\/uploads\/2021\/05\/1994-9.jpg 720w, https:\/\/nuestrocarisma.org\/wp-content\/uploads\/2021\/05\/1994-9-300x200.jpg 300w\" sizes=\"(max-width: 720px) 100vw, 720px\" \/><\/a><\/div><!-- Story Description --><div class=\"ctl-description\"><p>Se asume la Parroquia \u201cSan Pietro\u201d en Sezze di\u00f3cesis de Latina &#8211; Terracina &#8211; Sezze &#8211; Priverno, Italia<\/p>\n<\/div><\/div><\/div><!-- Timeline Content --><div id=\"ctl-story-3296\" class=\"ctl-story ctl-story-icon even ctl-story-left\" data-story-index=\"60\" role=\"article\"><!-- Story Date --><div class=\"ctl-labels\"><div class=\"ctl-label-big story-date\">01\/10\/1994<\/div><\/div><!-- Story Icon --><div class=\"ctl-icon\"><i class=\"fa fa-clock-o\" aria-hidden=\"true\"><\/i><\/div> <!-- Story Arrow --><div class=\"ctl-arrow\"><\/div>\r\n\t\t\t<!-- Story Content --><div class=\"ctl-content\"><!-- Story Title --><div class=\"ctl-title story-3296\" aria-label=\"Fundaci\u00f3n en Kaz\u00e1n &#8211; Rusia\"><a target=\"_self\" title=\"Fundaci\u00f3n en Kaz\u00e1n &#8211; Rusia\" href=\"https:\/\/nuestrocarisma.org\/index.php\/timeline\/fundacion-en-kazan-rusia\/\" class=\"story-link\">Fundaci\u00f3n en Kaz\u00e1n &#8211; Rusia<\/a><\/div><!-- Story Media --><div class=\"ctl-media full\"><a data-glightbox=\"Fundaci\u00f3n en Kaz\u00e1n &#8211; Rusia\" href=\"https:\/\/nuestrocarisma.org\/wp-content\/uploads\/2021\/05\/49.jpg\" class=\"ctl_glightbox\"><img loading=\"lazy\" decoding=\"async\" width=\"720\" height=\"480\" src=\"https:\/\/nuestrocarisma.org\/wp-content\/uploads\/2021\/05\/49.jpg\" class=\"story-img wp-post-image\" alt=\"Fundaci\u00f3n en Kaz\u00e1n &#8211; Rusia\" srcset=\"https:\/\/nuestrocarisma.org\/wp-content\/uploads\/2021\/05\/49.jpg 720w, https:\/\/nuestrocarisma.org\/wp-content\/uploads\/2021\/05\/49-300x200.jpg 300w\" sizes=\"(max-width: 720px) 100vw, 720px\" \/><\/a><\/div><!-- Story Description --><div class=\"ctl-description\"><p>Fundaci\u00f3n en Kaz\u00e1n, Rusia \/ Adem\u00e1s, el Obispo nos conf\u00eda una Parroquia en Naberieschnie Celn\u00ed, Tatarst\u00e1n<\/p>\n<\/div><\/div><\/div><!-- Timeline Content --><div id=\"ctl-story-3298\" class=\"ctl-story ctl-story-icon odd ctl-story-right\" data-story-index=\"61\" role=\"article\"><!-- Story Date --><div class=\"ctl-labels\"><div class=\"ctl-label-big story-date\">01\/10\/1994<\/div><\/div><!-- Story Icon --><div class=\"ctl-icon\"><i class=\"fa fa-clock-o\" aria-hidden=\"true\"><\/i><\/div> <!-- Story Arrow --><div class=\"ctl-arrow\"><\/div>\r\n\t\t\t<!-- Story Content --><div class=\"ctl-content\"><!-- Story Title --><div class=\"ctl-title story-3298\" aria-label=\"\u201cStudium Theologicum Jerosolymitanum\u201d\"><a target=\"_self\" title=\"\u201cStudium Theologicum Jerosolymitanum\u201d\" href=\"https:\/\/nuestrocarisma.org\/index.php\/timeline\/colaboracion-con-el-studium-theologicum-jerosolymitanum\/\" class=\"story-link\">\u201cStudium Theologicum Jerosolymitanum\u201d<\/a><\/div><!-- Story Media --><div class=\"ctl-media full\"><a data-glightbox=\"\u201cStudium Theologicum Jerosolymitanum\u201d\" href=\"https:\/\/nuestrocarisma.org\/wp-content\/uploads\/2021\/05\/1994-11.jpg\" class=\"ctl_glightbox\"><img loading=\"lazy\" decoding=\"async\" width=\"720\" height=\"480\" src=\"https:\/\/nuestrocarisma.org\/wp-content\/uploads\/2021\/05\/1994-11.jpg\" class=\"story-img wp-post-image\" alt=\"\u201cStudium Theologicum Jerosolymitanum\u201d\" srcset=\"https:\/\/nuestrocarisma.org\/wp-content\/uploads\/2021\/05\/1994-11.jpg 720w, https:\/\/nuestrocarisma.org\/wp-content\/uploads\/2021\/05\/1994-11-300x200.jpg 300w\" sizes=\"(max-width: 720px) 100vw, 720px\" \/><\/a><\/div><!-- Story Description --><div class=\"ctl-description\"><p>Se inicia a colaborar en la ense\u00f1anza en el \u201cStudium Theologicum Jerosolymitanum\u201d de la Custodia de Tierra Santa<\/p>\n<\/div><\/div><\/div><!-- Timeline Content --><div id=\"ctl-story-3293\" class=\"ctl-story ctl-story-icon even ctl-story-left\" data-story-index=\"62\" role=\"article\"><!-- Story Date --><div class=\"ctl-labels\"><div class=\"ctl-label-big story-date\">22\/10\/1994<\/div><\/div><!-- Story Icon --><div class=\"ctl-icon\"><i class=\"fa fa-clock-o\" aria-hidden=\"true\"><\/i><\/div> <!-- Story Arrow --><div class=\"ctl-arrow\"><\/div>\r\n\t\t\t<!-- Story Content --><div class=\"ctl-content\"><!-- Story Title --><div class=\"ctl-title story-3293\" aria-label=\"Colegio Romano Internacional Juan Pablo II\"><a target=\"_self\" title=\"Colegio Romano Internacional Juan Pablo II\" href=\"https:\/\/nuestrocarisma.org\/index.php\/timeline\/colegio-romano-internacional-juan-pablo-ii\/\" class=\"story-link\">Colegio Romano Internacional Juan Pablo II<\/a><\/div><!-- Story Media --><div class=\"ctl-media full\"><a data-glightbox=\"Colegio Romano Internacional Juan Pablo II\" href=\"https:\/\/nuestrocarisma.org\/wp-content\/uploads\/2021\/05\/48.jpg\" class=\"ctl_glightbox\"><img loading=\"lazy\" decoding=\"async\" width=\"720\" height=\"480\" src=\"https:\/\/nuestrocarisma.org\/wp-content\/uploads\/2021\/05\/48.jpg\" class=\"story-img wp-post-image\" alt=\"Colegio Romano Internacional Juan Pablo II\" srcset=\"https:\/\/nuestrocarisma.org\/wp-content\/uploads\/2021\/05\/48.jpg 720w, https:\/\/nuestrocarisma.org\/wp-content\/uploads\/2021\/05\/48-300x200.jpg 300w\" sizes=\"(max-width: 720px) 100vw, 720px\" \/><\/a><\/div><!-- Story Description --><div class=\"ctl-description\"><p>Fundaci\u00f3n del Colegio Romano Internacional Juan Pablo II en Roma, Italia<\/p>\n<\/div><\/div><\/div><!-- Timeline Content --><div id=\"ctl-story-3299\" class=\"ctl-story ctl-story-icon odd ctl-story-right\" data-story-index=\"63\" role=\"article\"><!-- Story Date --><div class=\"ctl-labels\"><div class=\"ctl-label-big story-date\">03\/12\/1994<\/div><\/div><!-- Story Icon --><div class=\"ctl-icon\"><i class=\"fa fa-clock-o\" aria-hidden=\"true\"><\/i><\/div> <!-- Story Arrow --><div class=\"ctl-arrow\"><\/div>\r\n\t\t\t<!-- Story Content --><div class=\"ctl-content\"><!-- Story Title --><div class=\"ctl-title story-3299\" aria-label=\"Fundaci\u00f3n en Santo Amaro &#8211; Brasil\"><a target=\"_self\" title=\"Fundaci\u00f3n en Santo Amaro &#8211; Brasil\" href=\"https:\/\/nuestrocarisma.org\/index.php\/timeline\/fundacion-en-brasil\/\" class=\"story-link\">Fundaci\u00f3n en Santo Amaro &#8211; Brasil<\/a><\/div><!-- Story Media --><div class=\"ctl-media full\"><a data-glightbox=\"Fundaci\u00f3n en Santo Amaro &#8211; Brasil\" href=\"https:\/\/nuestrocarisma.org\/wp-content\/uploads\/2021\/05\/50.jpg\" class=\"ctl_glightbox\"><img loading=\"lazy\" decoding=\"async\" width=\"720\" height=\"480\" src=\"https:\/\/nuestrocarisma.org\/wp-content\/uploads\/2021\/05\/50.jpg\" class=\"story-img wp-post-image\" alt=\"Fundaci\u00f3n en Santo Amaro &#8211; Brasil\" srcset=\"https:\/\/nuestrocarisma.org\/wp-content\/uploads\/2021\/05\/50.jpg 720w, https:\/\/nuestrocarisma.org\/wp-content\/uploads\/2021\/05\/50-300x200.jpg 300w\" sizes=\"(max-width: 720px) 100vw, 720px\" \/><\/a><\/div><!-- Story Description --><div class=\"ctl-description\"><p>Fundaci\u00f3n en Brasil \/ Se asume la Parroquia \u201cdel Verbo Encarnado\u201d en la di\u00f3cesis de Santo Amaro, San Pablo<\/p>\n<\/div><\/div><\/div><!-- Story Year Section --><div data-cls=\"sc-nv-light vertical\" class=\"timeline-year scrollable-section ctl-year ctl-year-container light-year\" data-section-title=\"1995\" id=\"year-1995\"><div class=\"ctl-year-label ctl-year-text\"><span>1995<\/span><\/div><\/div><!-- Timeline Content --><div id=\"ctl-story-3301\" class=\"ctl-story ctl-story-icon even ctl-story-left\" data-story-index=\"64\" role=\"article\"><!-- Story Date --><div class=\"ctl-labels\"><div class=\"ctl-label-big story-date\">26\/01\/1995<\/div><\/div><!-- Story Icon --><div class=\"ctl-icon\"><i class=\"fa fa-clock-o\" aria-hidden=\"true\"><\/i><\/div> <!-- Story Arrow --><div class=\"ctl-arrow\"><\/div>\r\n\t\t\t<!-- Story Content --><div class=\"ctl-content\"><!-- Story Title --><div class=\"ctl-title story-3301\" aria-label=\"Fundaci\u00f3n en Egipto\"><a target=\"_self\" title=\"Fundaci\u00f3n en Egipto\" href=\"https:\/\/nuestrocarisma.org\/index.php\/timeline\/fundacion-en-egipto\/\" class=\"story-link\">Fundaci\u00f3n en Egipto<\/a><\/div><!-- Story Media --><div class=\"ctl-media full\"><a data-glightbox=\"Fundaci\u00f3n en Egipto\" href=\"https:\/\/nuestrocarisma.org\/wp-content\/uploads\/2021\/05\/1995-1.jpg\" class=\"ctl_glightbox\"><img loading=\"lazy\" decoding=\"async\" width=\"720\" height=\"480\" src=\"https:\/\/nuestrocarisma.org\/wp-content\/uploads\/2021\/05\/1995-1.jpg\" class=\"story-img wp-post-image\" alt=\"Fundaci\u00f3n en Egipto\" srcset=\"https:\/\/nuestrocarisma.org\/wp-content\/uploads\/2021\/05\/1995-1.jpg 720w, https:\/\/nuestrocarisma.org\/wp-content\/uploads\/2021\/05\/1995-1-300x200.jpg 300w\" sizes=\"(max-width: 720px) 100vw, 720px\" \/><\/a><\/div><!-- Story Description --><div class=\"ctl-description\"><p>Fundaci\u00f3n en Egipto para colaborar en el Seminario Franciscano Oriental de Guiza<\/p>\n<\/div><\/div><\/div><!-- Timeline Content --><div id=\"ctl-story-3303\" class=\"ctl-story ctl-story-icon odd ctl-story-right\" data-story-index=\"65\" role=\"article\"><!-- Story Date --><div class=\"ctl-labels\"><div class=\"ctl-label-big story-date\">19\/03\/1995<\/div><\/div><!-- Story Icon --><div class=\"ctl-icon\"><i class=\"fa fa-clock-o\" aria-hidden=\"true\"><\/i><\/div> <!-- Story Arrow --><div class=\"ctl-arrow\"><\/div>\r\n\t\t\t<!-- Story Content --><div class=\"ctl-content\"><!-- Story Title --><div class=\"ctl-title story-3303\" aria-label=\"Fundaci\u00f3n en Caman\u00e1 &#8211; Per\u00fa\"><a target=\"_self\" title=\"Fundaci\u00f3n en Caman\u00e1 &#8211; Per\u00fa\" href=\"https:\/\/nuestrocarisma.org\/index.php\/timeline\/fundacion-en-camana-peru\/\" class=\"story-link\">Fundaci\u00f3n en Caman\u00e1 &#8211; Per\u00fa<\/a><\/div><!-- Story Media --><div class=\"ctl-media full\"><a data-glightbox=\"Fundaci\u00f3n en Caman\u00e1 &#8211; Per\u00fa\" href=\"https:\/\/nuestrocarisma.org\/wp-content\/uploads\/2021\/05\/1995-2.jpg\" class=\"ctl_glightbox\"><img loading=\"lazy\" decoding=\"async\" width=\"720\" height=\"480\" src=\"https:\/\/nuestrocarisma.org\/wp-content\/uploads\/2021\/05\/1995-2.jpg\" class=\"story-img wp-post-image\" alt=\"Fundaci\u00f3n en Caman\u00e1 &#8211; Per\u00fa\" srcset=\"https:\/\/nuestrocarisma.org\/wp-content\/uploads\/2021\/05\/1995-2.jpg 720w, https:\/\/nuestrocarisma.org\/wp-content\/uploads\/2021\/05\/1995-2-300x200.jpg 300w\" sizes=\"(max-width: 720px) 100vw, 720px\" \/><\/a><\/div><!-- Story Description --><div class=\"ctl-description\"><p>Fundaci\u00f3n en Caman\u00e1, Prelatura de Chuquibamba, Per\u00fa<\/p>\n<\/div><\/div><\/div><!-- Timeline Content --><div id=\"ctl-story-3306\" class=\"ctl-story ctl-story-icon even ctl-story-left\" data-story-index=\"66\" role=\"article\"><!-- Story Date --><div class=\"ctl-labels\"><div class=\"ctl-label-big story-date\">16\/04\/1995<\/div><\/div><!-- Story Icon --><div class=\"ctl-icon\"><i class=\"fa fa-clock-o\" aria-hidden=\"true\"><\/i><\/div> <!-- Story Arrow --><div class=\"ctl-arrow\"><\/div>\r\n\t\t\t<!-- Story Content --><div class=\"ctl-content\"><!-- Story Title --><div class=\"ctl-title story-3306\" aria-label=\"Fundaci\u00f3n en Georgetown &#8211; Guayana\"><a target=\"_self\" title=\"Fundaci\u00f3n en Georgetown &#8211; Guayana\" href=\"https:\/\/nuestrocarisma.org\/index.php\/timeline\/fundacion-en-guayana\/\" class=\"story-link\">Fundaci\u00f3n en Georgetown &#8211; Guayana<\/a><\/div><!-- Story Media --><div class=\"ctl-media full\"><a data-glightbox=\"Fundaci\u00f3n en Georgetown &#8211; Guayana\" href=\"https:\/\/nuestrocarisma.org\/wp-content\/uploads\/2021\/05\/54.jpg\" class=\"ctl_glightbox\"><img loading=\"lazy\" decoding=\"async\" width=\"720\" height=\"480\" src=\"https:\/\/nuestrocarisma.org\/wp-content\/uploads\/2021\/05\/54.jpg\" class=\"story-img wp-post-image\" alt=\"Fundaci\u00f3n en Georgetown &#8211; Guayana\" srcset=\"https:\/\/nuestrocarisma.org\/wp-content\/uploads\/2021\/05\/54.jpg 720w, https:\/\/nuestrocarisma.org\/wp-content\/uploads\/2021\/05\/54-300x200.jpg 300w\" sizes=\"(max-width: 720px) 100vw, 720px\" \/><\/a><\/div><!-- Story Description --><div class=\"ctl-description\"><p>Fundaci\u00f3n en Guyana, di\u00f3cesis de Georgetown<\/p>\n<\/div><\/div><\/div><!-- Timeline Content --><div id=\"ctl-story-3308\" class=\"ctl-story ctl-story-icon odd ctl-story-right\" data-story-index=\"67\" role=\"article\"><!-- Story Date --><div class=\"ctl-labels\"><div class=\"ctl-label-big story-date\">01\/05\/1995<\/div><\/div><!-- Story Icon --><div class=\"ctl-icon\"><i class=\"fa fa-clock-o\" aria-hidden=\"true\"><\/i><\/div> <!-- Story Arrow --><div class=\"ctl-arrow\"><\/div>\r\n\t\t\t<!-- Story Content --><div class=\"ctl-content\"><!-- Story Title --><div class=\"ctl-title story-3308\" aria-label=\"Fundaci\u00f3n en Santo Andr\u00e9 &#8211; Brasil\"><a target=\"_self\" title=\"Fundaci\u00f3n en Santo Andr\u00e9 &#8211; Brasil\" href=\"https:\/\/nuestrocarisma.org\/index.php\/timeline\/otra-parroquia-en-brasil\/\" class=\"story-link\">Fundaci\u00f3n en Santo Andr\u00e9 &#8211; Brasil<\/a><\/div><!-- Story Media --><div class=\"ctl-media full\"><a data-glightbox=\"Fundaci\u00f3n en Santo Andr\u00e9 &#8211; Brasil\" href=\"https:\/\/nuestrocarisma.org\/wp-content\/uploads\/2021\/05\/1995-4.jpg\" class=\"ctl_glightbox\"><img loading=\"lazy\" decoding=\"async\" width=\"720\" height=\"480\" src=\"https:\/\/nuestrocarisma.org\/wp-content\/uploads\/2021\/05\/1995-4.jpg\" class=\"story-img wp-post-image\" alt=\"Fundaci\u00f3n en Santo Andr\u00e9 &#8211; Brasil\" srcset=\"https:\/\/nuestrocarisma.org\/wp-content\/uploads\/2021\/05\/1995-4.jpg 720w, https:\/\/nuestrocarisma.org\/wp-content\/uploads\/2021\/05\/1995-4-300x200.jpg 300w\" sizes=\"(max-width: 720px) 100vw, 720px\" \/><\/a><\/div><!-- Story Description --><div class=\"ctl-description\"><p>Fundaci\u00f3n en la di\u00f3cesis de Santo Andr\u00e9, San Pablo, Brasil<\/p>\n<\/div><\/div><\/div><!-- Timeline Content --><div id=\"ctl-story-3309\" class=\"ctl-story ctl-story-icon even ctl-story-left\" data-story-index=\"68\" role=\"article\"><!-- Story Date --><div class=\"ctl-labels\"><div class=\"ctl-label-big story-date\">01\/05\/1995<\/div><\/div><!-- Story Icon --><div class=\"ctl-icon\"><i class=\"fa fa-clock-o\" aria-hidden=\"true\"><\/i><\/div> <!-- Story Arrow --><div class=\"ctl-arrow\"><\/div>\r\n\t\t\t<!-- Story Content --><div class=\"ctl-content\"><!-- Story Title --><div class=\"ctl-title story-3309\" aria-label=\"Parroquia en Arequipa &#8211; Per\u00fa\"><a target=\"_self\" title=\"Parroquia en Arequipa &#8211; Per\u00fa\" href=\"https:\/\/nuestrocarisma.org\/index.php\/timeline\/parroquia-nuestra-senora-de-guadalupe-en-arequipa\/\" class=\"story-link\">Parroquia en Arequipa &#8211; Per\u00fa<\/a><\/div><!-- Story Media --><div class=\"ctl-media full\"><a data-glightbox=\"Parroquia en Arequipa &#8211; Per\u00fa\" href=\"https:\/\/nuestrocarisma.org\/wp-content\/uploads\/2021\/05\/1995-5.jpg\" class=\"ctl_glightbox\"><img loading=\"lazy\" decoding=\"async\" width=\"720\" height=\"480\" src=\"https:\/\/nuestrocarisma.org\/wp-content\/uploads\/2021\/05\/1995-5.jpg\" class=\"story-img wp-post-image\" alt=\"Parroquia en Arequipa &#8211; Per\u00fa\" srcset=\"https:\/\/nuestrocarisma.org\/wp-content\/uploads\/2021\/05\/1995-5.jpg 720w, https:\/\/nuestrocarisma.org\/wp-content\/uploads\/2021\/05\/1995-5-300x200.jpg 300w\" sizes=\"(max-width: 720px) 100vw, 720px\" \/><\/a><\/div><!-- Story Description --><div class=\"ctl-description\"><p>Fundaci\u00f3n para la atenci\u00f3n de la Parroquia \u201cNuestra Se\u00f1ora de Guadalupe\u201d en Arequipa, Per\u00fa<\/p>\n<\/div><\/div><\/div><!-- Timeline Content --><div id=\"ctl-story-3310\" class=\"ctl-story ctl-story-icon odd ctl-story-right\" data-story-index=\"69\" role=\"article\"><!-- Story Date --><div class=\"ctl-labels\"><div class=\"ctl-label-big story-date\">13\/05\/1995<\/div><\/div><!-- Story Icon --><div class=\"ctl-icon\"><i class=\"fa fa-clock-o\" aria-hidden=\"true\"><\/i><\/div> <!-- Story Arrow --><div class=\"ctl-arrow\"><\/div>\r\n\t\t\t<!-- Story Content --><div class=\"ctl-content\"><!-- Story Title --><div class=\"ctl-title story-3310\" aria-label=\"Comunidad en Taichung &#8211; Taiw\u00e1n\"><a target=\"_self\" title=\"Comunidad en Taichung &#8211; Taiw\u00e1n\" href=\"https:\/\/nuestrocarisma.org\/index.php\/timeline\/comunidad-santo-tomas-apostol-en-taiwan\/\" class=\"story-link\">Comunidad en Taichung &#8211; Taiw\u00e1n<\/a><\/div><!-- Story Media --><div class=\"ctl-media full\"><a data-glightbox=\"Comunidad en Taichung &#8211; Taiw\u00e1n\" href=\"https:\/\/nuestrocarisma.org\/wp-content\/uploads\/2021\/05\/55.jpg\" class=\"ctl_glightbox\"><img loading=\"lazy\" decoding=\"async\" width=\"720\" height=\"480\" src=\"https:\/\/nuestrocarisma.org\/wp-content\/uploads\/2021\/05\/55.jpg\" class=\"story-img wp-post-image\" alt=\"Comunidad en Taichung &#8211; Taiw\u00e1n\" srcset=\"https:\/\/nuestrocarisma.org\/wp-content\/uploads\/2021\/05\/55.jpg 720w, https:\/\/nuestrocarisma.org\/wp-content\/uploads\/2021\/05\/55-300x200.jpg 300w\" sizes=\"(max-width: 720px) 100vw, 720px\" \/><\/a><\/div><!-- Story Description --><div class=\"ctl-description\"><p>Fundaci\u00f3n de la comunidad \u201cSanto Tom\u00e1s Ap\u00f3stol\u201d en Taichung, Taiw\u00e1n<\/p>\n<\/div><\/div><\/div><!-- Timeline Content --><div id=\"ctl-story-3312\" class=\"ctl-story ctl-story-icon even ctl-story-left\" data-story-index=\"70\" role=\"article\"><!-- Story Date --><div class=\"ctl-labels\"><div class=\"ctl-label-big story-date\">01\/09\/1995<\/div><\/div><!-- Story Icon --><div class=\"ctl-icon\"><i class=\"fa fa-clock-o\" aria-hidden=\"true\"><\/i><\/div> <!-- Story Arrow --><div class=\"ctl-arrow\"><\/div>\r\n\t\t\t<!-- Story Content --><div class=\"ctl-content\"><!-- Story Title --><div class=\"ctl-title story-3312\" aria-label=\"Seminario Teol\u00f3gico Cat\u00f3lico en Rusia\"><a target=\"_self\" title=\"Seminario Teol\u00f3gico Cat\u00f3lico en Rusia\" href=\"https:\/\/nuestrocarisma.org\/index.php\/timeline\/colaboracion-con-el-seminario-teologico-catolico-en-rusia\/\" class=\"story-link\">Seminario Teol\u00f3gico Cat\u00f3lico en Rusia<\/a><\/div><!-- Story Media --><div class=\"ctl-media full\"><a data-glightbox=\"Seminario Teol\u00f3gico Cat\u00f3lico en Rusia\" href=\"https:\/\/nuestrocarisma.org\/wp-content\/uploads\/2021\/05\/1995-7.jpg\" class=\"ctl_glightbox\"><img loading=\"lazy\" decoding=\"async\" width=\"720\" height=\"480\" src=\"https:\/\/nuestrocarisma.org\/wp-content\/uploads\/2021\/05\/1995-7.jpg\" class=\"story-img wp-post-image\" alt=\"Seminario Teol\u00f3gico Cat\u00f3lico en Rusia\" srcset=\"https:\/\/nuestrocarisma.org\/wp-content\/uploads\/2021\/05\/1995-7.jpg 720w, https:\/\/nuestrocarisma.org\/wp-content\/uploads\/2021\/05\/1995-7-300x200.jpg 300w\" sizes=\"(max-width: 720px) 100vw, 720px\" \/><\/a><\/div><!-- Story Description --><div class=\"ctl-description\"><p>Se comienza a colaborar en la formaci\u00f3n en el Seminario Teol\u00f3gico Cat\u00f3lico \u201cMar\u00eda Reina de los Ap\u00f3stoles\u201d en Rusia<\/p>\n<\/div><\/div><\/div><!-- Timeline Content --><div id=\"ctl-story-3313\" class=\"ctl-story ctl-story-icon odd ctl-story-right\" data-story-index=\"71\" role=\"article\"><!-- Story Date --><div class=\"ctl-labels\"><div class=\"ctl-label-big story-date\">19\/09\/1995<\/div><\/div><!-- Story Icon --><div class=\"ctl-icon\"><i class=\"fa fa-clock-o\" aria-hidden=\"true\"><\/i><\/div> <!-- Story Arrow --><div class=\"ctl-arrow\"><\/div>\r\n\t\t\t<!-- Story Content --><div class=\"ctl-content\"><!-- Story Title --><div class=\"ctl-title story-3313\" aria-label=\"Primer Comisario Pontificio para el IVE\"><a target=\"_self\" title=\"Primer Comisario Pontificio para el IVE\" href=\"https:\/\/nuestrocarisma.org\/index.php\/timeline\/comisario-pontificio-para-el-ive\/\" class=\"story-link\">Primer Comisario Pontificio para el IVE<\/a><\/div><!-- Story Media --><div class=\"ctl-media full\"><a data-glightbox=\"Primer Comisario Pontificio para el IVE\" href=\"https:\/\/nuestrocarisma.org\/wp-content\/uploads\/2021\/05\/1995-8.jpg\" class=\"ctl_glightbox\"><img loading=\"lazy\" decoding=\"async\" width=\"720\" height=\"480\" src=\"https:\/\/nuestrocarisma.org\/wp-content\/uploads\/2021\/05\/1995-8.jpg\" class=\"story-img wp-post-image\" alt=\"Primer Comisario Pontificio para el IVE\" srcset=\"https:\/\/nuestrocarisma.org\/wp-content\/uploads\/2021\/05\/1995-8.jpg 720w, https:\/\/nuestrocarisma.org\/wp-content\/uploads\/2021\/05\/1995-8-300x200.jpg 300w\" sizes=\"(max-width: 720px) 100vw, 720px\" \/><\/a><\/div><!-- Story Description --><div class=\"ctl-description\"><p>La CIVCSVA nombra al P. Jos\u00e9 Antonio Rico Comisario Pontificio para el IVE<\/p>\n<\/div><\/div><\/div><!-- Story Year Section --><div data-cls=\"sc-nv-light vertical\" class=\"timeline-year scrollable-section ctl-year ctl-year-container light-year\" data-section-title=\"1996\" id=\"year-1996\"><div class=\"ctl-year-label ctl-year-text\"><span>1996<\/span><\/div><\/div><!-- Timeline Content --><div id=\"ctl-story-3315\" class=\"ctl-story ctl-story-icon even ctl-story-left\" data-story-index=\"72\" role=\"article\"><!-- Story Date --><div class=\"ctl-labels\"><div class=\"ctl-label-big story-date\">26\/06\/1996<\/div><\/div><!-- Story Icon --><div class=\"ctl-icon\"><i class=\"fa fa-clock-o\" aria-hidden=\"true\"><\/i><\/div> <!-- Story Arrow --><div class=\"ctl-arrow\"><\/div>\r\n\t\t\t<!-- Story Content --><div class=\"ctl-content\"><!-- Story Title --><div class=\"ctl-title story-3315\" aria-label=\"Parroquia en Fall River &#8211; USA\"><a target=\"_self\" title=\"Parroquia en Fall River &#8211; USA\" href=\"https:\/\/nuestrocarisma.org\/index.php\/timeline\/parroquia-san-kilian-en-usa\/\" class=\"story-link\">Parroquia en Fall River &#8211; USA<\/a><\/div><!-- Story Media --><div class=\"ctl-media full\"><a data-glightbox=\"Parroquia en Fall River &#8211; USA\" href=\"https:\/\/nuestrocarisma.org\/wp-content\/uploads\/2021\/05\/1996-1.jpg\" class=\"ctl_glightbox\"><img loading=\"lazy\" decoding=\"async\" width=\"720\" height=\"480\" src=\"https:\/\/nuestrocarisma.org\/wp-content\/uploads\/2021\/05\/1996-1.jpg\" class=\"story-img wp-post-image\" alt=\"Parroquia en Fall River &#8211; USA\" srcset=\"https:\/\/nuestrocarisma.org\/wp-content\/uploads\/2021\/05\/1996-1.jpg 720w, https:\/\/nuestrocarisma.org\/wp-content\/uploads\/2021\/05\/1996-1-300x200.jpg 300w\" sizes=\"(max-width: 720px) 100vw, 720px\" \/><\/a><\/div><!-- Story Description --><div class=\"ctl-description\"><p>Se asume la Parroquia \u201cSan Kilian\u201d en la di\u00f3cesis de Fall River, USA<\/p>\n<\/div><\/div><\/div><!-- Timeline Content --><div id=\"ctl-story-3316\" class=\"ctl-story ctl-story-icon odd ctl-story-right\" data-story-index=\"73\" role=\"article\"><!-- Story Date --><div class=\"ctl-labels\"><div class=\"ctl-label-big story-date\">09\/09\/1996<\/div><\/div><!-- Story Icon --><div class=\"ctl-icon\"><i class=\"fa fa-clock-o\" aria-hidden=\"true\"><\/i><\/div> <!-- Story Arrow --><div class=\"ctl-arrow\"><\/div>\r\n\t\t\t<!-- Story Content --><div class=\"ctl-content\"><!-- Story Title --><div class=\"ctl-title story-3316\" aria-label=\"Encuentro con el Papa Juan Pablo II\"><a target=\"_self\" title=\"Encuentro con el Papa Juan Pablo II\" href=\"https:\/\/nuestrocarisma.org\/index.php\/timeline\/encuentro-con-el-papa-juan-pablo-ii\/\" class=\"story-link\">Encuentro con el Papa Juan Pablo II<\/a><\/div><!-- Story Media --><div class=\"ctl-media full\"><a data-glightbox=\"Encuentro con el Papa Juan Pablo II\" href=\"https:\/\/nuestrocarisma.org\/wp-content\/uploads\/2021\/05\/57.jpg\" class=\"ctl_glightbox\"><img loading=\"lazy\" decoding=\"async\" width=\"720\" height=\"480\" src=\"https:\/\/nuestrocarisma.org\/wp-content\/uploads\/2021\/05\/57.jpg\" class=\"story-img wp-post-image\" alt=\"Encuentro con el Papa Juan Pablo II\" srcset=\"https:\/\/nuestrocarisma.org\/wp-content\/uploads\/2021\/05\/57.jpg 720w, https:\/\/nuestrocarisma.org\/wp-content\/uploads\/2021\/05\/57-300x200.jpg 300w\" sizes=\"(max-width: 720px) 100vw, 720px\" \/><\/a><\/div><!-- Story Description --><div class=\"ctl-description\"><p>Encuentro con el Papa Juan Pablo II en Castelgandolfo, Italia\u00a0 \/\u00a0 \u00a0 \u00a0 \u00a0 \u00a0 \u00a0 \u00a0 El P. Buela presenta al Papa la Familia Religiosa<\/p>\n<\/div><\/div><\/div><!-- Timeline Content --><div id=\"ctl-story-3318\" class=\"ctl-story ctl-story-icon even ctl-story-left\" data-story-index=\"74\" role=\"article\"><!-- Story Date --><div class=\"ctl-labels\"><div class=\"ctl-label-big story-date\">01\/10\/1996<\/div><\/div><!-- Story Icon --><div class=\"ctl-icon\"><i class=\"fa fa-clock-o\" aria-hidden=\"true\"><\/i><\/div> <!-- Story Arrow --><div class=\"ctl-arrow\"><\/div>\r\n\t\t\t<!-- Story Content --><div class=\"ctl-content\"><!-- Story Title --><div class=\"ctl-title story-3318\" aria-label=\"Monasterio en Ort\u00e1s &#8211; Tierra Santa\"><a target=\"_self\" title=\"Monasterio en Ort\u00e1s &#8211; Tierra Santa\" href=\"https:\/\/nuestrocarisma.org\/index.php\/timeline\/fundacion-del-monasterio-en-tierra-santa\/\" class=\"story-link\">Monasterio en Ort\u00e1s &#8211; Tierra Santa<\/a><\/div><!-- Story Media --><div class=\"ctl-media full\"><a data-glightbox=\"Monasterio en Ort\u00e1s &#8211; Tierra Santa\" href=\"https:\/\/nuestrocarisma.org\/wp-content\/uploads\/2021\/05\/58.jpg\" class=\"ctl_glightbox\"><img loading=\"lazy\" decoding=\"async\" width=\"720\" height=\"480\" src=\"https:\/\/nuestrocarisma.org\/wp-content\/uploads\/2021\/05\/58.jpg\" class=\"story-img wp-post-image\" alt=\"Monasterio en Ort\u00e1s &#8211; Tierra Santa\" srcset=\"https:\/\/nuestrocarisma.org\/wp-content\/uploads\/2021\/05\/58.jpg 720w, https:\/\/nuestrocarisma.org\/wp-content\/uploads\/2021\/05\/58-300x200.jpg 300w\" sizes=\"(max-width: 720px) 100vw, 720px\" \/><\/a><\/div><!-- Story Description --><div class=\"ctl-description\"><p>Fundaci\u00f3n del Monasterio Contemplativo en Ort\u00e1s, Tierra Santa<\/p>\n<\/div><\/div><\/div><!-- Timeline Content --><div id=\"ctl-story-3401\" class=\"ctl-story ctl-story-icon odd ctl-story-right\" data-story-index=\"75\" role=\"article\"><!-- Story Date --><div class=\"ctl-labels\"><div class=\"ctl-label-big story-date\">07\/10\/1996<\/div><\/div><!-- Story Icon --><div class=\"ctl-icon\"><i class=\"fa fa-clock-o\" aria-hidden=\"true\"><\/i><\/div> <!-- Story Arrow --><div class=\"ctl-arrow\"><\/div>\r\n\t\t\t<!-- Story Content --><div class=\"ctl-content\"><!-- Story Title --><div class=\"ctl-title story-3401\" aria-label=\"Fundaci\u00f3n en Boma &#8211; Sud\u00e1n\"><a target=\"_self\" title=\"Fundaci\u00f3n en Boma &#8211; Sud\u00e1n\" href=\"https:\/\/nuestrocarisma.org\/index.php\/timeline\/fundacion-en-sudan-africa\/\" class=\"story-link\">Fundaci\u00f3n en Boma &#8211; Sud\u00e1n<\/a><\/div><!-- Story Media --><div class=\"ctl-media full\"><a data-glightbox=\"Fundaci\u00f3n en Boma &#8211; Sud\u00e1n\" href=\"https:\/\/nuestrocarisma.org\/wp-content\/uploads\/2021\/05\/59.jpg\" class=\"ctl_glightbox\"><img loading=\"lazy\" decoding=\"async\" width=\"720\" height=\"480\" src=\"https:\/\/nuestrocarisma.org\/wp-content\/uploads\/2021\/05\/59.jpg\" class=\"story-img wp-post-image\" alt=\"Fundaci\u00f3n en Boma &#8211; Sud\u00e1n\" srcset=\"https:\/\/nuestrocarisma.org\/wp-content\/uploads\/2021\/05\/59.jpg 720w, https:\/\/nuestrocarisma.org\/wp-content\/uploads\/2021\/05\/59-300x200.jpg 300w\" sizes=\"(max-width: 720px) 100vw, 720px\" \/><\/a><\/div><!-- Story Description --><div class=\"ctl-description\"><p>Fundaci\u00f3n en Boma, di\u00f3cesis de Torit, Sud\u00e1n, \u00c1frica<\/p>\n<\/div><\/div><\/div><!-- Timeline Content --><div id=\"ctl-story-3403\" class=\"ctl-story ctl-story-icon even ctl-story-left\" data-story-index=\"76\" role=\"article\"><!-- Story Date --><div class=\"ctl-labels\"><div class=\"ctl-label-big story-date\">07\/10\/1996<\/div><\/div><!-- Story Icon --><div class=\"ctl-icon\"><i class=\"fa fa-clock-o\" aria-hidden=\"true\"><\/i><\/div> <!-- Story Arrow --><div class=\"ctl-arrow\"><\/div>\r\n\t\t\t<!-- Story Content --><div class=\"ctl-content\"><!-- Story Title --><div class=\"ctl-title story-3403\" aria-label=\"Seminario Menor en Santo Amaro &#8211; Brasil\"><a target=\"_self\" title=\"Seminario Menor en Santo Amaro &#8211; Brasil\" href=\"https:\/\/nuestrocarisma.org\/index.php\/timeline\/fundacion-del-seminario-menor-en-brasil\/\" class=\"story-link\">Seminario Menor en Santo Amaro &#8211; Brasil<\/a><\/div><!-- Story Media --><div class=\"ctl-media full\"><a data-glightbox=\"Seminario Menor en Santo Amaro &#8211; Brasil\" href=\"https:\/\/nuestrocarisma.org\/wp-content\/uploads\/2021\/05\/60.jpg\" class=\"ctl_glightbox\"><img loading=\"lazy\" decoding=\"async\" width=\"720\" height=\"480\" src=\"https:\/\/nuestrocarisma.org\/wp-content\/uploads\/2021\/05\/60.jpg\" class=\"story-img wp-post-image\" alt=\"Seminario Menor en Santo Amaro &#8211; Brasil\" srcset=\"https:\/\/nuestrocarisma.org\/wp-content\/uploads\/2021\/05\/60.jpg 720w, https:\/\/nuestrocarisma.org\/wp-content\/uploads\/2021\/05\/60-300x200.jpg 300w\" sizes=\"(max-width: 720px) 100vw, 720px\" \/><\/a><\/div><!-- Story Description --><div class=\"ctl-description\"><p>Fundaci\u00f3n del Seminario Menor \u201cSan Tarsicio\u201d, en la di\u00f3cesis de Santo Amaro, Brasil<\/p>\n<\/div><\/div><\/div><!-- Timeline Content --><div id=\"ctl-story-3405\" class=\"ctl-story ctl-story-icon odd ctl-story-right\" data-story-index=\"77\" role=\"article\"><!-- Story Date --><div class=\"ctl-labels\"><div class=\"ctl-label-big story-date\">28\/10\/1996<\/div><\/div><!-- Story Icon --><div class=\"ctl-icon\"><i class=\"fa fa-clock-o\" aria-hidden=\"true\"><\/i><\/div> <!-- Story Arrow --><div class=\"ctl-arrow\"><\/div>\r\n\t\t\t<!-- Story Content --><div class=\"ctl-content\"><!-- Story Title --><div class=\"ctl-title story-3405\" aria-label=\"Fundaci\u00f3n en Toronto &#8211; Canad\u00e1\"><a target=\"_self\" title=\"Fundaci\u00f3n en Toronto &#8211; Canad\u00e1\" href=\"https:\/\/nuestrocarisma.org\/index.php\/timeline\/fundacion-en-canada\/\" class=\"story-link\">Fundaci\u00f3n en Toronto &#8211; Canad\u00e1<\/a><\/div><!-- Story Media --><div class=\"ctl-media full\"><a data-glightbox=\"Fundaci\u00f3n en Toronto &#8211; Canad\u00e1\" href=\"https:\/\/nuestrocarisma.org\/wp-content\/uploads\/2021\/05\/61.jpg\" class=\"ctl_glightbox\"><img loading=\"lazy\" decoding=\"async\" width=\"720\" height=\"480\" src=\"https:\/\/nuestrocarisma.org\/wp-content\/uploads\/2021\/05\/61.jpg\" class=\"story-img wp-post-image\" alt=\"Fundaci\u00f3n en Toronto &#8211; Canad\u00e1\" srcset=\"https:\/\/nuestrocarisma.org\/wp-content\/uploads\/2021\/05\/61.jpg 720w, https:\/\/nuestrocarisma.org\/wp-content\/uploads\/2021\/05\/61-300x200.jpg 300w\" sizes=\"(max-width: 720px) 100vw, 720px\" \/><\/a><\/div><!-- Story Description --><div class=\"ctl-description\"><p>Con la llegada de los primeros padres se funda en la arquidi\u00f3cesis de Toronto, Canad\u00e1<\/p>\n<\/div><\/div><\/div><!-- Timeline Content --><div id=\"ctl-story-3407\" class=\"ctl-story ctl-story-icon even ctl-story-left\" data-story-index=\"78\" role=\"article\"><!-- Story Date --><div class=\"ctl-labels\"><div class=\"ctl-label-big story-date\">03\/11\/1996<\/div><\/div><!-- Story Icon --><div class=\"ctl-icon\"><i class=\"fa fa-clock-o\" aria-hidden=\"true\"><\/i><\/div> <!-- Story Arrow --><div class=\"ctl-arrow\"><\/div>\r\n\t\t\t<!-- Story Content --><div class=\"ctl-content\"><!-- Story Title --><div class=\"ctl-title story-3407\" aria-label=\"Fundaci\u00f3n en Dushanb\u00e9 &#8211; Tayikist\u00e1n\"><a target=\"_self\" title=\"Fundaci\u00f3n en Dushanb\u00e9 &#8211; Tayikist\u00e1n\" href=\"https:\/\/nuestrocarisma.org\/index.php\/timeline\/fundacion-en-tayikistan\/\" class=\"story-link\">Fundaci\u00f3n en Dushanb\u00e9 &#8211; Tayikist\u00e1n<\/a><\/div><!-- Story Media --><div class=\"ctl-media full\"><a data-glightbox=\"Fundaci\u00f3n en Dushanb\u00e9 &#8211; Tayikist\u00e1n\" href=\"https:\/\/nuestrocarisma.org\/wp-content\/uploads\/2021\/05\/62.jpg\" class=\"ctl_glightbox\"><img loading=\"lazy\" decoding=\"async\" width=\"720\" height=\"480\" src=\"https:\/\/nuestrocarisma.org\/wp-content\/uploads\/2021\/05\/62.jpg\" class=\"story-img wp-post-image\" alt=\"Fundaci\u00f3n en Dushanb\u00e9 &#8211; Tayikist\u00e1n\" srcset=\"https:\/\/nuestrocarisma.org\/wp-content\/uploads\/2021\/05\/62.jpg 720w, https:\/\/nuestrocarisma.org\/wp-content\/uploads\/2021\/05\/62-300x200.jpg 300w\" sizes=\"(max-width: 720px) 100vw, 720px\" \/><\/a><\/div><!-- Story Description --><div class=\"ctl-description\"><p>Fundaci\u00f3n en Dushanb\u00e9, Tayikist\u00e1n<\/p>\n<\/div><\/div><\/div><!-- Story Year Section --><div data-cls=\"sc-nv-light vertical\" class=\"timeline-year scrollable-section ctl-year ctl-year-container light-year\" data-section-title=\"1997\" id=\"year-1997\"><div class=\"ctl-year-label ctl-year-text\"><span>1997<\/span><\/div><\/div><!-- Timeline Content --><div id=\"ctl-story-3409\" class=\"ctl-story ctl-story-icon odd ctl-story-right\" data-story-index=\"79\" role=\"article\"><!-- Story Date --><div class=\"ctl-labels\"><div class=\"ctl-label-big story-date\">03\/05\/1997<\/div><\/div><!-- Story Icon --><div class=\"ctl-icon\"><i class=\"fa fa-clock-o\" aria-hidden=\"true\"><\/i><\/div> <!-- Story Arrow --><div class=\"ctl-arrow\"><\/div>\r\n\t\t\t<!-- Story Content --><div class=\"ctl-content\"><!-- Story Title --><div class=\"ctl-title story-3409\" aria-label=\"Constituciones &#8211; Aprobaci\u00f3n ad experimentum\"><a target=\"_self\" title=\"Constituciones &#8211; Aprobaci\u00f3n ad experimentum\" href=\"https:\/\/nuestrocarisma.org\/index.php\/timeline\/aprobacion-ad-experimentum-las-constituciones\/\" class=\"story-link\">Constituciones &#8211; Aprobaci\u00f3n ad experimentum<\/a><\/div><!-- Story Media --><div class=\"ctl-media full\"><a data-glightbox=\"Constituciones &#8211; Aprobaci\u00f3n ad experimentum\" href=\"https:\/\/nuestrocarisma.org\/wp-content\/uploads\/2021\/05\/1997-1.jpg\" class=\"ctl_glightbox\"><img loading=\"lazy\" decoding=\"async\" width=\"720\" height=\"480\" src=\"https:\/\/nuestrocarisma.org\/wp-content\/uploads\/2021\/05\/1997-1.jpg\" class=\"story-img wp-post-image\" alt=\"Constituciones &#8211; Aprobaci\u00f3n ad experimentum\" srcset=\"https:\/\/nuestrocarisma.org\/wp-content\/uploads\/2021\/05\/1997-1.jpg 720w, https:\/\/nuestrocarisma.org\/wp-content\/uploads\/2021\/05\/1997-1-300x200.jpg 300w\" sizes=\"(max-width: 720px) 100vw, 720px\" \/><\/a><\/div><!-- Story Description --><div class=\"ctl-description\"><p>El P. Rico, Comisario Pontificio, aprueba <em>ad experimentum<\/em> las Constituciones del IVE<\/p>\n<\/div><\/div><\/div><!-- Timeline Content --><div id=\"ctl-story-3410\" class=\"ctl-story ctl-story-icon even ctl-story-left\" data-story-index=\"80\" role=\"article\"><!-- Story Date --><div class=\"ctl-labels\"><div class=\"ctl-label-big story-date\">03\/05\/1997<\/div><\/div><!-- Story Icon --><div class=\"ctl-icon\"><i class=\"fa fa-clock-o\" aria-hidden=\"true\"><\/i><\/div> <!-- Story Arrow --><div class=\"ctl-arrow\"><\/div>\r\n\t\t\t<!-- Story Content --><div class=\"ctl-content\"><!-- Story Title --><div class=\"ctl-title story-3410\" aria-label=\"Fundaci\u00f3n en Cotahuasi &#8211; Per\u00fa\"><a target=\"_self\" title=\"Fundaci\u00f3n en Cotahuasi &#8211; Per\u00fa\" href=\"https:\/\/nuestrocarisma.org\/index.php\/timeline\/fundacion-en-cotahuasi-peru\/\" class=\"story-link\">Fundaci\u00f3n en Cotahuasi &#8211; Per\u00fa<\/a><\/div><!-- Story Media --><div class=\"ctl-media full\"><a data-glightbox=\"Fundaci\u00f3n en Cotahuasi &#8211; Per\u00fa\" href=\"https:\/\/nuestrocarisma.org\/wp-content\/uploads\/2021\/05\/1997-2.jpg\" class=\"ctl_glightbox\"><img loading=\"lazy\" decoding=\"async\" width=\"720\" height=\"480\" src=\"https:\/\/nuestrocarisma.org\/wp-content\/uploads\/2021\/05\/1997-2.jpg\" class=\"story-img wp-post-image\" alt=\"Fundaci\u00f3n en Cotahuasi &#8211; Per\u00fa\" srcset=\"https:\/\/nuestrocarisma.org\/wp-content\/uploads\/2021\/05\/1997-2.jpg 720w, https:\/\/nuestrocarisma.org\/wp-content\/uploads\/2021\/05\/1997-2-300x200.jpg 300w\" sizes=\"(max-width: 720px) 100vw, 720px\" \/><\/a><\/div><!-- Story Description --><div class=\"ctl-description\"><p>Fundaci\u00f3n en Cotahuasi, Prelatura de Chuquibamba, Per\u00fa<\/p>\n<\/div><\/div><\/div><!-- Timeline Content --><div id=\"ctl-story-3412\" class=\"ctl-story ctl-story-icon odd ctl-story-right\" data-story-index=\"81\" role=\"article\"><!-- Story Date --><div class=\"ctl-labels\"><div class=\"ctl-label-big story-date\">09\/06\/1997<\/div><\/div><!-- Story Icon --><div class=\"ctl-icon\"><i class=\"fa fa-clock-o\" aria-hidden=\"true\"><\/i><\/div> <!-- Story Arrow --><div class=\"ctl-arrow\"><\/div>\r\n\t\t\t<!-- Story Content --><div class=\"ctl-content\"><!-- Story Title --><div class=\"ctl-title story-3412\" aria-label=\"Fundaci\u00f3n en Hong Kong\"><a target=\"_self\" title=\"Fundaci\u00f3n en Hong Kong\" href=\"https:\/\/nuestrocarisma.org\/index.php\/timeline\/fundacion-en-hong-kong\/\" class=\"story-link\">Fundaci\u00f3n en Hong Kong<\/a><\/div><!-- Story Media --><div class=\"ctl-media full\"><a data-glightbox=\"Fundaci\u00f3n en Hong Kong\" href=\"https:\/\/nuestrocarisma.org\/wp-content\/uploads\/2021\/05\/64.jpg\" class=\"ctl_glightbox\"><img loading=\"lazy\" decoding=\"async\" width=\"720\" height=\"480\" src=\"https:\/\/nuestrocarisma.org\/wp-content\/uploads\/2021\/05\/64.jpg\" class=\"story-img wp-post-image\" alt=\"Fundaci\u00f3n en Hong Kong\" srcset=\"https:\/\/nuestrocarisma.org\/wp-content\/uploads\/2021\/05\/64.jpg 720w, https:\/\/nuestrocarisma.org\/wp-content\/uploads\/2021\/05\/64-300x200.jpg 300w\" sizes=\"(max-width: 720px) 100vw, 720px\" \/><\/a><\/div><!-- Story Description --><div class=\"ctl-description\"><p>Fundaci\u00f3n en Hong Kong<\/p>\n<\/div><\/div><\/div><!-- Timeline Content --><div id=\"ctl-story-3414\" class=\"ctl-story ctl-story-icon even ctl-story-left\" data-story-index=\"82\" role=\"article\"><!-- Story Date --><div class=\"ctl-labels\"><div class=\"ctl-label-big story-date\">10\/07\/1997<\/div><\/div><!-- Story Icon --><div class=\"ctl-icon\"><i class=\"fa fa-clock-o\" aria-hidden=\"true\"><\/i><\/div> <!-- Story Arrow --><div class=\"ctl-arrow\"><\/div>\r\n\t\t\t<!-- Story Content --><div class=\"ctl-content\"><!-- Story Title --><div class=\"ctl-title story-3414\" aria-label=\"Fundaci\u00f3n en Requena &#8211; Per\u00fa\"><a target=\"_self\" title=\"Fundaci\u00f3n en Requena &#8211; Per\u00fa\" href=\"https:\/\/nuestrocarisma.org\/index.php\/timeline\/fundacion-en-requena-peru\/\" class=\"story-link\">Fundaci\u00f3n en Requena &#8211; Per\u00fa<\/a><\/div><!-- Story Media --><div class=\"ctl-media full\"><a data-glightbox=\"Fundaci\u00f3n en Requena &#8211; Per\u00fa\" href=\"https:\/\/nuestrocarisma.org\/wp-content\/uploads\/2021\/05\/65.jpg\" class=\"ctl_glightbox\"><img loading=\"lazy\" decoding=\"async\" width=\"720\" height=\"480\" src=\"https:\/\/nuestrocarisma.org\/wp-content\/uploads\/2021\/05\/65.jpg\" class=\"story-img wp-post-image\" alt=\"Fundaci\u00f3n en Requena &#8211; Per\u00fa\" srcset=\"https:\/\/nuestrocarisma.org\/wp-content\/uploads\/2021\/05\/65.jpg 720w, https:\/\/nuestrocarisma.org\/wp-content\/uploads\/2021\/05\/65-300x200.jpg 300w\" sizes=\"(max-width: 720px) 100vw, 720px\" \/><\/a><\/div><!-- Story Description --><div class=\"ctl-description\"><p>Fundaci\u00f3n en el Vicariato Apost\u00f3lico de Requena, en la selva amaz\u00f3nica peruana<\/p>\n<\/div><\/div><\/div><!-- Timeline Content --><div id=\"ctl-story-3416\" class=\"ctl-story ctl-story-icon odd ctl-story-right\" data-story-index=\"83\" role=\"article\"><!-- Story Date --><div class=\"ctl-labels\"><div class=\"ctl-label-big story-date\">19\/08\/1997<\/div><\/div><!-- Story Icon --><div class=\"ctl-icon\"><i class=\"fa fa-clock-o\" aria-hidden=\"true\"><\/i><\/div> <!-- Story Arrow --><div class=\"ctl-arrow\"><\/div>\r\n\t\t\t<!-- Story Content --><div class=\"ctl-content\"><!-- Story Title --><div class=\"ctl-title story-3416\" aria-label=\"Jornadas Mundiales de la Juventud en Francia\"><a target=\"_self\" title=\"Jornadas Mundiales de la Juventud en Francia\" href=\"https:\/\/nuestrocarisma.org\/index.php\/timeline\/jornadas-mundiales-de-la-juventud-en-francia\/\" class=\"story-link\">Jornadas Mundiales de la Juventud en Francia<\/a><\/div><!-- Story Media --><div class=\"ctl-media full\"><a data-glightbox=\"Jornadas Mundiales de la Juventud en Francia\" href=\"https:\/\/nuestrocarisma.org\/wp-content\/uploads\/2021\/05\/1997-5.jpg\" class=\"ctl_glightbox\"><img loading=\"lazy\" decoding=\"async\" width=\"720\" height=\"480\" src=\"https:\/\/nuestrocarisma.org\/wp-content\/uploads\/2021\/05\/1997-5.jpg\" class=\"story-img wp-post-image\" alt=\"Jornadas Mundiales de la Juventud en Francia\" srcset=\"https:\/\/nuestrocarisma.org\/wp-content\/uploads\/2021\/05\/1997-5.jpg 720w, https:\/\/nuestrocarisma.org\/wp-content\/uploads\/2021\/05\/1997-5-300x200.jpg 300w\" sizes=\"(max-width: 720px) 100vw, 720px\" \/><\/a><\/div><!-- Story Description --><div class=\"ctl-description\"><p>Primera participaci\u00f3n de miembros de la Familia Religiosa con j\u00f3venes en las Jornadas Mundiales de la Juventud convocadas por San Juan Pablo II (Par\u00eds, Francia), del 19 al 24 de agosto de 1997<\/p>\n<\/div><\/div><\/div><!-- Timeline Content --><div id=\"ctl-story-3417\" class=\"ctl-story ctl-story-icon even ctl-story-left\" data-story-index=\"84\" role=\"article\"><!-- Story Date --><div class=\"ctl-labels\"><div class=\"ctl-label-big story-date\">23\/08\/1997<\/div><\/div><!-- Story Icon --><div class=\"ctl-icon\"><i class=\"fa fa-clock-o\" aria-hidden=\"true\"><\/i><\/div> <!-- Story Arrow --><div class=\"ctl-arrow\"><\/div>\r\n\t\t\t<!-- Story Content --><div class=\"ctl-content\"><!-- Story Title --><div class=\"ctl-title story-3417\" aria-label=\"Primeras Jornadas de J\u00f3venes en Argentina\"><a target=\"_self\" title=\"Primeras Jornadas de J\u00f3venes en Argentina\" href=\"https:\/\/nuestrocarisma.org\/index.php\/timeline\/primeras-jornadas-de-jovenes-en-argentina\/\" class=\"story-link\">Primeras Jornadas de J\u00f3venes en Argentina<\/a><\/div><!-- Story Media --><div class=\"ctl-media full\"><a data-glightbox=\"Primeras Jornadas de J\u00f3venes en Argentina\" href=\"https:\/\/nuestrocarisma.org\/wp-content\/uploads\/2021\/05\/66.jpg\" class=\"ctl_glightbox\"><img loading=\"lazy\" decoding=\"async\" width=\"720\" height=\"480\" src=\"https:\/\/nuestrocarisma.org\/wp-content\/uploads\/2021\/05\/66.jpg\" class=\"story-img wp-post-image\" alt=\"Primeras Jornadas de J\u00f3venes en Argentina\" srcset=\"https:\/\/nuestrocarisma.org\/wp-content\/uploads\/2021\/05\/66.jpg 720w, https:\/\/nuestrocarisma.org\/wp-content\/uploads\/2021\/05\/66-300x200.jpg 300w\" sizes=\"(max-width: 720px) 100vw, 720px\" \/><\/a><\/div><!-- Story Description --><div class=\"ctl-description\"><p>Los d\u00edas 23 y 24 de agosto, se realizan las primeras Jornadas de J\u00f3venes en San Rafael, Argentina, en concomitancia con la JMJ de Par\u00eds<\/p>\n<\/div><\/div><\/div><!-- Timeline Content --><div id=\"ctl-story-3420\" class=\"ctl-story ctl-story-icon odd ctl-story-right\" data-story-index=\"85\" role=\"article\"><!-- Story Date --><div class=\"ctl-labels\"><div class=\"ctl-label-big story-date\">23\/09\/1997<\/div><\/div><!-- Story Icon --><div class=\"ctl-icon\"><i class=\"fa fa-clock-o\" aria-hidden=\"true\"><\/i><\/div> <!-- Story Arrow --><div class=\"ctl-arrow\"><\/div>\r\n\t\t\t<!-- Story Content --><div class=\"ctl-content\"><!-- Story Title --><div class=\"ctl-title story-3420\" aria-label=\"Fundaci\u00f3n en M\u00e1daba &#8211; Jordania\"><a target=\"_self\" title=\"Fundaci\u00f3n en M\u00e1daba &#8211; Jordania\" href=\"https:\/\/nuestrocarisma.org\/index.php\/timeline\/fundacion-en-jordania\/\" class=\"story-link\">Fundaci\u00f3n en M\u00e1daba &#8211; Jordania<\/a><\/div><!-- Story Media --><div class=\"ctl-media full\"><a data-glightbox=\"Fundaci\u00f3n en M\u00e1daba &#8211; Jordania\" href=\"https:\/\/nuestrocarisma.org\/wp-content\/uploads\/2021\/05\/63.jpg\" class=\"ctl_glightbox\"><img loading=\"lazy\" decoding=\"async\" width=\"720\" height=\"480\" src=\"https:\/\/nuestrocarisma.org\/wp-content\/uploads\/2021\/05\/63.jpg\" class=\"story-img wp-post-image\" alt=\"Fundaci\u00f3n en M\u00e1daba &#8211; Jordania\" srcset=\"https:\/\/nuestrocarisma.org\/wp-content\/uploads\/2021\/05\/63.jpg 720w, https:\/\/nuestrocarisma.org\/wp-content\/uploads\/2021\/05\/63-300x200.jpg 300w\" sizes=\"(max-width: 720px) 100vw, 720px\" \/><\/a><\/div><!-- Story Description --><div class=\"ctl-description\"><p>Se concreta la fundaci\u00f3n del IVE en M\u00e1daba, Jordania<\/p>\n<\/div><\/div><\/div><!-- Timeline Content --><div id=\"ctl-story-3421\" class=\"ctl-story ctl-story-icon even ctl-story-left\" data-story-index=\"86\" role=\"article\"><!-- Story Date --><div class=\"ctl-labels\"><div class=\"ctl-label-big story-date\">29\/09\/1997<\/div><\/div><!-- Story Icon --><div class=\"ctl-icon\"><i class=\"fa fa-clock-o\" aria-hidden=\"true\"><\/i><\/div> <!-- Story Arrow --><div class=\"ctl-arrow\"><\/div>\r\n\t\t\t<!-- Story Content --><div class=\"ctl-content\"><!-- Story Title --><div class=\"ctl-title story-3421\" aria-label=\"Missio sui Iuris de Tayikist\u00e1n\"><a target=\"_self\" title=\"Missio sui Iuris de Tayikist\u00e1n\" href=\"https:\/\/nuestrocarisma.org\/index.php\/timeline\/missio-sui-iuris-de-tayikistan\/\" class=\"story-link\">Missio sui Iuris de Tayikist\u00e1n<\/a><\/div><!-- Story Media --><div class=\"ctl-media full\"><a data-glightbox=\"Missio sui Iuris de Tayikist\u00e1n\" href=\"https:\/\/nuestrocarisma.org\/wp-content\/uploads\/2021\/05\/1997-8.jpg\" class=\"ctl_glightbox\"><img loading=\"lazy\" decoding=\"async\" width=\"720\" height=\"480\" src=\"https:\/\/nuestrocarisma.org\/wp-content\/uploads\/2021\/05\/1997-8.jpg\" class=\"story-img wp-post-image\" alt=\"Missio sui Iuris de Tayikist\u00e1n\" srcset=\"https:\/\/nuestrocarisma.org\/wp-content\/uploads\/2021\/05\/1997-8.jpg 720w, https:\/\/nuestrocarisma.org\/wp-content\/uploads\/2021\/05\/1997-8-300x200.jpg 300w\" sizes=\"(max-width: 720px) 100vw, 720px\" \/><\/a><\/div><!-- Story Description --><div class=\"ctl-description\"><p>San Juan Pablo II crea la Missio sui iuris de Tayikist\u00e1n y la encomienda al IVE<\/p>\n<\/div><\/div><\/div><!-- Timeline Content --><div id=\"ctl-story-3423\" class=\"ctl-story ctl-story-icon odd ctl-story-right\" data-story-index=\"87\" role=\"article\"><!-- Story Date --><div class=\"ctl-labels\"><div class=\"ctl-label-big story-date\">01\/10\/1997<\/div><\/div><!-- Story Icon --><div class=\"ctl-icon\"><i class=\"fa fa-clock-o\" aria-hidden=\"true\"><\/i><\/div> <!-- Story Arrow --><div class=\"ctl-arrow\"><\/div>\r\n\t\t\t<!-- Story Content --><div class=\"ctl-content\"><!-- Story Title --><div class=\"ctl-title story-3423\" aria-label=\"Fundaci\u00f3n en Alejandr\u00eda &#8211; Egipto\"><a target=\"_self\" title=\"Fundaci\u00f3n en Alejandr\u00eda &#8211; Egipto\" href=\"https:\/\/nuestrocarisma.org\/index.php\/timeline\/fundacion-en-alejandria-egipto\/\" class=\"story-link\">Fundaci\u00f3n en Alejandr\u00eda &#8211; Egipto<\/a><\/div><!-- Story Media --><div class=\"ctl-media full\"><a data-glightbox=\"Fundaci\u00f3n en Alejandr\u00eda &#8211; Egipto\" href=\"https:\/\/nuestrocarisma.org\/wp-content\/uploads\/2021\/05\/68.jpg\" class=\"ctl_glightbox\"><img loading=\"lazy\" decoding=\"async\" width=\"720\" height=\"480\" src=\"https:\/\/nuestrocarisma.org\/wp-content\/uploads\/2021\/05\/68.jpg\" class=\"story-img wp-post-image\" alt=\"Fundaci\u00f3n en Alejandr\u00eda &#8211; Egipto\" srcset=\"https:\/\/nuestrocarisma.org\/wp-content\/uploads\/2021\/05\/68.jpg 720w, https:\/\/nuestrocarisma.org\/wp-content\/uploads\/2021\/05\/68-300x200.jpg 300w\" sizes=\"(max-width: 720px) 100vw, 720px\" \/><\/a><\/div><!-- Story Description --><div class=\"ctl-description\"><p>Se funda la comunidad \u00abSan Marcos\u00bb en Lor\u00e1n, Alejandr\u00eda, Egipto<\/p>\n<\/div><\/div><\/div><!-- Timeline Content --><div id=\"ctl-story-3425\" class=\"ctl-story ctl-story-icon even ctl-story-left\" data-story-index=\"88\" role=\"article\"><!-- Story Date --><div class=\"ctl-labels\"><div class=\"ctl-label-big story-date\">04\/10\/1997<\/div><\/div><!-- Story Icon --><div class=\"ctl-icon\"><i class=\"fa fa-clock-o\" aria-hidden=\"true\"><\/i><\/div> <!-- Story Arrow --><div class=\"ctl-arrow\"><\/div>\r\n\t\t\t<!-- Story Content --><div class=\"ctl-content\"><!-- Story Title --><div class=\"ctl-title story-3425\" aria-label=\"Jornada Internacional de las Familias en Brasil\"><a target=\"_self\" title=\"Jornada Internacional de las Familias en Brasil\" href=\"https:\/\/nuestrocarisma.org\/index.php\/timeline\/jornada-internacional-de-las-familias-en-brasil\/\" class=\"story-link\">Jornada Internacional de las Familias en Brasil<\/a><\/div><!-- Story Media --><div class=\"ctl-media full\"><a data-glightbox=\"Jornada Internacional de las Familias en Brasil\" href=\"https:\/\/nuestrocarisma.org\/wp-content\/uploads\/2021\/05\/69.jpg\" class=\"ctl_glightbox\"><img loading=\"lazy\" decoding=\"async\" width=\"720\" height=\"480\" src=\"https:\/\/nuestrocarisma.org\/wp-content\/uploads\/2021\/05\/69.jpg\" class=\"story-img wp-post-image\" alt=\"Jornada Internacional de las Familias en Brasil\" srcset=\"https:\/\/nuestrocarisma.org\/wp-content\/uploads\/2021\/05\/69.jpg 720w, https:\/\/nuestrocarisma.org\/wp-content\/uploads\/2021\/05\/69-300x200.jpg 300w\" sizes=\"(max-width: 720px) 100vw, 720px\" \/><\/a><\/div><!-- Story Description --><div class=\"ctl-description\"><p>Participaci\u00f3n en la Primera Jornada Internacional de las Familias en Brasil \/ Contempor\u00e1neamente en San Rafael, Argentina, se realiza la primera Jornada de las Familias del IVE<\/p>\n<\/div><\/div><\/div><!-- Timeline Content --><div id=\"ctl-story-3427\" class=\"ctl-story ctl-story-icon odd ctl-story-right\" data-story-index=\"89\" role=\"article\"><!-- Story Date --><div class=\"ctl-labels\"><div class=\"ctl-label-big story-date\">28\/10\/1997<\/div><\/div><!-- Story Icon --><div class=\"ctl-icon\"><i class=\"fa fa-clock-o\" aria-hidden=\"true\"><\/i><\/div> <!-- Story Arrow --><div class=\"ctl-arrow\"><\/div>\r\n\t\t\t<!-- Story Content --><div class=\"ctl-content\"><!-- Story Title --><div class=\"ctl-title story-3427\" aria-label=\"Parroquia y Noviciado en California &#8211; USA\"><a target=\"_self\" title=\"Parroquia y Noviciado en California &#8211; USA\" href=\"https:\/\/nuestrocarisma.org\/index.php\/timeline\/fundacion-en-la-costa-oeste-de-usa\/\" class=\"story-link\">Parroquia y Noviciado en California &#8211; USA<\/a><\/div><!-- Story Media --><div class=\"ctl-media full\"><a data-glightbox=\"Parroquia y Noviciado en California &#8211; USA\" href=\"https:\/\/nuestrocarisma.org\/wp-content\/uploads\/2021\/05\/70.jpg\" class=\"ctl_glightbox\"><img loading=\"lazy\" decoding=\"async\" width=\"720\" height=\"480\" src=\"https:\/\/nuestrocarisma.org\/wp-content\/uploads\/2021\/05\/70.jpg\" class=\"story-img wp-post-image\" alt=\"Parroquia y Noviciado en California &#8211; USA\" srcset=\"https:\/\/nuestrocarisma.org\/wp-content\/uploads\/2021\/05\/70.jpg 720w, https:\/\/nuestrocarisma.org\/wp-content\/uploads\/2021\/05\/70-300x200.jpg 300w\" sizes=\"(max-width: 720px) 100vw, 720px\" \/><\/a><\/div><!-- Story Description --><div class=\"ctl-description\"><p>Fundaci\u00f3n en la Costa Oeste de USA, en la di\u00f3cesis de San Jos\u00e9 (Sillicon Valley) \/ Parroquia \u201cSan Le\u00f3n Magno\u201d y Noviciado \u201cSan Isaac Jogues\u201d<\/p>\n<\/div><\/div><\/div><!-- Timeline Content --><div id=\"ctl-story-3429\" class=\"ctl-story ctl-story-icon even ctl-story-left\" data-story-index=\"90\" role=\"article\"><!-- Story Date --><div class=\"ctl-labels\"><div class=\"ctl-label-big story-date\">01\/11\/1997<\/div><\/div><!-- Story Icon --><div class=\"ctl-icon\"><i class=\"fa fa-clock-o\" aria-hidden=\"true\"><\/i><\/div> <!-- Story Arrow --><div class=\"ctl-arrow\"><\/div>\r\n\t\t\t<!-- Story Content --><div class=\"ctl-content\"><!-- Story Title --><div class=\"ctl-title story-3429\" aria-label=\"Fundaci\u00f3n en Vanimo &#8211; Pap\u00faa Nueva Guinea\"><a target=\"_self\" title=\"Fundaci\u00f3n en Vanimo &#8211; Pap\u00faa Nueva Guinea\" href=\"https:\/\/nuestrocarisma.org\/index.php\/timeline\/fundacion-en-papua-nueva-guinea\/\" class=\"story-link\">Fundaci\u00f3n en Vanimo &#8211; Pap\u00faa Nueva Guinea<\/a><\/div><!-- Story Media --><div class=\"ctl-media full\"><a data-glightbox=\"Fundaci\u00f3n en Vanimo &#8211; Pap\u00faa Nueva Guinea\" href=\"https:\/\/nuestrocarisma.org\/wp-content\/uploads\/2021\/05\/71.jpg\" class=\"ctl_glightbox\"><img loading=\"lazy\" decoding=\"async\" width=\"720\" height=\"480\" src=\"https:\/\/nuestrocarisma.org\/wp-content\/uploads\/2021\/05\/71.jpg\" class=\"story-img wp-post-image\" alt=\"Fundaci\u00f3n en Vanimo &#8211; Pap\u00faa Nueva Guinea\" srcset=\"https:\/\/nuestrocarisma.org\/wp-content\/uploads\/2021\/05\/71.jpg 720w, https:\/\/nuestrocarisma.org\/wp-content\/uploads\/2021\/05\/71-300x200.jpg 300w\" sizes=\"(max-width: 720px) 100vw, 720px\" \/><\/a><\/div><!-- Story Description --><div class=\"ctl-description\"><p>Fundaci\u00f3n en Pap\u00faa Nueva Guinea, en la di\u00f3cesis de Vanimo \/ El IVE se halla presente desde este momento en los cinco continentes<\/p>\n<\/div><\/div><\/div><!-- Timeline Content --><div id=\"ctl-story-3431\" class=\"ctl-story ctl-story-icon odd ctl-story-right\" data-story-index=\"91\" role=\"article\"><!-- Story Date --><div class=\"ctl-labels\"><div class=\"ctl-label-big story-date\">03\/11\/1997<\/div><\/div><!-- Story Icon --><div class=\"ctl-icon\"><i class=\"fa fa-clock-o\" aria-hidden=\"true\"><\/i><\/div> <!-- Story Arrow --><div class=\"ctl-arrow\"><\/div>\r\n\t\t\t<!-- Story Content --><div class=\"ctl-content\"><!-- Story Title --><div class=\"ctl-title story-3431\" aria-label=\"Primera edici\u00f3n del Cancionero Lit\u00fargico\"><a target=\"_self\" title=\"Primera edici\u00f3n del Cancionero Lit\u00fargico\" href=\"https:\/\/nuestrocarisma.org\/index.php\/timeline\/primera-edicion-del-cancionero-liturgico\/\" class=\"story-link\">Primera edici\u00f3n del Cancionero Lit\u00fargico<\/a><\/div><!-- Story Media --><div class=\"ctl-media full\"><a data-glightbox=\"Primera edici\u00f3n del Cancionero Lit\u00fargico\" href=\"https:\/\/nuestrocarisma.org\/wp-content\/uploads\/2021\/05\/72.jpg\" class=\"ctl_glightbox\"><img loading=\"lazy\" decoding=\"async\" width=\"720\" height=\"480\" src=\"https:\/\/nuestrocarisma.org\/wp-content\/uploads\/2021\/05\/72.jpg\" class=\"story-img wp-post-image\" alt=\"Primera edici\u00f3n del Cancionero Lit\u00fargico\" srcset=\"https:\/\/nuestrocarisma.org\/wp-content\/uploads\/2021\/05\/72.jpg 720w, https:\/\/nuestrocarisma.org\/wp-content\/uploads\/2021\/05\/72-300x200.jpg 300w\" sizes=\"(max-width: 720px) 100vw, 720px\" \/><\/a><\/div><!-- Story Description --><div class=\"ctl-description\"><p>Primera edici\u00f3n del Cancionero Lit\u00fargico del IVE<\/p>\n<\/div><\/div><\/div><!-- Story Year Section --><div data-cls=\"sc-nv-light vertical\" class=\"timeline-year scrollable-section ctl-year ctl-year-container light-year\" data-section-title=\"1998\" id=\"year-1998\"><div class=\"ctl-year-label ctl-year-text\"><span>1998<\/span><\/div><\/div><!-- Timeline Content --><div id=\"ctl-story-3433\" class=\"ctl-story ctl-story-icon even ctl-story-left\" data-story-index=\"92\" role=\"article\"><!-- Story Date --><div class=\"ctl-labels\"><div class=\"ctl-label-big story-date\">15\/01\/1998<\/div><\/div><!-- Story Icon --><div class=\"ctl-icon\"><i class=\"fa fa-clock-o\" aria-hidden=\"true\"><\/i><\/div> <!-- Story Arrow --><div class=\"ctl-arrow\"><\/div>\r\n\t\t\t<!-- Story Content --><div class=\"ctl-content\"><!-- Story Title --><div class=\"ctl-title story-3433\" aria-label=\"Fundaci\u00f3n en Cuba\"><a target=\"_self\" title=\"Fundaci\u00f3n en Cuba\" href=\"https:\/\/nuestrocarisma.org\/index.php\/timeline\/fundacion-en-cuba\/\" class=\"story-link\">Fundaci\u00f3n en Cuba<\/a><\/div><!-- Story Media --><div class=\"ctl-media full\"><a data-glightbox=\"Fundaci\u00f3n en Cuba\" href=\"https:\/\/nuestrocarisma.org\/wp-content\/uploads\/2021\/05\/73.jpg\" class=\"ctl_glightbox\"><img loading=\"lazy\" decoding=\"async\" width=\"720\" height=\"480\" src=\"https:\/\/nuestrocarisma.org\/wp-content\/uploads\/2021\/05\/73.jpg\" class=\"story-img wp-post-image\" alt=\"Fundaci\u00f3n en Cuba\" srcset=\"https:\/\/nuestrocarisma.org\/wp-content\/uploads\/2021\/05\/73.jpg 720w, https:\/\/nuestrocarisma.org\/wp-content\/uploads\/2021\/05\/73-300x200.jpg 300w\" sizes=\"(max-width: 720px) 100vw, 720px\" \/><\/a><\/div><!-- Story Description --><div class=\"ctl-description\"><p>Fundaci\u00f3n en la di\u00f3cesis de Ciego de \u00c1vila, Cuba<\/p>\n<\/div><\/div><\/div><!-- Timeline Content --><div id=\"ctl-story-3435\" class=\"ctl-story ctl-story-icon odd ctl-story-right\" data-story-index=\"93\" role=\"article\"><!-- Story Date --><div class=\"ctl-labels\"><div class=\"ctl-label-big story-date\">02\/02\/1998<\/div><\/div><!-- Story Icon --><div class=\"ctl-icon\"><i class=\"fa fa-clock-o\" aria-hidden=\"true\"><\/i><\/div> <!-- Story Arrow --><div class=\"ctl-arrow\"><\/div>\r\n\t\t\t<!-- Story Content --><div class=\"ctl-content\"><!-- Story Title --><div class=\"ctl-title story-3435\" aria-label=\"Parroquia en Harlem, New York &#8211; USA\"><a target=\"_self\" title=\"Parroquia en Harlem, New York &#8211; USA\" href=\"https:\/\/nuestrocarisma.org\/index.php\/timeline\/fundacion-en-new-york-usa\/\" class=\"story-link\">Parroquia en Harlem, New York &#8211; USA<\/a><\/div><!-- Story Media --><div class=\"ctl-media full\"><a data-glightbox=\"Parroquia en Harlem, New York &#8211; USA\" href=\"https:\/\/nuestrocarisma.org\/wp-content\/uploads\/2021\/05\/74.jpg\" class=\"ctl_glightbox\"><img loading=\"lazy\" decoding=\"async\" width=\"720\" height=\"480\" src=\"https:\/\/nuestrocarisma.org\/wp-content\/uploads\/2021\/05\/74.jpg\" class=\"story-img wp-post-image\" alt=\"Parroquia en Harlem, New York &#8211; USA\" srcset=\"https:\/\/nuestrocarisma.org\/wp-content\/uploads\/2021\/05\/74.jpg 720w, https:\/\/nuestrocarisma.org\/wp-content\/uploads\/2021\/05\/74-300x200.jpg 300w\" sizes=\"(max-width: 720px) 100vw, 720px\" \/><\/a><\/div><!-- Story Description --><div class=\"ctl-description\"><p>Se asume la Parroquia \u201cSan Pablo\u201d, en Harlem, arquidi\u00f3cesis de New York, USA<\/p>\n<\/div><\/div><\/div><!-- Timeline Content --><div id=\"ctl-story-3437\" class=\"ctl-story ctl-story-icon even ctl-story-left\" data-story-index=\"94\" role=\"article\"><!-- Story Date --><div class=\"ctl-labels\"><div class=\"ctl-label-big story-date\">02\/02\/1998<\/div><\/div><!-- Story Icon --><div class=\"ctl-icon\"><i class=\"fa fa-clock-o\" aria-hidden=\"true\"><\/i><\/div> <!-- Story Arrow --><div class=\"ctl-arrow\"><\/div>\r\n\t\t\t<!-- Story Content --><div class=\"ctl-content\"><!-- Story Title --><div class=\"ctl-title story-3437\" aria-label=\"Fundaci\u00f3n en Huintil &#8211; Chile\"><a target=\"_self\" title=\"Fundaci\u00f3n en Huintil &#8211; Chile\" href=\"https:\/\/nuestrocarisma.org\/index.php\/timeline\/fundacion-en-huintil-chile\/\" class=\"story-link\">Fundaci\u00f3n en Huintil &#8211; Chile<\/a><\/div><!-- Story Media --><div class=\"ctl-media full\"><a data-glightbox=\"Fundaci\u00f3n en Huintil &#8211; Chile\" href=\"https:\/\/nuestrocarisma.org\/wp-content\/uploads\/2021\/05\/75.jpg\" class=\"ctl_glightbox\"><img loading=\"lazy\" decoding=\"async\" width=\"720\" height=\"480\" src=\"https:\/\/nuestrocarisma.org\/wp-content\/uploads\/2021\/05\/75.jpg\" class=\"story-img wp-post-image\" alt=\"Fundaci\u00f3n en Huintil &#8211; Chile\" srcset=\"https:\/\/nuestrocarisma.org\/wp-content\/uploads\/2021\/05\/75.jpg 720w, https:\/\/nuestrocarisma.org\/wp-content\/uploads\/2021\/05\/75-300x200.jpg 300w\" sizes=\"(max-width: 720px) 100vw, 720px\" \/><\/a><\/div><!-- Story Description --><div class=\"ctl-description\"><p>Fundaci\u00f3n en Huintil, Prelatura de Illapel, Chile<\/p>\n<\/div><\/div><\/div><!-- Timeline Content --><div id=\"ctl-story-3439\" class=\"ctl-story ctl-story-icon odd ctl-story-right\" data-story-index=\"95\" role=\"article\"><!-- Story Date --><div class=\"ctl-labels\"><div class=\"ctl-label-big story-date\">02\/02\/1998<\/div><\/div><!-- Story Icon --><div class=\"ctl-icon\"><i class=\"fa fa-clock-o\" aria-hidden=\"true\"><\/i><\/div> <!-- Story Arrow --><div class=\"ctl-arrow\"><\/div>\r\n\t\t\t<!-- Story Content --><div class=\"ctl-content\"><!-- Story Title --><div class=\"ctl-title story-3439\" aria-label=\"Fundaci\u00f3n en Cabanaconde &#8211; Per\u00fa\"><a target=\"_self\" title=\"Fundaci\u00f3n en Cabanaconde &#8211; Per\u00fa\" href=\"https:\/\/nuestrocarisma.org\/index.php\/timeline\/fundacion-en-el-canon-del-colca-peru\/\" class=\"story-link\">Fundaci\u00f3n en Cabanaconde &#8211; Per\u00fa<\/a><\/div><!-- Story Media --><div class=\"ctl-media full\"><a data-glightbox=\"Fundaci\u00f3n en Cabanaconde &#8211; Per\u00fa\" href=\"https:\/\/nuestrocarisma.org\/wp-content\/uploads\/2021\/05\/1998-4.jpg\" class=\"ctl_glightbox\"><img loading=\"lazy\" decoding=\"async\" width=\"720\" height=\"480\" src=\"https:\/\/nuestrocarisma.org\/wp-content\/uploads\/2021\/05\/1998-4.jpg\" class=\"story-img wp-post-image\" alt=\"Fundaci\u00f3n en Cabanaconde &#8211; Per\u00fa\" srcset=\"https:\/\/nuestrocarisma.org\/wp-content\/uploads\/2021\/05\/1998-4.jpg 720w, https:\/\/nuestrocarisma.org\/wp-content\/uploads\/2021\/05\/1998-4-300x200.jpg 300w\" sizes=\"(max-width: 720px) 100vw, 720px\" \/><\/a><\/div><!-- Story Description --><div class=\"ctl-description\"><p>Se funda en Cabanaconde, en el Ca\u00f1\u00f3n del Colca, arquidi\u00f3cesis de Arequipa, Per\u00fa<\/p>\n<\/div><\/div><\/div><!-- Timeline Content --><div id=\"ctl-story-3440\" class=\"ctl-story ctl-story-icon even ctl-story-left\" data-story-index=\"96\" role=\"article\"><!-- Story Date --><div class=\"ctl-labels\"><div class=\"ctl-label-big story-date\">20\/03\/1998<\/div><\/div><!-- Story Icon --><div class=\"ctl-icon\"><i class=\"fa fa-clock-o\" aria-hidden=\"true\"><\/i><\/div> <!-- Story Arrow --><div class=\"ctl-arrow\"><\/div>\r\n\t\t\t<!-- Story Content --><div class=\"ctl-content\"><!-- Story Title --><div class=\"ctl-title story-3440\" aria-label=\"Segundo Comisario Pontificio para el IVE\"><a target=\"_self\" title=\"Segundo Comisario Pontificio para el IVE\" href=\"https:\/\/nuestrocarisma.org\/index.php\/timeline\/nuevo-comisario-pontificio-para-el-ive\/\" class=\"story-link\">Segundo Comisario Pontificio para el IVE<\/a><\/div><!-- Story Media --><div class=\"ctl-media full\"><a data-glightbox=\"Segundo Comisario Pontificio para el IVE\" href=\"https:\/\/nuestrocarisma.org\/wp-content\/uploads\/2021\/05\/1998-5.jpg\" class=\"ctl_glightbox\"><img loading=\"lazy\" decoding=\"async\" width=\"720\" height=\"480\" src=\"https:\/\/nuestrocarisma.org\/wp-content\/uploads\/2021\/05\/1998-5.jpg\" class=\"story-img wp-post-image\" alt=\"Segundo Comisario Pontificio para el IVE\" srcset=\"https:\/\/nuestrocarisma.org\/wp-content\/uploads\/2021\/05\/1998-5.jpg 720w, https:\/\/nuestrocarisma.org\/wp-content\/uploads\/2021\/05\/1998-5-300x200.jpg 300w\" sizes=\"(max-width: 720px) 100vw, 720px\" \/><\/a><\/div><!-- Story Description --><div class=\"ctl-description\"><p>La CIVCSVA nombra un nuevo Comisario Pontificio para el IVE, el P. Aurelio Londo\u00f1o<\/p>\n<\/div><\/div><\/div><!-- Timeline Content --><div id=\"ctl-story-3441\" class=\"ctl-story ctl-story-icon odd ctl-story-right\" data-story-index=\"97\" role=\"article\"><!-- Story Date --><div class=\"ctl-labels\"><div class=\"ctl-label-big story-date\">01\/04\/1998<\/div><\/div><!-- Story Icon --><div class=\"ctl-icon\"><i class=\"fa fa-clock-o\" aria-hidden=\"true\"><\/i><\/div> <!-- Story Arrow --><div class=\"ctl-arrow\"><\/div>\r\n\t\t\t<!-- Story Content --><div class=\"ctl-content\"><!-- Story Title --><div class=\"ctl-title story-3441\" aria-label=\"Fundaci\u00f3n en Zamora Huayco &#8211; Ecuador\"><a target=\"_self\" title=\"Fundaci\u00f3n en Zamora Huayco &#8211; Ecuador\" href=\"https:\/\/nuestrocarisma.org\/index.php\/timeline\/fundacion-en-ecuador\/\" class=\"story-link\">Fundaci\u00f3n en Zamora Huayco &#8211; Ecuador<\/a><\/div><!-- Story Media --><div class=\"ctl-media full\"><a data-glightbox=\"Fundaci\u00f3n en Zamora Huayco &#8211; Ecuador\" href=\"https:\/\/nuestrocarisma.org\/wp-content\/uploads\/2021\/05\/1998-6.jpg\" class=\"ctl_glightbox\"><img loading=\"lazy\" decoding=\"async\" width=\"720\" height=\"480\" src=\"https:\/\/nuestrocarisma.org\/wp-content\/uploads\/2021\/05\/1998-6.jpg\" class=\"story-img wp-post-image\" alt=\"Fundaci\u00f3n en Zamora Huayco &#8211; Ecuador\" srcset=\"https:\/\/nuestrocarisma.org\/wp-content\/uploads\/2021\/05\/1998-6.jpg 720w, https:\/\/nuestrocarisma.org\/wp-content\/uploads\/2021\/05\/1998-6-300x200.jpg 300w\" sizes=\"(max-width: 720px) 100vw, 720px\" \/><\/a><\/div><!-- Story Description --><div class=\"ctl-description\"><p>Fundaci\u00f3n en Ecuador, para la atenci\u00f3n de la Parroquia \u201cNuestra Se\u00f1ora del Rosario\u201d de Zamora Huayco, di\u00f3cesis de Loja<\/p>\n<\/div><\/div><\/div><!-- Timeline Content --><div id=\"ctl-story-3442\" class=\"ctl-story ctl-story-icon even ctl-story-left\" data-story-index=\"98\" role=\"article\"><!-- Story Date --><div class=\"ctl-labels\"><div class=\"ctl-label-big story-date\">05\/06\/1998<\/div><\/div><!-- Story Icon --><div class=\"ctl-icon\"><i class=\"fa fa-clock-o\" aria-hidden=\"true\"><\/i><\/div> <!-- Story Arrow --><div class=\"ctl-arrow\"><\/div>\r\n\t\t\t<!-- Story Content --><div class=\"ctl-content\"><!-- Story Title --><div class=\"ctl-title story-3442\" aria-label=\"Fundaci\u00f3n en Gualel &#8211; Ecuador\"><a target=\"_self\" title=\"Fundaci\u00f3n en Gualel &#8211; Ecuador\" href=\"https:\/\/nuestrocarisma.org\/index.php\/timeline\/fundacion-en-loja-ecuador\/\" class=\"story-link\">Fundaci\u00f3n en Gualel &#8211; Ecuador<\/a><\/div><!-- Story Media --><div class=\"ctl-media full\"><a data-glightbox=\"Fundaci\u00f3n en Gualel &#8211; Ecuador\" href=\"https:\/\/nuestrocarisma.org\/wp-content\/uploads\/2021\/05\/76.jpg\" class=\"ctl_glightbox\"><img loading=\"lazy\" decoding=\"async\" width=\"720\" height=\"480\" src=\"https:\/\/nuestrocarisma.org\/wp-content\/uploads\/2021\/05\/76.jpg\" class=\"story-img wp-post-image\" alt=\"Fundaci\u00f3n en Gualel &#8211; Ecuador\" srcset=\"https:\/\/nuestrocarisma.org\/wp-content\/uploads\/2021\/05\/76.jpg 720w, https:\/\/nuestrocarisma.org\/wp-content\/uploads\/2021\/05\/76-300x200.jpg 300w\" sizes=\"(max-width: 720px) 100vw, 720px\" \/><\/a><\/div><!-- Story Description --><div class=\"ctl-description\"><p>Fundaci\u00f3n en Gualel, di\u00f3cesis de Loja, Ecuador, para atender la Parroquia \u201cNuestra Se\u00f1ora del Rosario\u201d<\/p>\n<\/div><\/div><\/div><!-- Timeline Content --><div id=\"ctl-story-3444\" class=\"ctl-story ctl-story-icon odd ctl-story-right\" data-story-index=\"99\" role=\"article\"><!-- Story Date --><div class=\"ctl-labels\"><div class=\"ctl-label-big story-date\">11\/07\/1998<\/div><\/div><!-- Story Icon --><div class=\"ctl-icon\"><i class=\"fa fa-clock-o\" aria-hidden=\"true\"><\/i><\/div> <!-- Story Arrow --><div class=\"ctl-arrow\"><\/div>\r\n\t\t\t<!-- Story Content --><div class=\"ctl-content\"><!-- Story Title --><div class=\"ctl-title story-3444\" aria-label=\"Parroquia en Toronto &#8211; Canad\u00e1\"><a target=\"_self\" title=\"Parroquia en Toronto &#8211; Canad\u00e1\" href=\"https:\/\/nuestrocarisma.org\/index.php\/timeline\/fundacion-en-toronto-canada\/\" class=\"story-link\">Parroquia en Toronto &#8211; Canad\u00e1<\/a><\/div><!-- Story Media --><div class=\"ctl-media full\"><a data-glightbox=\"Parroquia en Toronto &#8211; Canad\u00e1\" href=\"https:\/\/nuestrocarisma.org\/wp-content\/uploads\/2021\/05\/1998-8.jpg\" class=\"ctl_glightbox\"><img loading=\"lazy\" decoding=\"async\" width=\"720\" height=\"480\" src=\"https:\/\/nuestrocarisma.org\/wp-content\/uploads\/2021\/05\/1998-8.jpg\" class=\"story-img wp-post-image\" alt=\"Parroquia en Toronto &#8211; Canad\u00e1\" srcset=\"https:\/\/nuestrocarisma.org\/wp-content\/uploads\/2021\/05\/1998-8.jpg 720w, https:\/\/nuestrocarisma.org\/wp-content\/uploads\/2021\/05\/1998-8-300x200.jpg 300w\" sizes=\"(max-width: 720px) 100vw, 720px\" \/><\/a><\/div><!-- Story Description --><div class=\"ctl-description\"><p>Se asume la Parroquia \u201cSan Agust\u00edn de Canterbury\u201d en Toronto, Canad\u00e1<\/p>\n<\/div><\/div><\/div><!-- Timeline Content --><div id=\"ctl-story-3445\" class=\"ctl-story ctl-story-icon even ctl-story-left\" data-story-index=\"100\" role=\"article\"><!-- Story Date --><div class=\"ctl-labels\"><div class=\"ctl-label-big story-date\">01\/08\/1998<\/div><\/div><!-- Story Icon --><div class=\"ctl-icon\"><i class=\"fa fa-clock-o\" aria-hidden=\"true\"><\/i><\/div> <!-- Story Arrow --><div class=\"ctl-arrow\"><\/div>\r\n\t\t\t<!-- Story Content --><div class=\"ctl-content\"><!-- Story Title --><div class=\"ctl-title story-3445\" aria-label=\"Seminario Diocesano en Vanimo &#8211; PNG\"><a target=\"_self\" title=\"Seminario Diocesano en Vanimo &#8211; PNG\" href=\"https:\/\/nuestrocarisma.org\/index.php\/timeline\/seminario-diocesano-en-vanimo-papua-nueva-guinea\/\" class=\"story-link\">Seminario Diocesano en Vanimo &#8211; PNG<\/a><\/div><!-- Story Media --><div class=\"ctl-media full\"><a data-glightbox=\"Seminario Diocesano en Vanimo &#8211; PNG\" href=\"https:\/\/nuestrocarisma.org\/wp-content\/uploads\/2021\/05\/77.jpg\" class=\"ctl_glightbox\"><img loading=\"lazy\" decoding=\"async\" width=\"720\" height=\"480\" src=\"https:\/\/nuestrocarisma.org\/wp-content\/uploads\/2021\/05\/77.jpg\" class=\"story-img wp-post-image\" alt=\"Seminario Diocesano en Vanimo &#8211; PNG\" srcset=\"https:\/\/nuestrocarisma.org\/wp-content\/uploads\/2021\/05\/77.jpg 720w, https:\/\/nuestrocarisma.org\/wp-content\/uploads\/2021\/05\/77-300x200.jpg 300w\" sizes=\"(max-width: 720px) 100vw, 720px\" \/><\/a><\/div><!-- Story Description --><div class=\"ctl-description\"><p>Se funda el Seminario Diocesano en Vanimo, Pap\u00faa Nueva Guinea y es confiado a los Padres del IVE<\/p>\n<\/div><\/div><\/div>\t\t\t\t\t<\/div>\r\n\t\t\t\t\t<div class=\"ctl-end\"><\/div>\r\n\t\t\t\t\t<nav class=\"ctl-pagination\" aria-label=\"Timeline Navigation\"><span class=\"page-numbers ctl-page-num\" role=\"status\">P\u00e1gina1de4<\/span> <span aria-current=\"page\" class=\"page-numbers current\">1<\/span>\n<a class=\"page-numbers\" href=\"https:\/\/nuestrocarisma.org\/index.php\/wp-json\/wp\/v2\/pages\/2995\/page\/2\/\">2<\/a>\n<span class=\"page-numbers dots\">&hellip;<\/span>\n<a class=\"page-numbers\" href=\"https:\/\/nuestrocarisma.org\/index.php\/wp-json\/wp\/v2\/pages\/2995\/page\/4\/\">4<\/a>\n<a class=\"next page-numbers\" href=\"https:\/\/nuestrocarisma.org\/index.php\/wp-json\/wp\/v2\/pages\/2995\/page\/2\/\"><i class=\"fas fa-angle-double-right\"><\/i><\/a><\/nav>\t\t\t\t<\/div>\r\n\t\t\t<\/div>\r\n\t\t\t\t\t\t\t\t\t\t\t<\/div>\n\t\t\t\t<\/div>\n\t\t\t\t\t<\/div>\n\t\t<\/div>\n\t\t\t\t\t<\/div>\n\t\t<\/section>\n\t\t\t\t<section class=\"elementor-section elementor-top-section elementor-element elementor-element-e6d0880 elementor-section-boxed elementor-section-height-default elementor-section-height-default\" data-id=\"e6d0880\" data-element_type=\"section\" data-e-type=\"section\">\n\t\t\t\t\t\t<div class=\"elementor-container elementor-column-gap-default\">\n\t\t\t\t\t<div class=\"elementor-column elementor-col-100 elementor-top-column elementor-element elementor-element-db80039\" data-id=\"db80039\" data-element_type=\"column\" data-e-type=\"column\">\n\t\t\t<div class=\"elementor-widget-wrap elementor-element-populated\">\n\t\t\t\t\t\t<div class=\"elementor-element elementor-element-3b33080 elementor-widget elementor-widget-heading\" data-id=\"3b33080\" data-element_type=\"widget\" data-e-type=\"widget\" data-widget_type=\"heading.default\">\n\t\t\t\t<div class=\"elementor-widget-container\">\n\t\t\t\t\t<h2 class=\"elementor-heading-title elementor-size-default\">L\u00ednea de tiempo del IVE<\/h2>\t\t\t\t<\/div>\n\t\t\t\t<\/div>\n\t\t\t\t\t<\/div>\n\t\t<\/div>\n\t\t\t\t\t<\/div>\n\t\t<\/section>\n\t\t\t\t<section class=\"elementor-section elementor-top-section elementor-element elementor-element-1c8bc51 elementor-section-boxed elementor-section-height-default elementor-section-height-default\" data-id=\"1c8bc51\" data-element_type=\"section\" data-e-type=\"section\">\n\t\t\t\t\t\t<div class=\"elementor-container elementor-column-gap-default\">\n\t\t\t\t\t<div class=\"elementor-column elementor-col-100 elementor-top-column elementor-element elementor-element-3392ec4\" data-id=\"3392ec4\" data-element_type=\"column\" data-e-type=\"column\">\n\t\t\t<div class=\"elementor-widget-wrap\">\n\t\t\t\t\t\t\t<\/div>\n\t\t<\/div>\n\t\t\t\t\t<\/div>\n\t\t<\/section>\n\t\t\t\t<\/div>\n\t\t","protected":false},"excerpt":{"rendered":"<p>L\u00ednea de tiempo del IVE<\/p>\n","protected":false},"author":4,"featured_media":0,"parent":0,"menu_order":0,"comment_status":"closed","ping_status":"closed","template":"elementor_header_footer","meta":{"site-sidebar-layout":"default","site-content-layout":"default","ast-site-content-layout":"default","site-content-style":"default","site-sidebar-style":"default","ast-global-header-display":"","ast-banner-title-visibility":"","ast-main-header-display":"","ast-hfb-above-header-display":"","ast-hfb-below-header-display":"","ast-hfb-mobile-header-display":"","site-post-title":"","ast-breadcrumbs-content":"","ast-featured-img":"","footer-sml-layout":"","theme-transparent-header-meta":"default","adv-header-id-meta":"","stick-header-meta":"","header-above-stick-meta":"","header-main-stick-meta":"","header-below-stick-meta":"","astra-migrate-meta-layouts":"default","ast-page-background-enabled":"default","ast-page-background-meta":{"desktop":{"background-color":"","background-image":"","background-repeat":"repeat","background-position":"center center","background-size":"auto","background-attachment":"scroll","background-type":"","background-media":"","overlay-type":"","overlay-color":"","overlay-opacity":"","overlay-gradient":""},"tablet":{"background-color":"","background-image":"","background-repeat":"repeat","background-position":"center center","background-size":"auto","background-attachment":"scroll","background-type":"","background-media":"","overlay-type":"","overlay-color":"","overlay-opacity":"","overlay-gradient":""},"mobile":{"background-color":"","background-image":"","background-repeat":"repeat","background-position":"center center","background-size":"auto","background-attachment":"scroll","background-type":"","background-media":"","overlay-type":"","overlay-color":"","overlay-opacity":"","overlay-gradient":""}},"ast-content-background-meta":{"desktop":{"background-color":"var(--ast-global-color-5)","background-image":"","background-repeat":"repeat","background-position":"center center","background-size":"auto","background-attachment":"scroll","background-type":"","background-media":"","overlay-type":"","overlay-color":"","overlay-opacity":"","overlay-gradient":""},"tablet":{"background-color":"var(--ast-global-color-5)","background-image":"","background-repeat":"repeat","background-position":"center center","background-size":"auto","background-attachment":"scroll","background-type":"","background-media":"","overlay-type":"","overlay-color":"","overlay-opacity":"","overlay-gradient":""},"mobile":{"background-color":"var(--ast-global-color-5)","background-image":"","background-repeat":"repeat","background-position":"center center","background-size":"auto","background-attachment":"scroll","background-type":"","background-media":"","overlay-type":"","overlay-color":"","overlay-opacity":"","overlay-gradient":""}},"footnotes":""},"class_list":["post-2995","page","type-page","status-publish","hentry"],"_links":{"self":[{"href":"https:\/\/nuestrocarisma.org\/index.php\/wp-json\/wp\/v2\/pages\/2995","targetHints":{"allow":["GET"]}}],"collection":[{"href":"https:\/\/nuestrocarisma.org\/index.php\/wp-json\/wp\/v2\/pages"}],"about":[{"href":"https:\/\/nuestrocarisma.org\/index.php\/wp-json\/wp\/v2\/types\/page"}],"author":[{"embeddable":true,"href":"https:\/\/nuestrocarisma.org\/index.php\/wp-json\/wp\/v2\/users\/4"}],"replies":[{"embeddable":true,"href":"https:\/\/nuestrocarisma.org\/index.php\/wp-json\/wp\/v2\/comments?post=2995"}],"version-history":[{"count":14,"href":"https:\/\/nuestrocarisma.org\/index.php\/wp-json\/wp\/v2\/pages\/2995\/revisions"}],"predecessor-version":[{"id":5223,"href":"https:\/\/nuestrocarisma.org\/index.php\/wp-json\/wp\/v2\/pages\/2995\/revisions\/5223"}],"wp:attachment":[{"href":"https:\/\/nuestrocarisma.org\/index.php\/wp-json\/wp\/v2\/media?parent=2995"}],"curies":[{"name":"wp","href":"https:\/\/api.w.org\/{rel}","templated":true}]}}